{"id":83,"date":"2024-02-28T07:02:55","date_gmt":"2024-02-28T06:02:55","guid":{"rendered":"https:\/\/esla.crealogica.eu\/?page_id=83"},"modified":"2026-02-25T16:58:42","modified_gmt":"2026-02-25T15:58:42","slug":"esla-escales-plataformes-de-treball-i-bastides","status":"publish","type":"page","link":"https:\/\/www.esla.eu\/ca\/","title":{"rendered":"ESLA &#8211; Escales, plataformes de treball i bastides"},"content":{"rendered":"\t\t<div data-elementor-type=\"wp-page\" data-elementor-id=\"83\" class=\"elementor elementor-83 elementor-9\" data-elementor-post-type=\"page\">\n\t\t\t\t\t\t<section class=\"elementor-section elementor-top-section elementor-element elementor-element-fcd066c elementor-section-height-min-height elementor-section-content-top elementor-section-stretched elementor-section-full_width animated-slow elementor-section-height-default elementor-section-items-middle elementor-invisible\" data-id=\"fcd066c\" data-element_type=\"section\" data-e-type=\"section\" data-settings=\"{&quot;stretch_section&quot;:&quot;section-stretched&quot;,&quot;background_background&quot;:&quot;video&quot;,&quot;animation&quot;:&quot;fadeIn&quot;,&quot;animation_mobile&quot;:&quot;none&quot;,&quot;background_video_link&quot;:&quot;\\\/wp-content\\\/uploads\\\/2024\\\/04\\\/Video-portada.mp4&quot;,&quot;background_video_start&quot;:0,&quot;background_play_on_mobile&quot;:&quot;yes&quot;}\">\n\t\t\t\t\t\t\t\t<div class=\"elementor-background-video-container\">\n\t\t\t\t\t\t\t\t\t\t\t\t\t<video class=\"elementor-background-video-hosted\" role=\"presentation\" autoplay muted playsinline loop><\/video>\n\t\t\t\t\t\t\t\t\t\t\t<\/div>\n\t\t\t\t\t\t\t\t\t<div class=\"elementor-background-overlay\"><\/div>\n\t\t\t\t\t\t\t<div class=\"elementor-container elementor-column-gap-default\">\n\t\t\t\t\t<div class=\"elementor-column elementor-col-100 elementor-top-column elementor-element elementor-element-93de5fc\" data-id=\"93de5fc\" data-element_type=\"column\" data-e-type=\"column\">\n\t\t\t<div class=\"elementor-widget-wrap elementor-element-populated\">\n\t\t\t\t\t\t<section class=\"elementor-section elementor-inner-section elementor-element elementor-element-f773057 elementor-section-content-bottom elementor-section-height-min-height elementor-reverse-tablet elementor-reverse-mobile elementor-section-boxed elementor-section-height-default\" data-id=\"f773057\" data-element_type=\"section\" data-e-type=\"section\">\n\t\t\t\t\t\t<div class=\"elementor-container elementor-column-gap-no\">\n\t\t\t\t\t<div class=\"elementor-column elementor-col-50 elementor-inner-column elementor-element elementor-element-7d1763b\" data-id=\"7d1763b\" data-element_type=\"column\" data-e-type=\"column\">\n\t\t\t<div class=\"elementor-widget-wrap elementor-element-populated\">\n\t\t\t\t\t\t<div class=\"elementor-element elementor-element-0e5a8bd elementor-widget elementor-widget-heading\" data-id=\"0e5a8bd\" data-element_type=\"widget\" data-e-type=\"widget\" data-widget_type=\"heading.default\">\n\t\t\t\t<div class=\"elementor-widget-container\">\n\t\t\t\t\t<div class=\"elementor-heading-title elementor-size-default\">ESLA<br>EuropeanSpecial Ladders<\/div>\t\t\t\t<\/div>\n\t\t\t\t<\/div>\n\t\t\t\t<div class=\"elementor-element elementor-element-7624c54 elementor-widget elementor-widget-heading\" data-id=\"7624c54\" data-element_type=\"widget\" data-e-type=\"widget\" data-widget_type=\"heading.default\">\n\t\t\t\t<div class=\"elementor-widget-container\">\n\t\t\t\t\t<div class=\"elementor-heading-title elementor-size-default\">Engineering at height since 2000<\/div>\t\t\t\t<\/div>\n\t\t\t\t<\/div>\n\t\t\t\t\t<\/div>\n\t\t<\/div>\n\t\t\t\t<div class=\"elementor-column elementor-col-50 elementor-inner-column elementor-element elementor-element-6b48fdd\" data-id=\"6b48fdd\" data-element_type=\"column\" data-e-type=\"column\">\n\t\t\t<div class=\"elementor-widget-wrap\">\n\t\t\t\t\t\t\t<\/div>\n\t\t<\/div>\n\t\t\t\t\t<\/div>\n\t\t<\/section>\n\t\t\t\t\t<\/div>\n\t\t<\/div>\n\t\t\t\t\t<\/div>\n\t\t<\/section>\n\t\t\t\t<section class=\"elementor-section elementor-top-section elementor-element elementor-element-7f72cec elementor-section-boxed elementor-section-height-default elementor-section-height-default\" data-id=\"7f72cec\" data-element_type=\"section\" data-e-type=\"section\" data-settings=\"{&quot;background_background&quot;:&quot;classic&quot;}\">\n\t\t\t\t\t\t<div class=\"elementor-container elementor-column-gap-default\">\n\t\t\t\t\t<div class=\"elementor-column elementor-col-100 elementor-top-column elementor-element elementor-element-6d0094e elementor-invisible\" data-id=\"6d0094e\" data-element_type=\"column\" data-e-type=\"column\" data-settings=\"{&quot;animation&quot;:&quot;fadeInUp&quot;,&quot;animation_mobile&quot;:&quot;none&quot;}\">\n\t\t\t<div class=\"elementor-widget-wrap elementor-element-populated\">\n\t\t\t\t\t\t<div class=\"elementor-element elementor-element-2431929 elementor-widget elementor-widget-heading\" data-id=\"2431929\" data-element_type=\"widget\" data-e-type=\"widget\" data-widget_type=\"heading.default\">\n\t\t\t\t<div class=\"elementor-widget-container\">\n\t\t\t\t\t<h1 class=\"elementor-heading-title elementor-size-default\">Les nostres escales, plataformes i bastides<\/h1>\t\t\t\t<\/div>\n\t\t\t\t<\/div>\n\t\t\t\t<div class=\"elementor-element elementor-element-8d1921e elementor-widget elementor-widget-text-editor\" data-id=\"8d1921e\" data-element_type=\"widget\" data-e-type=\"widget\" data-widget_type=\"text-editor.default\">\n\t\t\t\t<div class=\"elementor-widget-container\">\n\t\t\t\t\t\t\t\t\t<p>Dissenyem, normalitzem i fabriquem escales, plataformes de treball i bastides m\u00f2bils, en alumini i altres materials. Desenvolupem projectes a mida per a tot tipus de sectors industrials, com ara el ferroviari, l&#8217;aeron\u00e0utic, les energies renovables o els fabricants de maquin\u00e0ria.<\/p>\n\t\t\t\t\t\t\t\t<\/div>\n\t\t\t\t<\/div>\n\t\t\t\t<div class=\"elementor-element elementor-element-1ecb863 elementor-widget-divider--view-line elementor-widget elementor-widget-divider\" data-id=\"1ecb863\" data-element_type=\"widget\" data-e-type=\"widget\" data-widget_type=\"divider.default\">\n\t\t\t\t<div class=\"elementor-widget-container\">\n\t\t\t\t\t\t\t<div class=\"elementor-divider\">\n\t\t\t<span class=\"elementor-divider-separator\">\n\t\t\t\t\t\t<\/span>\n\t\t<\/div>\n\t\t\t\t\t\t<\/div>\n\t\t\t\t<\/div>\n\t\t\t\t<div class=\"elementor-element elementor-element-5274e92 elementor-widget elementor-widget-shortcode\" data-id=\"5274e92\" data-element_type=\"widget\" data-e-type=\"widget\" data-widget_type=\"shortcode.default\">\n\t\t\t\t<div class=\"elementor-widget-container\">\n\t\t\t\t\t\t\t<div class=\"elementor-shortcode\"><div class=\"woocommerce columns-4\"><ul class=\"products columns-4\">\n<li class=\"product-category product first\">\n\t<a aria-label=\"Visiteu la categoria de producte Escales amb Plataforma\" href=\"https:\/\/www.esla.eu\/ca\/producte\/escales-amb-plataforma\/\"><img fetchpriority=\"high\" decoding=\"async\" src=\"https:\/\/www.esla.eu\/wp-content\/uploads\/2024\/03\/Escaleras-con-platafroma-1-300x300.png\" alt=\"Escales amb Plataforma\" width=\"300\" height=\"300\" srcset=\"https:\/\/www.esla.eu\/wp-content\/uploads\/2024\/03\/Escaleras-con-platafroma-1-300x300.png 300w, https:\/\/www.esla.eu\/wp-content\/uploads\/2024\/03\/Escaleras-con-platafroma-1-150x150.png 150w, https:\/\/www.esla.eu\/wp-content\/uploads\/2024\/03\/Escaleras-con-platafroma-1-100x100.png 100w, https:\/\/www.esla.eu\/wp-content\/uploads\/2024\/03\/Escaleras-con-platafroma-1.png 500w\" sizes=\"(max-width: 300px) 100vw, 300px\" \/>\t\t<h2 class=\"woocommerce-loop-category__title\">\n\t\t\tEscales amb Plataforma <mark class=\"count\">(10)<\/mark>\t\t<\/h2>\n\t\t<\/a><\/li>\n<li class=\"product-category product\">\n\t<a aria-label=\"Visiteu la categoria de producte Escales Port\u00e0tils\" href=\"https:\/\/www.esla.eu\/ca\/producte\/escales-portatils\/\"><img decoding=\"async\" src=\"https:\/\/www.esla.eu\/wp-content\/uploads\/2026\/01\/nuevaportat-300x300.webp\" alt=\"Escales Port\u00e0tils\" width=\"300\" height=\"300\" srcset=\"https:\/\/www.esla.eu\/wp-content\/uploads\/2026\/01\/nuevaportat-300x300.webp 300w, https:\/\/www.esla.eu\/wp-content\/uploads\/2026\/01\/nuevaportat-600x600.webp 600w, https:\/\/www.esla.eu\/wp-content\/uploads\/2026\/01\/nuevaportat-100x100.webp 100w, https:\/\/www.esla.eu\/wp-content\/uploads\/2026\/01\/nuevaportat-150x150.webp 150w, https:\/\/www.esla.eu\/wp-content\/uploads\/2026\/01\/nuevaportat-768x768.webp 768w, https:\/\/www.esla.eu\/wp-content\/uploads\/2026\/01\/nuevaportat-1024x1024.webp 1024w\" sizes=\"(max-width: 300px) 100vw, 300px\" \/>\t\t<h2 class=\"woocommerce-loop-category__title\">\n\t\t\tEscales Port\u00e0tils <mark class=\"count\">(43)<\/mark>\t\t<\/h2>\n\t\t<\/a><\/li>\n<li class=\"product-category product\">\n\t<a aria-label=\"Visiteu la categoria de producte Escales Verticals\" href=\"https:\/\/www.esla.eu\/ca\/producte\/escales-verticals\/\"><img decoding=\"async\" src=\"https:\/\/www.esla.eu\/wp-content\/uploads\/2026\/01\/catvertic-600x600-1-300x300.webp\" alt=\"Escales Verticals\" width=\"300\" height=\"300\" srcset=\"https:\/\/www.esla.eu\/wp-content\/uploads\/2026\/01\/catvertic-600x600-1-300x300.webp 300w, https:\/\/www.esla.eu\/wp-content\/uploads\/2026\/01\/catvertic-600x600-1-100x100.webp 100w, https:\/\/www.esla.eu\/wp-content\/uploads\/2026\/01\/catvertic-600x600-1-150x150.webp 150w, https:\/\/www.esla.eu\/wp-content\/uploads\/2026\/01\/catvertic-600x600-1-768x768.webp 768w, https:\/\/www.esla.eu\/wp-content\/uploads\/2026\/01\/catvertic-600x600-1-1024x1024.webp 1024w\" sizes=\"(max-width: 300px) 100vw, 300px\" \/>\t\t<h2 class=\"woocommerce-loop-category__title\">\n\t\t\tEscales Verticals <mark class=\"count\">(1)<\/mark>\t\t<\/h2>\n\t\t<\/a><\/li>\n<li class=\"product-category product last\">\n\t<a aria-label=\"Visiteu la categoria de producte Bastides M\u00f2bils\" href=\"https:\/\/www.esla.eu\/ca\/producte\/bastides-mobils\/\"><img loading=\"lazy\" decoding=\"async\" src=\"https:\/\/www.esla.eu\/wp-content\/uploads\/2026\/01\/general-1-300x300.png\" alt=\"Bastides M\u00f2bils\" width=\"300\" height=\"300\" srcset=\"https:\/\/www.esla.eu\/wp-content\/uploads\/2026\/01\/general-1-300x300.png 300w, https:\/\/www.esla.eu\/wp-content\/uploads\/2026\/01\/general-1-600x600.png 600w, https:\/\/www.esla.eu\/wp-content\/uploads\/2026\/01\/general-1-100x100.png 100w, https:\/\/www.esla.eu\/wp-content\/uploads\/2026\/01\/general-1-150x150.png 150w, https:\/\/www.esla.eu\/wp-content\/uploads\/2026\/01\/general-1-768x768.png 768w, https:\/\/www.esla.eu\/wp-content\/uploads\/2026\/01\/general-1-1024x1024.png 1024w\" sizes=\"(max-width: 300px) 100vw, 300px\" \/>\t\t<h2 class=\"woocommerce-loop-category__title\">\n\t\t\tBastides M\u00f2bils <mark class=\"count\">(15)<\/mark>\t\t<\/h2>\n\t\t<\/a><\/li>\n<li class=\"product-category product first\">\n\t<a aria-label=\"Visiteu la categoria de producte Plataformes de manteniment Regulables a Al\u00e7ada\" href=\"https:\/\/www.esla.eu\/ca\/producte\/plataformes-elevables\/\"><img loading=\"lazy\" decoding=\"async\" src=\"https:\/\/www.esla.eu\/wp-content\/uploads\/2026\/01\/nuevaleva-300x300.webp\" alt=\"Plataformes de manteniment Regulables a Al\u00e7ada\" width=\"300\" height=\"300\" srcset=\"https:\/\/www.esla.eu\/wp-content\/uploads\/2026\/01\/nuevaleva-300x300.webp 300w, https:\/\/www.esla.eu\/wp-content\/uploads\/2026\/01\/nuevaleva-600x600.webp 600w, https:\/\/www.esla.eu\/wp-content\/uploads\/2026\/01\/nuevaleva-100x100.webp 100w, https:\/\/www.esla.eu\/wp-content\/uploads\/2026\/01\/nuevaleva-150x150.webp 150w, https:\/\/www.esla.eu\/wp-content\/uploads\/2026\/01\/nuevaleva-768x768.webp 768w, https:\/\/www.esla.eu\/wp-content\/uploads\/2026\/01\/nuevaleva-1024x1024.webp 1024w\" sizes=\"(max-width: 300px) 100vw, 300px\" \/>\t\t<h2 class=\"woocommerce-loop-category__title\">\n\t\t\tPlataformes de manteniment Regulables a Al\u00e7ada <mark class=\"count\">(14)<\/mark>\t\t<\/h2>\n\t\t<\/a><\/li>\n<li class=\"product-category product\">\n\t<a aria-label=\"Visiteu la categoria de producte Solucions especials\" href=\"https:\/\/www.esla.eu\/ca\/producte\/solucions-especials\/\"><img loading=\"lazy\" decoding=\"async\" src=\"https:\/\/www.esla.eu\/wp-content\/uploads\/2026\/01\/2001559-neutre-150x150-1-300x300.webp\" alt=\"Solucions especials\" width=\"300\" height=\"300\" srcset=\"https:\/\/www.esla.eu\/wp-content\/uploads\/2026\/01\/2001559-neutre-150x150-1-300x300.webp 300w, https:\/\/www.esla.eu\/wp-content\/uploads\/2026\/01\/2001559-neutre-150x150-1-600x600.webp 600w, https:\/\/www.esla.eu\/wp-content\/uploads\/2026\/01\/2001559-neutre-150x150-1-100x100.webp 100w, https:\/\/www.esla.eu\/wp-content\/uploads\/2026\/01\/2001559-neutre-150x150-1-768x768.webp 768w, https:\/\/www.esla.eu\/wp-content\/uploads\/2026\/01\/2001559-neutre-150x150-1-1024x1024.webp 1024w\" sizes=\"(max-width: 300px) 100vw, 300px\" \/>\t\t<h2 class=\"woocommerce-loop-category__title\">\n\t\t\tSolucions especials <mark class=\"count\">(61)<\/mark>\t\t<\/h2>\n\t\t<\/a><\/li>\n<li class=\"product-category product\">\n\t<a aria-label=\"Visiteu la categoria de producte Accessoris\" href=\"https:\/\/www.esla.eu\/ca\/producte\/accessoris\/\"><img loading=\"lazy\" decoding=\"async\" src=\"https:\/\/www.esla.eu\/wp-content\/uploads\/2026\/01\/A18010000-150x150-1-300x300.webp\" alt=\"Accessoris\" width=\"300\" height=\"300\" srcset=\"https:\/\/www.esla.eu\/wp-content\/uploads\/2026\/01\/A18010000-150x150-1-300x300.webp 300w, https:\/\/www.esla.eu\/wp-content\/uploads\/2026\/01\/A18010000-150x150-1-600x600.webp 600w, https:\/\/www.esla.eu\/wp-content\/uploads\/2026\/01\/A18010000-150x150-1-100x100.webp 100w, https:\/\/www.esla.eu\/wp-content\/uploads\/2026\/01\/A18010000-150x150-1-768x768.webp 768w, https:\/\/www.esla.eu\/wp-content\/uploads\/2026\/01\/A18010000-150x150-1-1024x1024.webp 1024w\" sizes=\"(max-width: 300px) 100vw, 300px\" \/>\t\t<h2 class=\"woocommerce-loop-category__title\">\n\t\t\tAccessoris <mark class=\"count\">(53)<\/mark>\t\t<\/h2>\n\t\t<\/a><\/li>\n<\/ul>\n<\/div><\/div>\n\t\t\t\t\t\t<\/div>\n\t\t\t\t<\/div>\n\t\t\t\t\t<\/div>\n\t\t<\/div>\n\t\t\t\t\t<\/div>\n\t\t<\/section>\n\t\t\t\t<section class=\"elementor-section elementor-top-section elementor-element elementor-element-f5b7f2d elementor-section-boxed elementor-section-height-default elementor-section-height-default\" data-id=\"f5b7f2d\" data-element_type=\"section\" data-e-type=\"section\" data-settings=\"{&quot;background_background&quot;:&quot;classic&quot;}\">\n\t\t\t\t\t\t<div class=\"elementor-container elementor-column-gap-default\">\n\t\t\t\t\t<div class=\"elementor-column elementor-col-100 elementor-top-column elementor-element elementor-element-a7e0729 animated-slow elementor-invisible\" data-id=\"a7e0729\" data-element_type=\"column\" data-e-type=\"column\" data-settings=\"{&quot;animation&quot;:&quot;fadeIn&quot;,&quot;animation_mobile&quot;:&quot;none&quot;}\">\n\t\t\t<div class=\"elementor-widget-wrap elementor-element-populated\">\n\t\t\t\t\t\t<div class=\"elementor-element elementor-element-5324380 elementor-widget elementor-widget-heading\" data-id=\"5324380\" data-element_type=\"widget\" data-e-type=\"widget\" data-widget_type=\"heading.default\">\n\t\t\t\t<div class=\"elementor-widget-container\">\n\t\t\t\t\t<h2 class=\"elementor-heading-title elementor-size-default\">Sectors<\/h2>\t\t\t\t<\/div>\n\t\t\t\t<\/div>\n\t\t\t\t<div class=\"elementor-element elementor-element-2976f4e elementor-widget elementor-widget-text-editor\" data-id=\"2976f4e\" data-element_type=\"widget\" data-e-type=\"widget\" data-widget_type=\"text-editor.default\">\n\t\t\t\t<div class=\"elementor-widget-container\">\n\t\t\t\t\t\t\t\t\t<p>A ESLA desenvolupem projectes a mida per a tot tipus de sectors industrials<\/p>\n\t\t\t\t\t\t\t\t<\/div>\n\t\t\t\t<\/div>\n\t\t\t\t<div class=\"elementor-element elementor-element-59e0435 elementor-widget-divider--view-line elementor-widget elementor-widget-divider\" data-id=\"59e0435\" data-element_type=\"widget\" data-e-type=\"widget\" data-widget_type=\"divider.default\">\n\t\t\t\t<div class=\"elementor-widget-container\">\n\t\t\t\t\t\t\t<div class=\"elementor-divider\">\n\t\t\t<span class=\"elementor-divider-separator\">\n\t\t\t\t\t\t<\/span>\n\t\t<\/div>\n\t\t\t\t\t\t<\/div>\n\t\t\t\t<\/div>\n\t\t\t\t<div class=\"elementor-element elementor-element-cdc11f8 title_hover_border_enable title-two-line img_hover_animation_img_zoom_in title-alignment-center title_position_default grid-hover-overlay-type-always tpg-el-box-border-enable tpg-border-bottom-disable elementor-widget elementor-widget-tpg-grid-layout\" data-id=\"cdc11f8\" data-element_type=\"widget\" data-e-type=\"widget\" data-widget_type=\"tpg-grid-layout.default\">\n\t\t\t\t<div class=\"elementor-widget-container\">\n\t\t\t\t\t\t\t<div class=\"rt-container-fluid rt-tpg-container tpg-el-main-wrapper clearfix grid-layout1-main \"\n\t\t\t id=\"rt-tpg-container-1796729108\"\n\t\t\t data-layout=\"grid-layout1\"\n\t\t\t data-grid-style=\"tpg-full-height\"\n\t\t\t data-sc-id=\"elementor\"\n\t\t\t data-el-settings=''\n\t\t\t data-el-query=''\n\t\t\t data-el-path=''\n\t\t>\n\t\t\t\t\t\t\t<div id=\"bottom-script-loader\" class=\"bottom-script-loader\">\n\t\t\t\t\t<div class=\"rt-ball-clip-rotate\">\n\t\t\t\t\t\t<div><\/div>\n\t\t\t\t\t<\/div>\n\t\t\t\t<\/div>\n\t\t\t\t\t\t\t<div class='tpg-header-wrapper '>\n\t\t\t\t\t\t\t<\/div>\n\n\t\t\t<div data-title=\"Loading ...\" class=\"rt-row rt-content-loader grid-layout1 grid-behaviour tpg-full-height grid_layout_wrapper\">\n\t\t\t\t<div class=\"rt-col-md-4 rt-col-sm-6 rt-col-xs-12 img_zoom_in rt-grid-item post-6598 page type-page status-publish has-post-thumbnail hentry\"        data-id=\"6598\">\n    <div class=\"rt-holder tpg-post-holder \">\n        <div class=\"rt-detail rt-el-content-wrapper\">\n\t\t\t                <div class=\"rt-img-holder tpg-el-image-wrap has-thumbnail\">\n\t\t\t\t\t<a data-id=\"6598\" href=\"https:\/\/www.esla.eu\/ca\/sectors\/industria-en-general\/\" class=\"tpg-post-link\" target=\"_self\">                        <img loading=\"lazy\" decoding=\"async\" src=\"https:\/\/www.esla.eu\/wp-content\/uploads\/2024\/03\/IMG_1223.png\"\n                             class=\"rt-img-responsive\"\n                             width=\"1080\"\n                             height=\"1080\"\n                             alt=\"Ind\u00fastria en general\">\n                        \n                            \n        <\/a>\n                <div class=\"overlay grid-hover-content\"><\/div>\n                        <\/div>\n\t\t\t\n\t\t\t<div class=\"entry-title-wrapper\"><h3 class=\"entry-title\"><a data-id=\"6598\" href=\"https:\/\/www.esla.eu\/ca\/sectors\/industria-en-general\/\" class=\"tpg-post-link\" target=\"_self\">Ind\u00fastria en general<\/a><\/h3><\/div>\n\t\t\t\n\n\t\t\t\n\t\t\t        <\/div>\n    <\/div>\n<\/div>\n<div class=\"rt-col-md-4 rt-col-sm-6 rt-col-xs-12 img_zoom_in rt-grid-item post-6600 page type-page status-publish has-post-thumbnail hentry\"        data-id=\"6600\">\n    <div class=\"rt-holder tpg-post-holder \">\n        <div class=\"rt-detail rt-el-content-wrapper\">\n\t\t\t                <div class=\"rt-img-holder tpg-el-image-wrap has-thumbnail\">\n\t\t\t\t\t<a data-id=\"6600\" href=\"https:\/\/www.esla.eu\/ca\/sectors\/sector-aeronautic\/\" class=\"tpg-post-link\" target=\"_self\">                        <img loading=\"lazy\" decoding=\"async\" src=\"https:\/\/www.esla.eu\/wp-content\/uploads\/2024\/03\/desrtAeronautic.png\"\n                             class=\"rt-img-responsive\"\n                             width=\"768\"\n                             height=\"768\"\n                             alt=\"Sector Aeron\u00e0utic\">\n                        \n                            \n        <\/a>\n                <div class=\"overlay grid-hover-content\"><\/div>\n                        <\/div>\n\t\t\t\n\t\t\t<div class=\"entry-title-wrapper\"><h3 class=\"entry-title\"><a data-id=\"6600\" href=\"https:\/\/www.esla.eu\/ca\/sectors\/sector-aeronautic\/\" class=\"tpg-post-link\" target=\"_self\">Sector Aeron\u00e0utic<\/a><\/h3><\/div>\n\t\t\t\n\n\t\t\t\n\t\t\t        <\/div>\n    <\/div>\n<\/div>\n<div class=\"rt-col-md-4 rt-col-sm-6 rt-col-xs-12 img_zoom_in rt-grid-item post-6602 page type-page status-publish has-post-thumbnail hentry\"        data-id=\"6602\">\n    <div class=\"rt-holder tpg-post-holder \">\n        <div class=\"rt-detail rt-el-content-wrapper\">\n\t\t\t                <div class=\"rt-img-holder tpg-el-image-wrap has-thumbnail\">\n\t\t\t\t\t<a data-id=\"6602\" href=\"https:\/\/www.esla.eu\/ca\/sectors\/sector-fabricants-maquinaria\/\" class=\"tpg-post-link\" target=\"_self\">                        <img loading=\"lazy\" decoding=\"async\" src=\"https:\/\/www.esla.eu\/wp-content\/uploads\/2024\/03\/destFabricant-Maquinaria.png\"\n                             class=\"rt-img-responsive\"\n                             width=\"509\"\n                             height=\"509\"\n                             alt=\"Sector Fabricants Maquin\u00e0ria\">\n                        \n                            \n        <\/a>\n                <div class=\"overlay grid-hover-content\"><\/div>\n                        <\/div>\n\t\t\t\n\t\t\t<div class=\"entry-title-wrapper\"><h3 class=\"entry-title\"><a data-id=\"6602\" href=\"https:\/\/www.esla.eu\/ca\/sectors\/sector-fabricants-maquinaria\/\" class=\"tpg-post-link\" target=\"_self\">Sector Fabricants Maquin\u00e0ria<\/a><\/h3><\/div>\n\t\t\t\n\n\t\t\t\n\t\t\t        <\/div>\n    <\/div>\n<\/div>\n<div class=\"rt-col-md-4 rt-col-sm-6 rt-col-xs-12 img_zoom_in rt-grid-item post-6604 page type-page status-publish has-post-thumbnail hentry\"        data-id=\"6604\">\n    <div class=\"rt-holder tpg-post-holder \">\n        <div class=\"rt-detail rt-el-content-wrapper\">\n\t\t\t                <div class=\"rt-img-holder tpg-el-image-wrap has-thumbnail\">\n\t\t\t\t\t<a data-id=\"6604\" href=\"https:\/\/www.esla.eu\/ca\/sectors\/sector-ferroviari\/\" class=\"tpg-post-link\" target=\"_self\">                        <img loading=\"lazy\" decoding=\"async\" src=\"https:\/\/www.esla.eu\/wp-content\/uploads\/2024\/03\/0-2001374.png\"\n                             class=\"rt-img-responsive\"\n                             width=\"1728\"\n                             height=\"1728\"\n                             alt=\"Sector Ferroviari\">\n                        \n                            \n        <\/a>\n                <div class=\"overlay grid-hover-content\"><\/div>\n                        <\/div>\n\t\t\t\n\t\t\t<div class=\"entry-title-wrapper\"><h3 class=\"entry-title\"><a data-id=\"6604\" href=\"https:\/\/www.esla.eu\/ca\/sectors\/sector-ferroviari\/\" class=\"tpg-post-link\" target=\"_self\">Sector Ferroviari<\/a><\/h3><\/div>\n\t\t\t\n\n\t\t\t\n\t\t\t        <\/div>\n    <\/div>\n<\/div>\n<div class=\"rt-col-md-4 rt-col-sm-6 rt-col-xs-12 img_zoom_in rt-grid-item post-11835 page type-page status-publish has-post-thumbnail hentry\"        data-id=\"11835\">\n    <div class=\"rt-holder tpg-post-holder \">\n        <div class=\"rt-detail rt-el-content-wrapper\">\n\t\t\t                <div class=\"rt-img-holder tpg-el-image-wrap has-thumbnail\">\n\t\t\t\t\t<a data-id=\"11835\" href=\"https:\/\/www.esla.eu\/ca\/sectors\/sector-logistic\/\" class=\"tpg-post-link\" target=\"_self\">                        <img loading=\"lazy\" decoding=\"async\" src=\"https:\/\/www.esla.eu\/wp-content\/uploads\/2024\/03\/DestLogistic.png\"\n                             class=\"rt-img-responsive\"\n                             width=\"784\"\n                             height=\"784\"\n                             alt=\"Sector Log\u00edstic\">\n                        \n                            \n        <\/a>\n                <div class=\"overlay grid-hover-content\"><\/div>\n                        <\/div>\n\t\t\t\n\t\t\t<div class=\"entry-title-wrapper\"><h3 class=\"entry-title\"><a data-id=\"11835\" href=\"https:\/\/www.esla.eu\/ca\/sectors\/sector-logistic\/\" class=\"tpg-post-link\" target=\"_self\">Sector Log\u00edstic<\/a><\/h3><\/div>\n\t\t\t\n\n\t\t\t\n\t\t\t        <\/div>\n    <\/div>\n<\/div>\n<div class=\"rt-col-md-4 rt-col-sm-6 rt-col-xs-12 img_zoom_in rt-grid-item post-6608 page type-page status-publish has-post-thumbnail hentry\"        data-id=\"6608\">\n    <div class=\"rt-holder tpg-post-holder \">\n        <div class=\"rt-detail rt-el-content-wrapper\">\n\t\t\t                <div class=\"rt-img-holder tpg-el-image-wrap has-thumbnail\">\n\t\t\t\t\t<a data-id=\"6608\" href=\"https:\/\/www.esla.eu\/ca\/sectors\/sector-transport\/\" class=\"tpg-post-link\" target=\"_self\">                        <img loading=\"lazy\" decoding=\"async\" src=\"https:\/\/www.esla.eu\/wp-content\/uploads\/2024\/03\/destTRansport.png\"\n                             class=\"rt-img-responsive\"\n                             width=\"1080\"\n                             height=\"1080\"\n                             alt=\"Sector Transport\">\n                        \n                            \n        <\/a>\n                <div class=\"overlay grid-hover-content\"><\/div>\n                        <\/div>\n\t\t\t\n\t\t\t<div class=\"entry-title-wrapper\"><h3 class=\"entry-title\"><a data-id=\"6608\" href=\"https:\/\/www.esla.eu\/ca\/sectors\/sector-transport\/\" class=\"tpg-post-link\" target=\"_self\">Sector Transport<\/a><\/h3><\/div>\n\t\t\t\n\n\t\t\t\n\t\t\t        <\/div>\n    <\/div>\n<\/div>\n\t\t\t<\/div>\n\t\t\t\n\t\t<\/div>\n\t\t\t\t\t\t<\/div>\n\t\t\t\t<\/div>\n\t\t\t\t\t<\/div>\n\t\t<\/div>\n\t\t\t\t\t<\/div>\n\t\t<\/section>\n\t\t\t\t<section class=\"elementor-section elementor-top-section elementor-element elementor-element-67152c8 elementor-section-boxed elementor-section-height-default elementor-section-height-default\" data-id=\"67152c8\" data-element_type=\"section\" data-e-type=\"section\" data-settings=\"{&quot;background_background&quot;:&quot;classic&quot;}\">\n\t\t\t\t\t\t<div class=\"elementor-container elementor-column-gap-default\">\n\t\t\t\t\t<div class=\"elementor-column elementor-col-100 elementor-top-column elementor-element elementor-element-cbf5265 animated-slow elementor-invisible\" data-id=\"cbf5265\" data-element_type=\"column\" data-e-type=\"column\" data-settings=\"{&quot;animation&quot;:&quot;fadeIn&quot;,&quot;animation_mobile&quot;:&quot;none&quot;}\">\n\t\t\t<div class=\"elementor-widget-wrap elementor-element-populated\">\n\t\t\t\t\t\t<div class=\"elementor-element elementor-element-040cbd5 elementor-widget elementor-widget-heading\" data-id=\"040cbd5\" data-element_type=\"widget\" data-e-type=\"widget\" data-widget_type=\"heading.default\">\n\t\t\t\t<div class=\"elementor-widget-container\">\n\t\t\t\t\t<h2 class=\"elementor-heading-title elementor-size-default\">Projectes<\/h2>\t\t\t\t<\/div>\n\t\t\t\t<\/div>\n\t\t\t\t<div class=\"elementor-element elementor-element-4d3f130 elementor-widget elementor-widget-text-editor\" data-id=\"4d3f130\" data-element_type=\"widget\" data-e-type=\"widget\" data-widget_type=\"text-editor.default\">\n\t\t\t\t<div class=\"elementor-widget-container\">\n\t\t\t\t\t\t\t\t\t<p>Exemples de projectes a mida<\/p>\n\t\t\t\t\t\t\t\t<\/div>\n\t\t\t\t<\/div>\n\t\t\t\t<div class=\"elementor-element elementor-element-d533d13 elementor-widget-divider--view-line elementor-widget elementor-widget-divider\" data-id=\"d533d13\" data-element_type=\"widget\" data-e-type=\"widget\" data-widget_type=\"divider.default\">\n\t\t\t\t<div class=\"elementor-widget-container\">\n\t\t\t\t\t\t\t<div class=\"elementor-divider\">\n\t\t\t<span class=\"elementor-divider-separator\">\n\t\t\t\t\t\t<\/span>\n\t\t<\/div>\n\t\t\t\t\t\t<\/div>\n\t\t\t\t<\/div>\n\t\t\t\t<div class=\"elementor-element elementor-element-55f2c39 title_hover_border_enable title-two-line img_hover_animation_img_zoom_in title-alignment-center title_position_default grid-hover-overlay-type-always tpg-el-box-border-enable tpg-border-bottom-disable elementor-widget elementor-widget-tpg-grid-layout\" data-id=\"55f2c39\" data-element_type=\"widget\" data-e-type=\"widget\" data-widget_type=\"tpg-grid-layout.default\">\n\t\t\t\t<div class=\"elementor-widget-container\">\n\t\t\t\t\t\t\t<div class=\"rt-container-fluid rt-tpg-container tpg-el-main-wrapper clearfix grid-layout1-main \"\n\t\t\t id=\"rt-tpg-container-779261276\"\n\t\t\t data-layout=\"grid-layout1\"\n\t\t\t data-grid-style=\"tpg-full-height\"\n\t\t\t data-sc-id=\"elementor\"\n\t\t\t data-el-settings=''\n\t\t\t data-el-query=''\n\t\t\t data-el-path=''\n\t\t>\n\t\t\t\t\t\t\t<div id=\"bottom-script-loader\" class=\"bottom-script-loader\">\n\t\t\t\t\t<div class=\"rt-ball-clip-rotate\">\n\t\t\t\t\t\t<div><\/div>\n\t\t\t\t\t<\/div>\n\t\t\t\t<\/div>\n\t\t\t\t\t\t\t<div class='tpg-header-wrapper '>\n\t\t\t\t\t\t\t<\/div>\n\n\t\t\t<div data-title=\"Loading ...\" class=\"rt-row rt-content-loader grid-layout1 grid-behaviour tpg-full-height grid_layout_wrapper\">\n\t\t\t\t<div class=\"rt-col-md-4 rt-col-sm-6 rt-col-xs-12 img_zoom_in rt-grid-item post-11927 post type-post status-publish format-standard has-post-thumbnail hentry category-projectes\"        data-id=\"11927\">\n    <div class=\"rt-holder tpg-post-holder \">\n        <div class=\"rt-detail rt-el-content-wrapper\">\n\t\t\t                <div class=\"rt-img-holder tpg-el-image-wrap has-thumbnail\">\n\t\t\t\t\t<a data-id=\"11927\" href=\"https:\/\/www.esla.eu\/ca\/1010006-air-tractor-plataforma-mobil-de-treball\/\" class=\"tpg-post-link\" target=\"_self\">                        <img loading=\"lazy\" decoding=\"async\" src=\"https:\/\/www.esla.eu\/wp-content\/uploads\/2024\/10\/21cf71e9-c2a3-436b-8b14-dc66f7d3b2a2-scaled-e1729093808226.jpg\"\n                             class=\"rt-img-responsive\"\n                             width=\"2560\"\n                             height=\"1619\"\n                             alt=\"1010006 &#8211; Plataforma m\u00f2bil de treball\">\n                        \n                            \n        <\/a>\n                <div class=\"overlay grid-hover-content\"><\/div>\n                        <\/div>\n\t\t\t\n\t\t\t<div class=\"entry-title-wrapper\"><h3 class=\"entry-title\"><a data-id=\"11927\" href=\"https:\/\/www.esla.eu\/ca\/1010006-air-tractor-plataforma-mobil-de-treball\/\" class=\"tpg-post-link\" target=\"_self\">1010006 &#8211; Plataforma m\u00f2bil de treball<\/a><\/h3><\/div>\n\t\t\t\n\n\t\t\t\n\t\t\t        <\/div>\n    <\/div>\n<\/div>\n<div class=\"rt-col-md-4 rt-col-sm-6 rt-col-xs-12 img_zoom_in rt-grid-item post-12605 post type-post status-publish format-standard has-post-thumbnail hentry category-projectes\"        data-id=\"12605\">\n    <div class=\"rt-holder tpg-post-holder \">\n        <div class=\"rt-detail rt-el-content-wrapper\">\n\t\t\t                <div class=\"rt-img-holder tpg-el-image-wrap has-thumbnail\">\n\t\t\t\t\t<a data-id=\"12605\" href=\"https:\/\/www.esla.eu\/ca\/2001222-plataformes-dacces-a-enfardadores\/\" class=\"tpg-post-link\" target=\"_self\">                        <img loading=\"lazy\" decoding=\"async\" src=\"https:\/\/www.esla.eu\/wp-content\/uploads\/2025\/09\/PRINCIPAL-scaled-e1756980547291.jpeg\"\n                             class=\"rt-img-responsive\"\n                             width=\"1989\"\n                             height=\"2560\"\n                             alt=\"2001222 \u2013 Plataformes d&#8217;acc\u00e9s a enfardadores\">\n                        \n                            \n        <\/a>\n                <div class=\"overlay grid-hover-content\"><\/div>\n                        <\/div>\n\t\t\t\n\t\t\t<div class=\"entry-title-wrapper\"><h3 class=\"entry-title\"><a data-id=\"12605\" href=\"https:\/\/www.esla.eu\/ca\/2001222-plataformes-dacces-a-enfardadores\/\" class=\"tpg-post-link\" target=\"_self\">2001222 \u2013 Plataformes d&#8217;acc\u00e9s a enfardadores<\/a><\/h3><\/div>\n\t\t\t\n\n\t\t\t\n\t\t\t        <\/div>\n    <\/div>\n<\/div>\n<div class=\"rt-col-md-4 rt-col-sm-6 rt-col-xs-12 img_zoom_in rt-grid-item post-11490 post type-post status-publish format-standard has-post-thumbnail hentry category-projectes\"        data-id=\"11490\">\n    <div class=\"rt-holder tpg-post-holder \">\n        <div class=\"rt-detail rt-el-content-wrapper\">\n\t\t\t                <div class=\"rt-img-holder tpg-el-image-wrap has-thumbnail\">\n\t\t\t\t\t<a data-id=\"11490\" href=\"https:\/\/www.esla.eu\/ca\/2001559-plataforma-dacces-al-sostre-dels-autobusos\/\" class=\"tpg-post-link\" target=\"_self\">                        <img loading=\"lazy\" decoding=\"async\" src=\"https:\/\/www.esla.eu\/wp-content\/uploads\/2024\/08\/2001559-neutre-1-scaled-e1724754542893.jpg\"\n                             class=\"rt-img-responsive\"\n                             width=\"2560\"\n                             height=\"1920\"\n                             alt=\"2001559 &#8211; Plataforma d\u2019acc\u00e9s al sostre dels autobusos\">\n                        \n                            \n        <\/a>\n                <div class=\"overlay grid-hover-content\"><\/div>\n                        <\/div>\n\t\t\t\n\t\t\t<div class=\"entry-title-wrapper\"><h3 class=\"entry-title\"><a data-id=\"11490\" href=\"https:\/\/www.esla.eu\/ca\/2001559-plataforma-dacces-al-sostre-dels-autobusos\/\" class=\"tpg-post-link\" target=\"_self\">2001559 &#8211; Plataforma d\u2019acc\u00e9s al sostre dels autobusos<\/a><\/h3><\/div>\n\t\t\t\n\n\t\t\t\n\t\t\t        <\/div>\n    <\/div>\n<\/div>\n<div class=\"rt-col-md-4 rt-col-sm-6 rt-col-xs-12 img_zoom_in rt-grid-item post-10765 post type-post status-publish format-standard has-post-thumbnail hentry category-projectes\"        data-id=\"10765\">\n    <div class=\"rt-holder tpg-post-holder \">\n        <div class=\"rt-detail rt-el-content-wrapper\">\n\t\t\t                <div class=\"rt-img-holder tpg-el-image-wrap has-thumbnail\">\n\t\t\t\t\t<a data-id=\"10765\" href=\"https:\/\/www.esla.eu\/ca\/2001574-plataforma-mobil-dalumini-amb-baranes-regulables\/\" class=\"tpg-post-link\" target=\"_self\">                        <img loading=\"lazy\" decoding=\"async\" src=\"https:\/\/www.esla.eu\/wp-content\/uploads\/2024\/03\/2001574_01.jpg\"\n                             class=\"rt-img-responsive\"\n                             width=\"1600\"\n                             height=\"1200\"\n                             alt=\"2001574 &#8211; Plataforma m\u00f2bil d&#8217;alumini amb baranes regulables\">\n                        \n                            \n        <\/a>\n                <div class=\"overlay grid-hover-content\"><\/div>\n                        <\/div>\n\t\t\t\n\t\t\t<div class=\"entry-title-wrapper\"><h3 class=\"entry-title\"><a data-id=\"10765\" href=\"https:\/\/www.esla.eu\/ca\/2001574-plataforma-mobil-dalumini-amb-baranes-regulables\/\" class=\"tpg-post-link\" target=\"_self\">2001574 &#8211; Plataforma m\u00f2bil d&#8217;alumini amb baranes regulables<\/a><\/h3><\/div>\n\t\t\t\n\n\t\t\t\n\t\t\t        <\/div>\n    <\/div>\n<\/div>\n<div class=\"rt-col-md-4 rt-col-sm-6 rt-col-xs-12 img_zoom_in rt-grid-item post-10727 post type-post status-publish format-standard has-post-thumbnail hentry category-projectes\"        data-id=\"10727\">\n    <div class=\"rt-holder tpg-post-holder \">\n        <div class=\"rt-detail rt-el-content-wrapper\">\n\t\t\t                <div class=\"rt-img-holder tpg-el-image-wrap has-thumbnail\">\n\t\t\t\t\t<a data-id=\"10727\" href=\"https:\/\/www.esla.eu\/ca\/2001579-plataforma-mobil-dalumini-regulable-en-altura\/\" class=\"tpg-post-link\" target=\"_self\">                        <img loading=\"lazy\" decoding=\"async\" src=\"https:\/\/www.esla.eu\/wp-content\/uploads\/2024\/03\/2001579-01.jpg\"\n                             class=\"rt-img-responsive\"\n                             width=\"1600\"\n                             height=\"1200\"\n                             alt=\"2001579 &#8211; Plataforma m\u00f2bil d\u2019alumini regulable en altura\">\n                        \n                            \n        <\/a>\n                <div class=\"overlay grid-hover-content\"><\/div>\n                        <\/div>\n\t\t\t\n\t\t\t<div class=\"entry-title-wrapper\"><h3 class=\"entry-title\"><a data-id=\"10727\" href=\"https:\/\/www.esla.eu\/ca\/2001579-plataforma-mobil-dalumini-regulable-en-altura\/\" class=\"tpg-post-link\" target=\"_self\">2001579 &#8211; Plataforma m\u00f2bil d\u2019alumini regulable en altura<\/a><\/h3><\/div>\n\t\t\t\n\n\t\t\t\n\t\t\t        <\/div>\n    <\/div>\n<\/div>\n<div class=\"rt-col-md-4 rt-col-sm-6 rt-col-xs-12 img_zoom_in rt-grid-item post-10878 post type-post status-publish format-standard has-post-thumbnail hentry category-projectes\"        data-id=\"10878\">\n    <div class=\"rt-holder tpg-post-holder \">\n        <div class=\"rt-detail rt-el-content-wrapper\">\n\t\t\t                <div class=\"rt-img-holder tpg-el-image-wrap has-thumbnail\">\n\t\t\t\t\t<a data-id=\"10878\" href=\"https:\/\/www.esla.eu\/ca\/2001660-plataforma-mobil-dalumini-elevable-per-al-manteniment-ferroviari\/\" class=\"tpg-post-link\" target=\"_self\">                        <img loading=\"lazy\" decoding=\"async\" src=\"https:\/\/www.esla.eu\/wp-content\/uploads\/2024\/07\/2001660-15-rotated-e1720787503295.jpg\"\n                             class=\"rt-img-responsive\"\n                             width=\"1306\"\n                             height=\"1741\"\n                             alt=\"2001660 &#8211; Plataforma m\u00f2bil d&#8217;alumini elevable per al manteniment ferroviari\">\n                        \n                            \n        <\/a>\n                <div class=\"overlay grid-hover-content\"><\/div>\n                        <\/div>\n\t\t\t\n\t\t\t<div class=\"entry-title-wrapper\"><h3 class=\"entry-title\"><a data-id=\"10878\" href=\"https:\/\/www.esla.eu\/ca\/2001660-plataforma-mobil-dalumini-elevable-per-al-manteniment-ferroviari\/\" class=\"tpg-post-link\" target=\"_self\">2001660 &#8211; Plataforma m\u00f2bil d&#8217;alumini elevable per al manteniment ferroviari<\/a><\/h3><\/div>\n\t\t\t\n\n\t\t\t\n\t\t\t        <\/div>\n    <\/div>\n<\/div>\n\t\t\t<\/div>\n\t\t\t\n\t\t<\/div>\n\t\t\t\t\t\t<\/div>\n\t\t\t\t<\/div>\n\t\t\t\t\t<\/div>\n\t\t<\/div>\n\t\t\t\t\t<\/div>\n\t\t<\/section>\n\t\t\t\t<section class=\"elementor-section elementor-top-section elementor-element elementor-element-abfdc4b elementor-section-boxed elementor-section-height-default elementor-section-height-default\" data-id=\"abfdc4b\" data-element_type=\"section\" data-e-type=\"section\" id=\"catalog\" data-settings=\"{&quot;background_background&quot;:&quot;gradient&quot;}\">\n\t\t\t\t\t\t\t<div class=\"elementor-background-overlay\"><\/div>\n\t\t\t\t\t\t\t<div class=\"elementor-container elementor-column-gap-default\">\n\t\t\t\t\t<div class=\"elementor-column elementor-col-100 elementor-top-column elementor-element elementor-element-57ff78e animated-slow elementor-invisible\" data-id=\"57ff78e\" data-element_type=\"column\" data-e-type=\"column\" data-settings=\"{&quot;animation&quot;:&quot;fadeIn&quot;,&quot;animation_mobile&quot;:&quot;none&quot;}\">\n\t\t\t<div class=\"elementor-widget-wrap elementor-element-populated\">\n\t\t\t\t\t\t<section class=\"elementor-section elementor-inner-section elementor-element elementor-element-140c0ad elementor-section-boxed elementor-section-height-default elementor-section-height-default\" data-id=\"140c0ad\" data-element_type=\"section\" data-e-type=\"section\">\n\t\t\t\t\t\t<div class=\"elementor-container elementor-column-gap-default\">\n\t\t\t\t\t<div class=\"elementor-column elementor-col-50 elementor-inner-column elementor-element elementor-element-f139e4a\" data-id=\"f139e4a\" data-element_type=\"column\" data-e-type=\"column\">\n\t\t\t<div class=\"elementor-widget-wrap elementor-element-populated\">\n\t\t\t\t\t\t<div class=\"elementor-element elementor-element-4a08cab elementor-widget elementor-widget-image\" data-id=\"4a08cab\" data-element_type=\"widget\" data-e-type=\"widget\" data-widget_type=\"image.default\">\n\t\t\t\t<div class=\"elementor-widget-container\">\n\t\t\t\t\t\t\t\t\t\t\t\t\t\t\t<img loading=\"lazy\" decoding=\"async\" width=\"724\" height=\"1024\" src=\"https:\/\/www.esla.eu\/wp-content\/uploads\/2026\/02\/CATOLOGO-26-27-724x1024.png\" class=\"attachment-large size-large wp-image-15017\" alt=\"\" srcset=\"https:\/\/www.esla.eu\/wp-content\/uploads\/2026\/02\/CATOLOGO-26-27-724x1024.png 724w, https:\/\/www.esla.eu\/wp-content\/uploads\/2026\/02\/CATOLOGO-26-27-212x300.png 212w, https:\/\/www.esla.eu\/wp-content\/uploads\/2026\/02\/CATOLOGO-26-27-768x1086.png 768w, https:\/\/www.esla.eu\/wp-content\/uploads\/2026\/02\/CATOLOGO-26-27-1086x1536.png 1086w, https:\/\/www.esla.eu\/wp-content\/uploads\/2026\/02\/CATOLOGO-26-27-424x600.png 424w, https:\/\/www.esla.eu\/wp-content\/uploads\/2026\/02\/CATOLOGO-26-27-71x100.png 71w, https:\/\/www.esla.eu\/wp-content\/uploads\/2026\/02\/CATOLOGO-26-27.png 1414w\" sizes=\"(max-width: 724px) 100vw, 724px\" \/>\t\t\t\t\t\t\t\t\t\t\t\t\t\t\t<\/div>\n\t\t\t\t<\/div>\n\t\t\t\t\t<\/div>\n\t\t<\/div>\n\t\t\t\t<div class=\"elementor-column elementor-col-50 elementor-inner-column elementor-element elementor-element-74b83e9 blur\" data-id=\"74b83e9\" data-element_type=\"column\" data-e-type=\"column\">\n\t\t\t<div class=\"elementor-widget-wrap elementor-element-populated\">\n\t\t\t\t\t\t<div class=\"elementor-element elementor-element-5ad2cf4 elementor-widget elementor-widget-heading\" data-id=\"5ad2cf4\" data-element_type=\"widget\" data-e-type=\"widget\" data-widget_type=\"heading.default\">\n\t\t\t\t<div class=\"elementor-widget-container\">\n\t\t\t\t\t<h2 class=\"elementor-heading-title elementor-size-default\">Cat\u00e0leg ESLA 2026\/27<\/h2>\t\t\t\t<\/div>\n\t\t\t\t<\/div>\n\t\t\t\t<div class=\"elementor-element elementor-element-96b3c23 elementor-widget elementor-widget-heading\" data-id=\"96b3c23\" data-element_type=\"widget\" data-e-type=\"widget\" data-widget_type=\"heading.default\">\n\t\t\t\t<div class=\"elementor-widget-container\">\n\t\t\t\t\t<h3 class=\"elementor-heading-title elementor-size-default\">Descobriu la varietat de productes d'ESLA i trobeu equipament d'acc\u00e9s adequat. Escales, equipaments per a escales, bastides m\u00f2bils, plataformes de treball, esglaons pont i tota mena de solucions per al sector ferroviari, aeron\u00e0utic, transport, fabricants de maquin\u00e0ria, de magatzems log\u00edstics i d'ind\u00fastria en general.<\/h3>\t\t\t\t<\/div>\n\t\t\t\t<\/div>\n\t\t\t\t<div class=\"elementor-element elementor-element-0dfc36f elementor-mobile-align-center elementor-widget elementor-widget-button\" data-id=\"0dfc36f\" data-element_type=\"widget\" data-e-type=\"widget\" data-widget_type=\"button.default\">\n\t\t\t\t<div class=\"elementor-widget-container\">\n\t\t\t\t\t\t\t\t\t<div class=\"elementor-button-wrapper\">\n\t\t\t\t\t<a class=\"elementor-button elementor-button-link elementor-size-sm\" href=\"\/wp-content\/uploads\/2024\/05\/Cataleg-ESLA-CAT-Vista-rapida.pdf\" target=\"_blank\">\n\t\t\t\t\t\t<span class=\"elementor-button-content-wrapper\">\n\t\t\t\t\t\t<span class=\"elementor-button-icon\">\n\t\t\t\t<svg aria-hidden=\"true\" class=\"e-font-icon-svg e-far-file-pdf\" viewBox=\"0 0 384 512\" xmlns=\"http:\/\/www.w3.org\/2000\/svg\"><path d=\"M369.9 97.9L286 14C277 5 264.8-.1 252.1-.1H48C21.5 0 0 21.5 0 48v416c0 26.5 21.5 48 48 48h288c26.5 0 48-21.5 48-48V131.9c0-12.7-5.1-25-14.1-34zM332.1 128H256V51.9l76.1 76.1zM48 464V48h160v104c0 13.3 10.7 24 24 24h104v288H48zm250.2-143.7c-12.2-12-47-8.7-64.4-6.5-17.2-10.5-28.7-25-36.8-46.3 3.9-16.1 10.1-40.6 5.4-56-4.2-26.2-37.8-23.6-42.6-5.9-4.4 16.1-.4 38.5 7 67.1-10 23.9-24.9 56-35.4 74.4-20 10.3-47 26.2-51 46.2-3.3 15.8 26 55.2 76.1-31.2 22.4-7.4 46.8-16.5 68.4-20.1 18.9 10.2 41 17 55.8 17 25.5 0 28-28.2 17.5-38.7zm-198.1 77.8c5.1-13.7 24.5-29.5 30.4-35-19 30.3-30.4 35.7-30.4 35zm81.6-190.6c7.4 0 6.7 32.1 1.8 40.8-4.4-13.9-4.3-40.8-1.8-40.8zm-24.4 136.6c9.7-16.9 18-37 24.7-54.7 8.3 15.1 18.9 27.2 30.1 35.5-20.8 4.3-38.9 13.1-54.8 19.2zm131.6-5s-5 6-37.3-7.8c35.1-2.6 40.9 5.4 37.3 7.8z\"><\/path><\/svg>\t\t\t<\/span>\n\t\t\t\t\t\t\t\t\t<span class=\"elementor-button-text\">Descarregar<\/span>\n\t\t\t\t\t<\/span>\n\t\t\t\t\t<\/a>\n\t\t\t\t<\/div>\n\t\t\t\t\t\t\t\t<\/div>\n\t\t\t\t<\/div>\n\t\t\t\t\t<\/div>\n\t\t<\/div>\n\t\t\t\t\t<\/div>\n\t\t<\/section>\n\t\t\t\t\t<\/div>\n\t\t<\/div>\n\t\t\t\t\t<\/div>\n\t\t<\/section>\n\t\t\t\t<\/div>\n\t\t","protected":false},"excerpt":{"rendered":"<p>ESLAEuropeanSpecial Ladders Engineering at height since 2000 Les nostres escales, plataformes i bastides Dissenyem, normalitzem i fabriquem escales, plataformes de treball i bastides m\u00f2bils, en alumini i altres materials. Desenvolupem projectes a mida per a tot tipus de sectors industrials, com ara el ferroviari, l&#8217;aeron\u00e0utic, les energies renovables o els fabricants de maquin\u00e0ria. Sectors A [&hellip;]<\/p>\n","protected":false},"author":1,"featured_media":0,"parent":0,"menu_order":0,"comment_status":"closed","ping_status":"closed","template":"page-templates\/pagebuilder.php","meta":{"inline_featured_image":false,"footnotes":""},"class_list":["post-83","page","type-page","status-publish","hentry"],"rttpg_featured_image_url":null,"rttpg_author":{"display_name":"crealogica","author_link":"https:\/\/www.esla.eu\/ca\/author\/crealogica\/"},"rttpg_comment":0,"rttpg_category":"","rttpg_excerpt":"ESLAEuropeanSpecial Ladders Engineering at height since 2000 Les nostres escales, plataformes i bastides Dissenyem, normalitzem i fabriquem escales, plataformes de treball i bastides m\u00f2bils, en alumini i altres materials. Desenvolupem projectes a mida per a tot tipus de sectors industrials, com ara el ferroviari, l&#8217;aeron\u00e0utic, les energies renovables o els fabricants de maquin\u00e0ria. Sectors A&hellip;","_links":{"self":[{"href":"https:\/\/www.esla.eu\/ca\/wp-json\/wp\/v2\/pages\/83","targetHints":{"allow":["GET"]}}],"collection":[{"href":"https:\/\/www.esla.eu\/ca\/wp-json\/wp\/v2\/pages"}],"about":[{"href":"https:\/\/www.esla.eu\/ca\/wp-json\/wp\/v2\/types\/page"}],"author":[{"embeddable":true,"href":"https:\/\/www.esla.eu\/ca\/wp-json\/wp\/v2\/users\/1"}],"replies":[{"embeddable":true,"href":"https:\/\/www.esla.eu\/ca\/wp-json\/wp\/v2\/comments?post=83"}],"version-history":[{"count":30,"href":"https:\/\/www.esla.eu\/ca\/wp-json\/wp\/v2\/pages\/83\/revisions"}],"predecessor-version":[{"id":15033,"href":"https:\/\/www.esla.eu\/ca\/wp-json\/wp\/v2\/pages\/83\/revisions\/15033"}],"wp:attachment":[{"href":"https:\/\/www.esla.eu\/ca\/wp-json\/wp\/v2\/media?parent=83"}],"curies":[{"name":"wp","href":"https:\/\/api.w.org\/{rel}","templated":true}]}}