{"id":12879,"date":"2024-02-28T07:02:55","date_gmt":"2024-02-28T06:02:55","guid":{"rendered":"https:\/\/www.esla.eu\/esla-ladders-work-platforms-and-scaffolding\/"},"modified":"2026-03-15T20:05:21","modified_gmt":"2026-03-15T19:05:21","slug":"esla-ladders-work-platforms-and-scaffolding","status":"publish","type":"page","link":"https:\/\/www.esla.eu\/de\/","title":{"rendered":"ESLA \u2013 Leitern, Arbeitsb\u00fchnen und Ger\u00fcste"},"content":{"rendered":"\t\t<div data-elementor-type=\"wp-page\" data-elementor-id=\"12879\" class=\"elementor elementor-12879 elementor-9\" data-elementor-post-type=\"page\">\n\t\t\t\t\t\t<section class=\"elementor-section elementor-top-section elementor-element elementor-element-fcd066c elementor-section-height-min-height elementor-section-content-top elementor-section-stretched elementor-section-full_width animated-slow elementor-section-height-default elementor-section-items-middle elementor-invisible\" data-id=\"fcd066c\" data-element_type=\"section\" data-e-type=\"section\" data-settings=\"{&quot;stretch_section&quot;:&quot;section-stretched&quot;,&quot;background_background&quot;:&quot;video&quot;,&quot;animation&quot;:&quot;fadeIn&quot;,&quot;animation_mobile&quot;:&quot;none&quot;,&quot;background_video_link&quot;:&quot;\\\/wp-content\\\/uploads\\\/2024\\\/04\\\/Video-portada.mp4&quot;,&quot;background_video_start&quot;:0,&quot;background_play_on_mobile&quot;:&quot;yes&quot;}\">\n\t\t\t\t\t\t\t\t<div class=\"elementor-background-video-container\">\n\t\t\t\t\t\t\t\t\t\t\t\t\t<video class=\"elementor-background-video-hosted\" role=\"presentation\" autoplay muted playsinline loop><\/video>\n\t\t\t\t\t\t\t\t\t\t\t<\/div>\n\t\t\t\t\t\t\t\t\t<div class=\"elementor-background-overlay\"><\/div>\n\t\t\t\t\t\t\t<div class=\"elementor-container elementor-column-gap-default\">\n\t\t\t\t\t<div class=\"elementor-column elementor-col-100 elementor-top-column elementor-element elementor-element-93de5fc\" data-id=\"93de5fc\" data-element_type=\"column\" data-e-type=\"column\">\n\t\t\t<div class=\"elementor-widget-wrap elementor-element-populated\">\n\t\t\t\t\t\t<section class=\"elementor-section elementor-inner-section elementor-element elementor-element-f773057 elementor-section-content-bottom elementor-section-height-min-height elementor-reverse-tablet elementor-reverse-mobile elementor-section-boxed elementor-section-height-default\" data-id=\"f773057\" data-element_type=\"section\" data-e-type=\"section\">\n\t\t\t\t\t\t<div class=\"elementor-container elementor-column-gap-no\">\n\t\t\t\t\t<div class=\"elementor-column elementor-col-50 elementor-inner-column elementor-element elementor-element-7d1763b\" data-id=\"7d1763b\" data-element_type=\"column\" data-e-type=\"column\">\n\t\t\t<div class=\"elementor-widget-wrap elementor-element-populated\">\n\t\t\t\t\t\t<div class=\"elementor-element elementor-element-0e5a8bd elementor-widget elementor-widget-heading\" data-id=\"0e5a8bd\" data-element_type=\"widget\" data-e-type=\"widget\" data-widget_type=\"heading.default\">\n\t\t\t\t<div class=\"elementor-widget-container\">\n\t\t\t\t\t<div class=\"elementor-heading-title elementor-size-default\">ESLA<br>EuropeanSpecial Ladders<\/div>\t\t\t\t<\/div>\n\t\t\t\t<\/div>\n\t\t\t\t<div class=\"elementor-element elementor-element-7624c54 elementor-widget elementor-widget-heading\" data-id=\"7624c54\" data-element_type=\"widget\" data-e-type=\"widget\" data-widget_type=\"heading.default\">\n\t\t\t\t<div class=\"elementor-widget-container\">\n\t\t\t\t\t<div class=\"elementor-heading-title elementor-size-default\">Ingenieurwesen auf h\u00f6chstem Niveau seit 2000<\/div>\t\t\t\t<\/div>\n\t\t\t\t<\/div>\n\t\t\t\t\t<\/div>\n\t\t<\/div>\n\t\t\t\t<div class=\"elementor-column elementor-col-50 elementor-inner-column elementor-element elementor-element-6b48fdd\" data-id=\"6b48fdd\" data-element_type=\"column\" data-e-type=\"column\">\n\t\t\t<div class=\"elementor-widget-wrap\">\n\t\t\t\t\t\t\t<\/div>\n\t\t<\/div>\n\t\t\t\t\t<\/div>\n\t\t<\/section>\n\t\t\t\t\t<\/div>\n\t\t<\/div>\n\t\t\t\t\t<\/div>\n\t\t<\/section>\n\t\t\t\t<section class=\"elementor-section elementor-top-section elementor-element elementor-element-7f72cec elementor-section-boxed elementor-section-height-default elementor-section-height-default\" data-id=\"7f72cec\" data-element_type=\"section\" data-e-type=\"section\" data-settings=\"{&quot;background_background&quot;:&quot;classic&quot;}\">\n\t\t\t\t\t\t<div class=\"elementor-container elementor-column-gap-default\">\n\t\t\t\t\t<div class=\"elementor-column elementor-col-100 elementor-top-column elementor-element elementor-element-6d0094e elementor-invisible\" data-id=\"6d0094e\" data-element_type=\"column\" data-e-type=\"column\" data-settings=\"{&quot;animation&quot;:&quot;fadeInUp&quot;,&quot;animation_mobile&quot;:&quot;none&quot;}\">\n\t\t\t<div class=\"elementor-widget-wrap elementor-element-populated\">\n\t\t\t\t\t\t<div class=\"elementor-element elementor-element-2431929 elementor-widget elementor-widget-heading\" data-id=\"2431929\" data-element_type=\"widget\" data-e-type=\"widget\" data-widget_type=\"heading.default\">\n\t\t\t\t<div class=\"elementor-widget-container\">\n\t\t\t\t\t<h1 class=\"elementor-heading-title elementor-size-default\">Industrietreppen, Arbeitsplattformen und mobile Ger\u00fcste<\/h1>\t\t\t\t<\/div>\n\t\t\t\t<\/div>\n\t\t\t\t<div class=\"elementor-element elementor-element-8d1921e elementor-widget elementor-widget-text-editor\" data-id=\"8d1921e\" data-element_type=\"widget\" data-e-type=\"widget\" data-widget_type=\"text-editor.default\">\n\t\t\t\t<div class=\"elementor-widget-container\">\n\t\t\t\t\t\t\t\t\t<p>Wir entwickeln, standardisieren und fertigen Industrietreppen, Arbeitsplattformen und mobile Ger\u00fcste aus Aluminium und anderen hochwertigen Materialien.<\/p><p>Dar\u00fcber hinaus realisieren wir ma\u00dfgeschneiderte Zugangsl\u00f6sungen f\u00fcr unterschiedlichste Branchen, darunter Schienenverkehr, Luftfahrt, erneuerbare Energien und Maschinenbau.<\/p>\t\t\t\t\t\t\t\t<\/div>\n\t\t\t\t<\/div>\n\t\t\t\t<div class=\"elementor-element elementor-element-1ecb863 elementor-widget-divider--view-line elementor-widget elementor-widget-divider\" data-id=\"1ecb863\" data-element_type=\"widget\" data-e-type=\"widget\" data-widget_type=\"divider.default\">\n\t\t\t\t<div class=\"elementor-widget-container\">\n\t\t\t\t\t\t\t<div class=\"elementor-divider\">\n\t\t\t<span class=\"elementor-divider-separator\">\n\t\t\t\t\t\t<\/span>\n\t\t<\/div>\n\t\t\t\t\t\t<\/div>\n\t\t\t\t<\/div>\n\t\t\t\t<div class=\"elementor-element elementor-element-5274e92 elementor-widget elementor-widget-shortcode\" data-id=\"5274e92\" data-element_type=\"widget\" data-e-type=\"widget\" data-widget_type=\"shortcode.default\">\n\t\t\t\t<div class=\"elementor-widget-container\">\n\t\t\t\t\t\t\t<div class=\"elementor-shortcode\"><div class=\"woocommerce columns-4\"><ul class=\"products columns-4\">\n<li class=\"product-category product first\">\n\t<a aria-label=\"Produktkategorie Fahrger\u00fcst besuchen\" href=\"https:\/\/www.esla.eu\/de\/producto\/fahrgerust\/\"><img fetchpriority=\"high\" decoding=\"async\" src=\"https:\/\/www.esla.eu\/wp-content\/uploads\/2026\/01\/general-1-300x300.png\" alt=\"Fahrger\u00fcst\" width=\"300\" height=\"300\" srcset=\"https:\/\/www.esla.eu\/wp-content\/uploads\/2026\/01\/general-1-300x300.png 300w, https:\/\/www.esla.eu\/wp-content\/uploads\/2026\/01\/general-1-600x600.png 600w, https:\/\/www.esla.eu\/wp-content\/uploads\/2026\/01\/general-1-100x100.png 100w, https:\/\/www.esla.eu\/wp-content\/uploads\/2026\/01\/general-1-150x150.png 150w, https:\/\/www.esla.eu\/wp-content\/uploads\/2026\/01\/general-1-768x768.png 768w, https:\/\/www.esla.eu\/wp-content\/uploads\/2026\/01\/general-1-1024x1024.png 1024w\" sizes=\"(max-width: 300px) 100vw, 300px\" \/>\t\t<h2 class=\"woocommerce-loop-category__title\">\n\t\t\tFahrger\u00fcst <mark class=\"count\">(15)<\/mark>\t\t<\/h2>\n\t\t<\/a><\/li>\n<li class=\"product-category product\">\n\t<a aria-label=\"Produktkategorie H\u00f6henverstellbare Wartungsplattformen besuchen\" href=\"https:\/\/www.esla.eu\/de\/producto\/hohenverstellbare-wartungsplattformen\/\"><img decoding=\"async\" src=\"https:\/\/www.esla.eu\/wp-content\/uploads\/2026\/01\/nuevaleva-300x300.webp\" alt=\"H\u00f6henverstellbare Wartungsplattformen\" width=\"300\" height=\"300\" srcset=\"https:\/\/www.esla.eu\/wp-content\/uploads\/2026\/01\/nuevaleva-300x300.webp 300w, https:\/\/www.esla.eu\/wp-content\/uploads\/2026\/01\/nuevaleva-600x600.webp 600w, https:\/\/www.esla.eu\/wp-content\/uploads\/2026\/01\/nuevaleva-100x100.webp 100w, https:\/\/www.esla.eu\/wp-content\/uploads\/2026\/01\/nuevaleva-150x150.webp 150w, https:\/\/www.esla.eu\/wp-content\/uploads\/2026\/01\/nuevaleva-768x768.webp 768w, https:\/\/www.esla.eu\/wp-content\/uploads\/2026\/01\/nuevaleva-1024x1024.webp 1024w\" sizes=\"(max-width: 300px) 100vw, 300px\" \/>\t\t<h2 class=\"woocommerce-loop-category__title\">\n\t\t\tH\u00f6henverstellbare Wartungsplattformen <mark class=\"count\">(14)<\/mark>\t\t<\/h2>\n\t\t<\/a><\/li>\n<li class=\"product-category product\">\n\t<a aria-label=\"Produktkategorie Tragbare Leitern f\u00fcr Industrie &amp; Profi-Einsatz besuchen\" href=\"https:\/\/www.esla.eu\/de\/producto\/tragbare-leitern\/\"><img decoding=\"async\" src=\"https:\/\/www.esla.eu\/wp-content\/uploads\/2026\/01\/nuevaportat-300x300.webp\" alt=\"Tragbare Leitern f\u00fcr Industrie &amp; Profi-Einsatz\" width=\"300\" height=\"300\" srcset=\"https:\/\/www.esla.eu\/wp-content\/uploads\/2026\/01\/nuevaportat-300x300.webp 300w, https:\/\/www.esla.eu\/wp-content\/uploads\/2026\/01\/nuevaportat-600x600.webp 600w, https:\/\/www.esla.eu\/wp-content\/uploads\/2026\/01\/nuevaportat-100x100.webp 100w, https:\/\/www.esla.eu\/wp-content\/uploads\/2026\/01\/nuevaportat-150x150.webp 150w, https:\/\/www.esla.eu\/wp-content\/uploads\/2026\/01\/nuevaportat-768x768.webp 768w, https:\/\/www.esla.eu\/wp-content\/uploads\/2026\/01\/nuevaportat-1024x1024.webp 1024w\" sizes=\"(max-width: 300px) 100vw, 300px\" \/>\t\t<h2 class=\"woocommerce-loop-category__title\">\n\t\t\tTragbare Leitern f\u00fcr Industrie &amp; Profi-Einsatz <mark class=\"count\">(43)<\/mark>\t\t<\/h2>\n\t\t<\/a><\/li>\n<li class=\"product-category product last\">\n\t<a aria-label=\"Produktkategorie Vertikale Leitern besuchen\" href=\"https:\/\/www.esla.eu\/de\/producto\/vertikale-treppe\/\"><img loading=\"lazy\" decoding=\"async\" src=\"https:\/\/www.esla.eu\/wp-content\/uploads\/2026\/01\/catvertic-600x600-1-300x300.webp\" alt=\"Vertikale Leitern\" width=\"300\" height=\"300\" srcset=\"https:\/\/www.esla.eu\/wp-content\/uploads\/2026\/01\/catvertic-600x600-1-300x300.webp 300w, https:\/\/www.esla.eu\/wp-content\/uploads\/2026\/01\/catvertic-600x600-1-100x100.webp 100w, https:\/\/www.esla.eu\/wp-content\/uploads\/2026\/01\/catvertic-600x600-1-150x150.webp 150w, https:\/\/www.esla.eu\/wp-content\/uploads\/2026\/01\/catvertic-600x600-1-768x768.webp 768w, https:\/\/www.esla.eu\/wp-content\/uploads\/2026\/01\/catvertic-600x600-1-1024x1024.webp 1024w\" sizes=\"(max-width: 300px) 100vw, 300px\" \/>\t\t<h2 class=\"woocommerce-loop-category__title\">\n\t\t\tVertikale Leitern <mark class=\"count\">(1)<\/mark>\t\t<\/h2>\n\t\t<\/a><\/li>\n<li class=\"product-category product first\">\n\t<a aria-label=\"Produktkategorie Sonderl\u00f6sungen f\u00fcr mobile Ger\u00fcste aus Aluminium besuchen\" href=\"https:\/\/www.esla.eu\/de\/producto\/sonderloesungen\/\"><img loading=\"lazy\" decoding=\"async\" src=\"https:\/\/www.esla.eu\/wp-content\/uploads\/2026\/01\/2001559-neutre-150x150-1-300x300.webp\" alt=\"Sonderl\u00f6sungen f\u00fcr mobile Ger\u00fcste aus Aluminium\" width=\"300\" height=\"300\" srcset=\"https:\/\/www.esla.eu\/wp-content\/uploads\/2026\/01\/2001559-neutre-150x150-1-300x300.webp 300w, https:\/\/www.esla.eu\/wp-content\/uploads\/2026\/01\/2001559-neutre-150x150-1-600x600.webp 600w, https:\/\/www.esla.eu\/wp-content\/uploads\/2026\/01\/2001559-neutre-150x150-1-100x100.webp 100w, https:\/\/www.esla.eu\/wp-content\/uploads\/2026\/01\/2001559-neutre-150x150-1-768x768.webp 768w, https:\/\/www.esla.eu\/wp-content\/uploads\/2026\/01\/2001559-neutre-150x150-1-1024x1024.webp 1024w\" sizes=\"(max-width: 300px) 100vw, 300px\" \/>\t\t<h2 class=\"woocommerce-loop-category__title\">\n\t\t\tSonderl\u00f6sungen f\u00fcr mobile Ger\u00fcste aus Aluminium <mark class=\"count\">(60)<\/mark>\t\t<\/h2>\n\t\t<\/a><\/li>\n<li class=\"product-category product\">\n\t<a aria-label=\"Produktkategorie Treppe mit Podest \u2013 Aluminiumplattform f\u00fcr Arbeit besuchen\" href=\"https:\/\/www.esla.eu\/de\/producto\/treppe-mit-plattform\/\"><img loading=\"lazy\" decoding=\"async\" src=\"https:\/\/www.esla.eu\/wp-content\/uploads\/2024\/03\/Escaleras-con-platafroma-1-300x300.png\" alt=\"Treppe mit Podest \u2013 Aluminiumplattform f\u00fcr Arbeit\" width=\"300\" height=\"300\" srcset=\"https:\/\/www.esla.eu\/wp-content\/uploads\/2024\/03\/Escaleras-con-platafroma-1-300x300.png 300w, https:\/\/www.esla.eu\/wp-content\/uploads\/2024\/03\/Escaleras-con-platafroma-1-150x150.png 150w, https:\/\/www.esla.eu\/wp-content\/uploads\/2024\/03\/Escaleras-con-platafroma-1-100x100.png 100w, https:\/\/www.esla.eu\/wp-content\/uploads\/2024\/03\/Escaleras-con-platafroma-1.png 500w\" sizes=\"(max-width: 300px) 100vw, 300px\" \/>\t\t<h2 class=\"woocommerce-loop-category__title\">\n\t\t\tTreppe mit Podest \u2013 Aluminiumplattform f\u00fcr Arbeit <mark class=\"count\">(9)<\/mark>\t\t<\/h2>\n\t\t<\/a><\/li>\n<li class=\"product-category product\">\n\t<a aria-label=\"Produktkategorie Zubeh\u00f6r f\u00fcr Leitern \u2013 Haken, Gel\u00e4nder &amp; Stabilisatoren &amp; mehr besuchen\" href=\"https:\/\/www.esla.eu\/de\/producto\/zubehoer\/\"><img loading=\"lazy\" decoding=\"async\" src=\"https:\/\/www.esla.eu\/wp-content\/uploads\/2026\/01\/A18010000-150x150-1-300x300.webp\" alt=\"Zubeh\u00f6r f\u00fcr Leitern \u2013 Haken, Gel\u00e4nder &amp; Stabilisatoren &amp; mehr\" width=\"300\" height=\"300\" srcset=\"https:\/\/www.esla.eu\/wp-content\/uploads\/2026\/01\/A18010000-150x150-1-300x300.webp 300w, https:\/\/www.esla.eu\/wp-content\/uploads\/2026\/01\/A18010000-150x150-1-600x600.webp 600w, https:\/\/www.esla.eu\/wp-content\/uploads\/2026\/01\/A18010000-150x150-1-100x100.webp 100w, https:\/\/www.esla.eu\/wp-content\/uploads\/2026\/01\/A18010000-150x150-1-768x768.webp 768w, https:\/\/www.esla.eu\/wp-content\/uploads\/2026\/01\/A18010000-150x150-1-1024x1024.webp 1024w\" sizes=\"(max-width: 300px) 100vw, 300px\" \/>\t\t<h2 class=\"woocommerce-loop-category__title\">\n\t\t\tZubeh\u00f6r f\u00fcr Leitern \u2013 Haken, Gel\u00e4nder &amp; Stabilisatoren &amp; mehr <mark class=\"count\">(53)<\/mark>\t\t<\/h2>\n\t\t<\/a><\/li>\n<\/ul>\n<\/div><\/div>\n\t\t\t\t\t\t<\/div>\n\t\t\t\t<\/div>\n\t\t\t\t\t<\/div>\n\t\t<\/div>\n\t\t\t\t\t<\/div>\n\t\t<\/section>\n\t\t\t\t<section class=\"elementor-section elementor-top-section elementor-element elementor-element-f5b7f2d elementor-section-boxed elementor-section-height-default elementor-section-height-default\" data-id=\"f5b7f2d\" data-element_type=\"section\" data-e-type=\"section\" data-settings=\"{&quot;background_background&quot;:&quot;classic&quot;}\">\n\t\t\t\t\t\t<div class=\"elementor-container elementor-column-gap-default\">\n\t\t\t\t\t<div class=\"elementor-column elementor-col-100 elementor-top-column elementor-element elementor-element-a7e0729 animated-slow elementor-invisible\" data-id=\"a7e0729\" data-element_type=\"column\" data-e-type=\"column\" data-settings=\"{&quot;animation&quot;:&quot;fadeIn&quot;,&quot;animation_mobile&quot;:&quot;none&quot;}\">\n\t\t\t<div class=\"elementor-widget-wrap elementor-element-populated\">\n\t\t\t\t\t\t<div class=\"elementor-element elementor-element-5324380 elementor-widget elementor-widget-heading\" data-id=\"5324380\" data-element_type=\"widget\" data-e-type=\"widget\" data-widget_type=\"heading.default\">\n\t\t\t\t<div class=\"elementor-widget-container\">\n\t\t\t\t\t<h2 class=\"elementor-heading-title elementor-size-default\">Industriebranchen<\/h2>\t\t\t\t<\/div>\n\t\t\t\t<\/div>\n\t\t\t\t<div class=\"elementor-element elementor-element-2976f4e elementor-widget elementor-widget-text-editor\" data-id=\"2976f4e\" data-element_type=\"widget\" data-e-type=\"widget\" data-widget_type=\"text-editor.default\">\n\t\t\t\t<div class=\"elementor-widget-container\">\n\t\t\t\t\t\t\t\t\t<p>Bei ESLA entwickeln und realisieren wir ma\u00dfgeschneiderte Zugangsl\u00f6sungen f\u00fcr unterschiedlichste Industriebranchen. Unsere Treppen, Arbeitsplattformen, Ger\u00fcste und Sonderl\u00f6sungen werden individuell an branchenspezifische Anforderungen angepasst \u2013 von der allgemeinen Industrie \u00fcber Logistik und Maschinenbau bis hin zu Bahn-, Luftfahrt- und Transportsektor.<\/p>\t\t\t\t\t\t\t\t<\/div>\n\t\t\t\t<\/div>\n\t\t\t\t<div class=\"elementor-element elementor-element-59e0435 elementor-widget-divider--view-line elementor-widget elementor-widget-divider\" data-id=\"59e0435\" data-element_type=\"widget\" data-e-type=\"widget\" data-widget_type=\"divider.default\">\n\t\t\t\t<div class=\"elementor-widget-container\">\n\t\t\t\t\t\t\t<div class=\"elementor-divider\">\n\t\t\t<span class=\"elementor-divider-separator\">\n\t\t\t\t\t\t<\/span>\n\t\t<\/div>\n\t\t\t\t\t\t<\/div>\n\t\t\t\t<\/div>\n\t\t\t\t<div class=\"elementor-element elementor-element-8f1cdb6 title_hover_border_enable title-two-line img_hover_animation_img_zoom_in title-alignment-center title_position_default grid-hover-overlay-type-always tpg-el-box-border-enable tpg-border-bottom-disable elementor-widget elementor-widget-tpg-grid-layout\" data-id=\"8f1cdb6\" data-element_type=\"widget\" data-e-type=\"widget\" data-widget_type=\"tpg-grid-layout.default\">\n\t\t\t\t<div class=\"elementor-widget-container\">\n\t\t\t\t\t\t\t<div class=\"rt-container-fluid rt-tpg-container tpg-el-main-wrapper clearfix grid-layout1-main \"\n\t\t\t id=\"rt-tpg-container-2623094089\"\n\t\t\t data-layout=\"grid-layout1\"\n\t\t\t data-grid-style=\"tpg-full-height\"\n\t\t\t data-sc-id=\"elementor\"\n\t\t\t data-el-settings=''\n\t\t\t data-el-query=''\n\t\t\t data-el-path=''\n\t\t>\n\t\t\t\t\t\t\t<div id=\"bottom-script-loader\" class=\"bottom-script-loader\">\n\t\t\t\t\t<div class=\"rt-ball-clip-rotate\">\n\t\t\t\t\t\t<div><\/div>\n\t\t\t\t\t<\/div>\n\t\t\t\t<\/div>\n\t\t\t\t\t\t\t<div class='tpg-header-wrapper '>\n\t\t\t\t\t\t\t<\/div>\n\n\t\t\t<div data-title=\"Loading ...\" class=\"rt-row rt-content-loader grid-layout1 grid-behaviour tpg-full-height grid_layout_wrapper\">\n\t\t\t\t<div class=\"rt-col-md-4 rt-col-sm-6 rt-col-xs-12 img_zoom_in rt-grid-item post-12970 page type-page status-publish has-post-thumbnail hentry\"        data-id=\"12970\">\n    <div class=\"rt-holder tpg-post-holder \">\n        <div class=\"rt-detail rt-el-content-wrapper\">\n\t\t\t                <div class=\"rt-img-holder tpg-el-image-wrap has-thumbnail\">\n\t\t\t\t\t<a data-id=\"12970\" href=\"https:\/\/www.esla.eu\/de\/sektoren\/allgemeine-industrie\/\" class=\"tpg-post-link\" target=\"_self\">                        <img loading=\"lazy\" decoding=\"async\" src=\"https:\/\/www.esla.eu\/wp-content\/uploads\/2024\/03\/IMG_1223.png\"\n                             class=\"rt-img-responsive\"\n                             width=\"1080\"\n                             height=\"1080\"\n                             alt=\"Allgemeine Industrie\">\n                        \n                            \n        <\/a>\n                <div class=\"overlay grid-hover-content\"><\/div>\n                        <\/div>\n\t\t\t\n\t\t\t<div class=\"entry-title-wrapper\"><h3 class=\"entry-title\"><a data-id=\"12970\" href=\"https:\/\/www.esla.eu\/de\/sektoren\/allgemeine-industrie\/\" class=\"tpg-post-link\" target=\"_self\">Allgemeine Industrie<\/a><\/h3><\/div>\n\t\t\t\n\n\t\t\t\n\t\t\t        <\/div>\n    <\/div>\n<\/div>\n<div class=\"rt-col-md-4 rt-col-sm-6 rt-col-xs-12 img_zoom_in rt-grid-item post-13006 page type-page status-publish has-post-thumbnail hentry\"        data-id=\"13006\">\n    <div class=\"rt-holder tpg-post-holder \">\n        <div class=\"rt-detail rt-el-content-wrapper\">\n\t\t\t                <div class=\"rt-img-holder tpg-el-image-wrap has-thumbnail\">\n\t\t\t\t\t<a data-id=\"13006\" href=\"https:\/\/www.esla.eu\/de\/sektoren\/logistiksektor\/\" class=\"tpg-post-link\" target=\"_self\">                        <img loading=\"lazy\" decoding=\"async\" src=\"https:\/\/www.esla.eu\/wp-content\/uploads\/2024\/03\/DestLogistic.png\"\n                             class=\"rt-img-responsive\"\n                             width=\"784\"\n                             height=\"784\"\n                             alt=\"Logistiksektor\">\n                        \n                            \n        <\/a>\n                <div class=\"overlay grid-hover-content\"><\/div>\n                        <\/div>\n\t\t\t\n\t\t\t<div class=\"entry-title-wrapper\"><h3 class=\"entry-title\"><a data-id=\"13006\" href=\"https:\/\/www.esla.eu\/de\/sektoren\/logistiksektor\/\" class=\"tpg-post-link\" target=\"_self\">Logistiksektor<\/a><\/h3><\/div>\n\t\t\t\n\n\t\t\t\n\t\t\t        <\/div>\n    <\/div>\n<\/div>\n<div class=\"rt-col-md-4 rt-col-sm-6 rt-col-xs-12 img_zoom_in rt-grid-item post-12965 page type-page status-publish has-post-thumbnail hentry\"        data-id=\"12965\">\n    <div class=\"rt-holder tpg-post-holder \">\n        <div class=\"rt-detail rt-el-content-wrapper\">\n\t\t\t                <div class=\"rt-img-holder tpg-el-image-wrap has-thumbnail\">\n\t\t\t\t\t<a data-id=\"12965\" href=\"https:\/\/www.esla.eu\/de\/sektoren\/luftfahrtsektor\/\" class=\"tpg-post-link\" target=\"_self\">                        <img loading=\"lazy\" decoding=\"async\" src=\"https:\/\/www.esla.eu\/wp-content\/uploads\/2024\/03\/desrtAeronautic.png\"\n                             class=\"rt-img-responsive\"\n                             width=\"768\"\n                             height=\"768\"\n                             alt=\"Luftfahrtsektor\">\n                        \n                            \n        <\/a>\n                <div class=\"overlay grid-hover-content\"><\/div>\n                        <\/div>\n\t\t\t\n\t\t\t<div class=\"entry-title-wrapper\"><h3 class=\"entry-title\"><a data-id=\"12965\" href=\"https:\/\/www.esla.eu\/de\/sektoren\/luftfahrtsektor\/\" class=\"tpg-post-link\" target=\"_self\">Luftfahrtsektor<\/a><\/h3><\/div>\n\t\t\t\n\n\t\t\t\n\t\t\t        <\/div>\n    <\/div>\n<\/div>\n<div class=\"rt-col-md-4 rt-col-sm-6 rt-col-xs-12 img_zoom_in rt-grid-item post-13080 page type-page status-publish has-post-thumbnail hentry\"        data-id=\"13080\">\n    <div class=\"rt-holder tpg-post-holder \">\n        <div class=\"rt-detail rt-el-content-wrapper\">\n\t\t\t                <div class=\"rt-img-holder tpg-el-image-wrap has-thumbnail\">\n\t\t\t\t\t<a data-id=\"13080\" href=\"https:\/\/www.esla.eu\/de\/sektoren\/railway-sector\/\" class=\"tpg-post-link\" target=\"_self\">                        <img loading=\"lazy\" decoding=\"async\" src=\"https:\/\/www.esla.eu\/wp-content\/uploads\/2026\/02\/0-2001374.webp\"\n                             class=\"rt-img-responsive\"\n                             width=\"920\"\n                             height=\"920\"\n                             alt=\"Railway Sector\">\n                        \n                            \n        <\/a>\n                <div class=\"overlay grid-hover-content\"><\/div>\n                        <\/div>\n\t\t\t\n\t\t\t<div class=\"entry-title-wrapper\"><h3 class=\"entry-title\"><a data-id=\"13080\" href=\"https:\/\/www.esla.eu\/de\/sektoren\/railway-sector\/\" class=\"tpg-post-link\" target=\"_self\">Railway Sector<\/a><\/h3><\/div>\n\t\t\t\n\n\t\t\t\n\t\t\t        <\/div>\n    <\/div>\n<\/div>\n<div class=\"rt-col-md-4 rt-col-sm-6 rt-col-xs-12 img_zoom_in rt-grid-item post-13045 page type-page status-publish has-post-thumbnail hentry\"        data-id=\"13045\">\n    <div class=\"rt-holder tpg-post-holder \">\n        <div class=\"rt-detail rt-el-content-wrapper\">\n\t\t\t                <div class=\"rt-img-holder tpg-el-image-wrap has-thumbnail\">\n\t\t\t\t\t<a data-id=\"13045\" href=\"https:\/\/www.esla.eu\/de\/sektoren\/sektor-der-maschinenbauer\/\" class=\"tpg-post-link\" target=\"_self\">                        <img loading=\"lazy\" decoding=\"async\" src=\"https:\/\/www.esla.eu\/wp-content\/uploads\/2024\/03\/destFabricant-Maquinaria.png\"\n                             class=\"rt-img-responsive\"\n                             width=\"509\"\n                             height=\"509\"\n                             alt=\"Sektor der Maschinenbauer\">\n                        \n                            \n        <\/a>\n                <div class=\"overlay grid-hover-content\"><\/div>\n                        <\/div>\n\t\t\t\n\t\t\t<div class=\"entry-title-wrapper\"><h3 class=\"entry-title\"><a data-id=\"13045\" href=\"https:\/\/www.esla.eu\/de\/sektoren\/sektor-der-maschinenbauer\/\" class=\"tpg-post-link\" target=\"_self\">Sektor der Maschinenbauer<\/a><\/h3><\/div>\n\t\t\t\n\n\t\t\t\n\t\t\t        <\/div>\n    <\/div>\n<\/div>\n<div class=\"rt-col-md-4 rt-col-sm-6 rt-col-xs-12 img_zoom_in rt-grid-item post-13107 page type-page status-publish has-post-thumbnail hentry\"        data-id=\"13107\">\n    <div class=\"rt-holder tpg-post-holder \">\n        <div class=\"rt-detail rt-el-content-wrapper\">\n\t\t\t                <div class=\"rt-img-holder tpg-el-image-wrap has-thumbnail\">\n\t\t\t\t\t<a data-id=\"13107\" href=\"https:\/\/www.esla.eu\/de\/sektoren\/transportsektor\/\" class=\"tpg-post-link\" target=\"_self\">                        <img loading=\"lazy\" decoding=\"async\" src=\"https:\/\/www.esla.eu\/wp-content\/uploads\/2024\/03\/destTRansport.png\"\n                             class=\"rt-img-responsive\"\n                             width=\"1080\"\n                             height=\"1080\"\n                             alt=\"Transportsektor\">\n                        \n                            \n        <\/a>\n                <div class=\"overlay grid-hover-content\"><\/div>\n                        <\/div>\n\t\t\t\n\t\t\t<div class=\"entry-title-wrapper\"><h3 class=\"entry-title\"><a data-id=\"13107\" href=\"https:\/\/www.esla.eu\/de\/sektoren\/transportsektor\/\" class=\"tpg-post-link\" target=\"_self\">Transportsektor<\/a><\/h3><\/div>\n\t\t\t\n\n\t\t\t\n\t\t\t        <\/div>\n    <\/div>\n<\/div>\n\t\t\t<\/div>\n\t\t\t\n\t\t<\/div>\n\t\t\t\t\t\t<\/div>\n\t\t\t\t<\/div>\n\t\t\t\t\t<\/div>\n\t\t<\/div>\n\t\t\t\t\t<\/div>\n\t\t<\/section>\n\t\t\t\t<section class=\"elementor-section elementor-top-section elementor-element elementor-element-67152c8 elementor-section-boxed elementor-section-height-default elementor-section-height-default\" data-id=\"67152c8\" data-element_type=\"section\" data-e-type=\"section\" data-settings=\"{&quot;background_background&quot;:&quot;classic&quot;}\">\n\t\t\t\t\t\t<div class=\"elementor-container elementor-column-gap-default\">\n\t\t\t\t\t<div class=\"elementor-column elementor-col-100 elementor-top-column elementor-element elementor-element-cbf5265 animated-slow elementor-invisible\" data-id=\"cbf5265\" data-element_type=\"column\" data-e-type=\"column\" data-settings=\"{&quot;animation&quot;:&quot;fadeIn&quot;,&quot;animation_mobile&quot;:&quot;none&quot;}\">\n\t\t\t<div class=\"elementor-widget-wrap elementor-element-populated\">\n\t\t\t\t\t\t<div class=\"elementor-element elementor-element-040cbd5 elementor-widget elementor-widget-heading\" data-id=\"040cbd5\" data-element_type=\"widget\" data-e-type=\"widget\" data-widget_type=\"heading.default\">\n\t\t\t\t<div class=\"elementor-widget-container\">\n\t\t\t\t\t<h2 class=\"elementor-heading-title elementor-size-default\">Projekte &amp; kundenspezifische L\u00f6sungen<\/h2>\t\t\t\t<\/div>\n\t\t\t\t<\/div>\n\t\t\t\t<div class=\"elementor-element elementor-element-4d3f130 elementor-widget elementor-widget-text-editor\" data-id=\"4d3f130\" data-element_type=\"widget\" data-e-type=\"widget\" data-widget_type=\"text-editor.default\">\n\t\t\t\t<div class=\"elementor-widget-container\">\n\t\t\t\t\t\t\t\t\t<p>Beispiele f\u00fcr kundenspezifische Industrieprojekte, bei denen ESLA ma\u00dfgeschneiderte Zugangsl\u00f6sungen, wie Industrietreppen, Arbeitsplattformen, mobile Ger\u00fcste und Sonderkonstruktionen, f\u00fcr anspruchsvolle Einsatzbereiche realisiert hat.<\/p>\t\t\t\t\t\t\t\t<\/div>\n\t\t\t\t<\/div>\n\t\t\t\t<div class=\"elementor-element elementor-element-d533d13 elementor-widget-divider--view-line elementor-widget elementor-widget-divider\" data-id=\"d533d13\" data-element_type=\"widget\" data-e-type=\"widget\" data-widget_type=\"divider.default\">\n\t\t\t\t<div class=\"elementor-widget-container\">\n\t\t\t\t\t\t\t<div class=\"elementor-divider\">\n\t\t\t<span class=\"elementor-divider-separator\">\n\t\t\t\t\t\t<\/span>\n\t\t<\/div>\n\t\t\t\t\t\t<\/div>\n\t\t\t\t<\/div>\n\t\t\t\t<div class=\"elementor-element elementor-element-55f2c39 title_hover_border_enable title-two-line img_hover_animation_img_zoom_in title-alignment-center title_position_default grid-hover-overlay-type-always tpg-el-box-border-enable tpg-border-bottom-disable elementor-widget elementor-widget-tpg-grid-layout\" data-id=\"55f2c39\" data-element_type=\"widget\" data-e-type=\"widget\" data-widget_type=\"tpg-grid-layout.default\">\n\t\t\t\t<div class=\"elementor-widget-container\">\n\t\t\t\t\t\t\t<div class=\"rt-container-fluid rt-tpg-container tpg-el-main-wrapper clearfix grid-layout1-main \"\n\t\t\t id=\"rt-tpg-container-3391854878\"\n\t\t\t data-layout=\"grid-layout1\"\n\t\t\t data-grid-style=\"tpg-full-height\"\n\t\t\t data-sc-id=\"elementor\"\n\t\t\t data-el-settings=''\n\t\t\t data-el-query=''\n\t\t\t data-el-path=''\n\t\t>\n\t\t\t\t\t\t\t<div id=\"bottom-script-loader\" class=\"bottom-script-loader\">\n\t\t\t\t\t<div class=\"rt-ball-clip-rotate\">\n\t\t\t\t\t\t<div><\/div>\n\t\t\t\t\t<\/div>\n\t\t\t\t<\/div>\n\t\t\t\t\t\t\t<div class='tpg-header-wrapper '>\n\t\t\t\t\t\t\t<\/div>\n\n\t\t\t<div data-title=\"Loading ...\" class=\"rt-row rt-content-loader grid-layout1 grid-behaviour tpg-full-height grid_layout_wrapper\">\n\t\t\t\t<div class=\"rt-col-md-4 rt-col-sm-6 rt-col-xs-12 img_zoom_in rt-grid-item post-13383 post type-post status-publish format-standard has-post-thumbnail hentry category-projekte\"        data-id=\"13383\">\n    <div class=\"rt-holder tpg-post-holder \">\n        <div class=\"rt-detail rt-el-content-wrapper\">\n\t\t\t                <div class=\"rt-img-holder tpg-el-image-wrap has-thumbnail\">\n\t\t\t\t\t<a data-id=\"13383\" href=\"https:\/\/www.esla.eu\/de\/1010006-mobile-arbeitsbuehne\/\" class=\"tpg-post-link\" target=\"_self\">                        <img loading=\"lazy\" decoding=\"async\" src=\"https:\/\/www.esla.eu\/wp-content\/uploads\/2024\/10\/21cf71e9-c2a3-436b-8b14-dc66f7d3b2a2-scaled-e1729093808226.jpg\"\n                             class=\"rt-img-responsive\"\n                             width=\"1604\"\n                             height=\"1617\"\n                             alt=\"1010006 &#8211; Mobile Arbeitsb\u00fchne\">\n                        \n                            \n        <\/a>\n                <div class=\"overlay grid-hover-content\"><\/div>\n                        <\/div>\n\t\t\t\n\t\t\t<div class=\"entry-title-wrapper\"><h3 class=\"entry-title\"><a data-id=\"13383\" href=\"https:\/\/www.esla.eu\/de\/1010006-mobile-arbeitsbuehne\/\" class=\"tpg-post-link\" target=\"_self\">1010006 &#8211; Mobile Arbeitsb\u00fchne<\/a><\/h3><\/div>\n\t\t\t\n\n\t\t\t\n\t\t\t        <\/div>\n    <\/div>\n<\/div>\n<div class=\"rt-col-md-4 rt-col-sm-6 rt-col-xs-12 img_zoom_in rt-grid-item post-13374 post type-post status-publish format-standard has-post-thumbnail hentry category-projekte\"        data-id=\"13374\">\n    <div class=\"rt-holder tpg-post-holder \">\n        <div class=\"rt-detail rt-el-content-wrapper\">\n\t\t\t                <div class=\"rt-img-holder tpg-el-image-wrap has-thumbnail\">\n\t\t\t\t\t<a data-id=\"13374\" href=\"https:\/\/www.esla.eu\/de\/2001222-zugangsplatformen-fuer-ballenpressen\/\" class=\"tpg-post-link\" target=\"_self\">                        <img loading=\"lazy\" decoding=\"async\" src=\"https:\/\/www.esla.eu\/wp-content\/uploads\/2025\/09\/PRINCIPAL-scaled-e1756980547291.jpeg\"\n                             class=\"rt-img-responsive\"\n                             width=\"1988\"\n                             height=\"2005\"\n                             alt=\"2001222 \u2013 Zugangsplatformen f\u00fcr Ballenpressen\">\n                        \n                            \n        <\/a>\n                <div class=\"overlay grid-hover-content\"><\/div>\n                        <\/div>\n\t\t\t\n\t\t\t<div class=\"entry-title-wrapper\"><h3 class=\"entry-title\"><a data-id=\"13374\" href=\"https:\/\/www.esla.eu\/de\/2001222-zugangsplatformen-fuer-ballenpressen\/\" class=\"tpg-post-link\" target=\"_self\">2001222 \u2013 Zugangsplatformen f\u00fcr Ballenpressen<\/a><\/h3><\/div>\n\t\t\t\n\n\t\t\t\n\t\t\t        <\/div>\n    <\/div>\n<\/div>\n<div class=\"rt-col-md-4 rt-col-sm-6 rt-col-xs-12 img_zoom_in rt-grid-item post-13348 post type-post status-publish format-standard has-post-thumbnail hentry category-projekte\"        data-id=\"13348\">\n    <div class=\"rt-holder tpg-post-holder \">\n        <div class=\"rt-detail rt-el-content-wrapper\">\n\t\t\t                <div class=\"rt-img-holder tpg-el-image-wrap has-thumbnail\">\n\t\t\t\t\t<a data-id=\"13348\" href=\"https:\/\/www.esla.eu\/de\/2001559-dachzugangsplattform-fuer-busse\/\" class=\"tpg-post-link\" target=\"_self\">                        <img loading=\"lazy\" decoding=\"async\" src=\"https:\/\/www.esla.eu\/wp-content\/uploads\/2024\/08\/2001559-neutre-1-scaled-e1724754542893.jpg\"\n                             class=\"rt-img-responsive\"\n                             width=\"2048\"\n                             height=\"1612\"\n                             alt=\"2001559 &#8211; Dachzugangsplattform f\u00fcr Busse\">\n                        \n                            \n        <\/a>\n                <div class=\"overlay grid-hover-content\"><\/div>\n                        <\/div>\n\t\t\t\n\t\t\t<div class=\"entry-title-wrapper\"><h3 class=\"entry-title\"><a data-id=\"13348\" href=\"https:\/\/www.esla.eu\/de\/2001559-dachzugangsplattform-fuer-busse\/\" class=\"tpg-post-link\" target=\"_self\">2001559 &#8211; Dachzugangsplattform f\u00fcr Busse<\/a><\/h3><\/div>\n\t\t\t\n\n\t\t\t\n\t\t\t        <\/div>\n    <\/div>\n<\/div>\n<div class=\"rt-col-md-4 rt-col-sm-6 rt-col-xs-12 img_zoom_in rt-grid-item post-13349 post type-post status-publish format-standard has-post-thumbnail hentry category-projekte\"        data-id=\"13349\">\n    <div class=\"rt-holder tpg-post-holder \">\n        <div class=\"rt-detail rt-el-content-wrapper\">\n\t\t\t                <div class=\"rt-img-holder tpg-el-image-wrap has-thumbnail\">\n\t\t\t\t\t<a data-id=\"13349\" href=\"https:\/\/www.esla.eu\/de\/2001574-mobile-aluminiumplattform-mit-verstellbaren-handlaeufen\/\" class=\"tpg-post-link\" target=\"_self\">                        <img loading=\"lazy\" decoding=\"async\" src=\"https:\/\/www.esla.eu\/wp-content\/uploads\/2024\/03\/2001574_01.jpg\"\n                             class=\"rt-img-responsive\"\n                             width=\"1600\"\n                             height=\"1200\"\n                             alt=\"2001574 &#8211; Mobile Aluminiumplattform mit verstellbaren Handl\u00e4ufen\">\n                        \n                            \n        <\/a>\n                <div class=\"overlay grid-hover-content\"><\/div>\n                        <\/div>\n\t\t\t\n\t\t\t<div class=\"entry-title-wrapper\"><h3 class=\"entry-title\"><a data-id=\"13349\" href=\"https:\/\/www.esla.eu\/de\/2001574-mobile-aluminiumplattform-mit-verstellbaren-handlaeufen\/\" class=\"tpg-post-link\" target=\"_self\">2001574 &#8211; Mobile Aluminiumplattform mit verstellbaren Handl\u00e4ufen<\/a><\/h3><\/div>\n\t\t\t\n\n\t\t\t\n\t\t\t        <\/div>\n    <\/div>\n<\/div>\n<div class=\"rt-col-md-4 rt-col-sm-6 rt-col-xs-12 img_zoom_in rt-grid-item post-13394 post type-post status-publish format-standard has-post-thumbnail hentry category-projekte\"        data-id=\"13394\">\n    <div class=\"rt-holder tpg-post-holder \">\n        <div class=\"rt-detail rt-el-content-wrapper\">\n\t\t\t                <div class=\"rt-img-holder tpg-el-image-wrap has-thumbnail\">\n\t\t\t\t\t<a data-id=\"13394\" href=\"https:\/\/www.esla.eu\/de\/2001579-mobile-aluminiumplattform-mit-verstellbarer-hoehe\/\" class=\"tpg-post-link\" target=\"_self\">                        <img loading=\"lazy\" decoding=\"async\" src=\"https:\/\/www.esla.eu\/wp-content\/uploads\/2024\/03\/2001579-01.jpg\"\n                             class=\"rt-img-responsive\"\n                             width=\"1600\"\n                             height=\"1200\"\n                             alt=\"2001579 &#8211; Mobile Aluminiumplattform mit verstellbarer H\u00f6he\">\n                        \n                            \n        <\/a>\n                <div class=\"overlay grid-hover-content\"><\/div>\n                        <\/div>\n\t\t\t\n\t\t\t<div class=\"entry-title-wrapper\"><h3 class=\"entry-title\"><a data-id=\"13394\" href=\"https:\/\/www.esla.eu\/de\/2001579-mobile-aluminiumplattform-mit-verstellbarer-hoehe\/\" class=\"tpg-post-link\" target=\"_self\">2001579 &#8211; Mobile Aluminiumplattform mit verstellbarer H\u00f6he<\/a><\/h3><\/div>\n\t\t\t\n\n\t\t\t\n\t\t\t        <\/div>\n    <\/div>\n<\/div>\n<div class=\"rt-col-md-4 rt-col-sm-6 rt-col-xs-12 img_zoom_in rt-grid-item post-13338 post type-post status-publish format-standard has-post-thumbnail hentry category-projekte\"        data-id=\"13338\">\n    <div class=\"rt-holder tpg-post-holder \">\n        <div class=\"rt-detail rt-el-content-wrapper\">\n\t\t\t                <div class=\"rt-img-holder tpg-el-image-wrap has-thumbnail\">\n\t\t\t\t\t<a data-id=\"13338\" href=\"https:\/\/www.esla.eu\/de\/2001660-mobile-aluminium-hubarbeitsbuehne-fuer-die-instandhaltung-von-eisenbahnen\/\" class=\"tpg-post-link\" target=\"_self\">                        <img loading=\"lazy\" decoding=\"async\" src=\"https:\/\/www.esla.eu\/wp-content\/uploads\/2024\/07\/2001660-15-rotated-e1720787503295.jpg\"\n                             class=\"rt-img-responsive\"\n                             width=\"1306\"\n                             height=\"1741\"\n                             alt=\"2001660 &#8211; Mobile Aluminium-Hubarbeitsb\u00fchne f\u00fcr die Instandhaltung von Eisenbahnen\">\n                        \n                            \n        <\/a>\n                <div class=\"overlay grid-hover-content\"><\/div>\n                        <\/div>\n\t\t\t\n\t\t\t<div class=\"entry-title-wrapper\"><h3 class=\"entry-title\"><a data-id=\"13338\" href=\"https:\/\/www.esla.eu\/de\/2001660-mobile-aluminium-hubarbeitsbuehne-fuer-die-instandhaltung-von-eisenbahnen\/\" class=\"tpg-post-link\" target=\"_self\">2001660 &#8211; Mobile Aluminium-Hubarbeitsb\u00fchne f\u00fcr die Instandhaltung von Eisenbahnen<\/a><\/h3><\/div>\n\t\t\t\n\n\t\t\t\n\t\t\t        <\/div>\n    <\/div>\n<\/div>\n\t\t\t<\/div>\n\t\t\t\n\t\t<\/div>\n\t\t\t\t\t\t<\/div>\n\t\t\t\t<\/div>\n\t\t\t\t\t<\/div>\n\t\t<\/div>\n\t\t\t\t\t<\/div>\n\t\t<\/section>\n\t\t\t\t<section class=\"elementor-section elementor-top-section elementor-element elementor-element-abfdc4b elementor-section-boxed elementor-section-height-default elementor-section-height-default\" data-id=\"abfdc4b\" data-element_type=\"section\" data-e-type=\"section\" id=\"catalog\" data-settings=\"{&quot;background_background&quot;:&quot;gradient&quot;}\">\n\t\t\t\t\t\t\t<div class=\"elementor-background-overlay\"><\/div>\n\t\t\t\t\t\t\t<div class=\"elementor-container elementor-column-gap-default\">\n\t\t\t\t\t<div class=\"elementor-column elementor-col-100 elementor-top-column elementor-element elementor-element-57ff78e animated-slow elementor-invisible\" data-id=\"57ff78e\" data-element_type=\"column\" data-e-type=\"column\" data-settings=\"{&quot;animation&quot;:&quot;fadeIn&quot;,&quot;animation_mobile&quot;:&quot;none&quot;}\">\n\t\t\t<div class=\"elementor-widget-wrap elementor-element-populated\">\n\t\t\t\t\t\t<section class=\"elementor-section elementor-inner-section elementor-element elementor-element-140c0ad elementor-section-boxed elementor-section-height-default elementor-section-height-default\" data-id=\"140c0ad\" data-element_type=\"section\" data-e-type=\"section\">\n\t\t\t\t\t\t<div class=\"elementor-container elementor-column-gap-default\">\n\t\t\t\t\t<div class=\"elementor-column elementor-col-50 elementor-inner-column elementor-element elementor-element-f139e4a\" data-id=\"f139e4a\" data-element_type=\"column\" data-e-type=\"column\">\n\t\t\t<div class=\"elementor-widget-wrap elementor-element-populated\">\n\t\t\t\t\t\t<div class=\"elementor-element elementor-element-4a08cab elementor-widget elementor-widget-image\" data-id=\"4a08cab\" data-element_type=\"widget\" data-e-type=\"widget\" data-widget_type=\"image.default\">\n\t\t\t\t<div class=\"elementor-widget-container\">\n\t\t\t\t\t\t\t\t\t\t\t\t\t\t\t<img loading=\"lazy\" decoding=\"async\" width=\"845\" height=\"1024\" src=\"https:\/\/www.esla.eu\/wp-content\/uploads\/2024\/05\/CATOLOGO-1-845x1024.png\" class=\"attachment-large size-large wp-image-12890\" alt=\"Cat\u00e1logo ESLA 2024\" srcset=\"https:\/\/www.esla.eu\/wp-content\/uploads\/2024\/05\/CATOLOGO-1-845x1024.png 845w, https:\/\/www.esla.eu\/wp-content\/uploads\/2024\/05\/CATOLOGO-1-248x300.png 248w, https:\/\/www.esla.eu\/wp-content\/uploads\/2024\/05\/CATOLOGO-1-768x931.png 768w, https:\/\/www.esla.eu\/wp-content\/uploads\/2024\/05\/CATOLOGO-1-1267x1536.png 1267w, https:\/\/www.esla.eu\/wp-content\/uploads\/2024\/05\/CATOLOGO-1-495x600.png 495w, https:\/\/www.esla.eu\/wp-content\/uploads\/2024\/05\/CATOLOGO-1-83x100.png 83w, https:\/\/www.esla.eu\/wp-content\/uploads\/2024\/05\/CATOLOGO-1.png 1320w\" sizes=\"(max-width: 845px) 100vw, 845px\" \/>\t\t\t\t\t\t\t\t\t\t\t\t\t\t\t<\/div>\n\t\t\t\t<\/div>\n\t\t\t\t\t<\/div>\n\t\t<\/div>\n\t\t\t\t<div class=\"elementor-column elementor-col-50 elementor-inner-column elementor-element elementor-element-74b83e9 blur\" data-id=\"74b83e9\" data-element_type=\"column\" data-e-type=\"column\">\n\t\t\t<div class=\"elementor-widget-wrap elementor-element-populated\">\n\t\t\t\t\t\t<div class=\"elementor-element elementor-element-5ad2cf4 elementor-widget elementor-widget-heading\" data-id=\"5ad2cf4\" data-element_type=\"widget\" data-e-type=\"widget\" data-widget_type=\"heading.default\">\n\t\t\t\t<div class=\"elementor-widget-container\">\n\t\t\t\t\t<h2 class=\"elementor-heading-title elementor-size-default\">ESLA Catalog 2024<\/h2>\t\t\t\t<\/div>\n\t\t\t\t<\/div>\n\t\t\t\t<div class=\"elementor-element elementor-element-96b3c23 elementor-widget elementor-widget-heading\" data-id=\"96b3c23\" data-element_type=\"widget\" data-e-type=\"widget\" data-widget_type=\"heading.default\">\n\t\t\t\t<div class=\"elementor-widget-container\">\n\t\t\t\t\t<p class=\"elementor-heading-title elementor-size-default\">Entdecken Sie die Vielfalt der ESLA-Produkte und finden Sie die passende Zugangstechnik. Leitern, Treppenausr\u00fcstung, Fahrger\u00fcste, Arbeitsb\u00fchnen, Br\u00fcckentreppen und alle Arten von L\u00f6sungen f\u00fcr die Bereiche Bahn, Luftfahrt, Transport, Maschinenbau, Logistiklager und die Industrie im Allgemeinen.<\/p>\t\t\t\t<\/div>\n\t\t\t\t<\/div>\n\t\t\t\t<div class=\"elementor-element elementor-element-0dfc36f elementor-mobile-align-center elementor-widget elementor-widget-button\" data-id=\"0dfc36f\" data-element_type=\"widget\" data-e-type=\"widget\" data-widget_type=\"button.default\">\n\t\t\t\t<div class=\"elementor-widget-container\">\n\t\t\t\t\t\t\t\t\t<div class=\"elementor-button-wrapper\">\n\t\t\t\t\t<a class=\"elementor-button elementor-button-link elementor-size-sm\" href=\"\/wp-content\/uploads\/2024\/05\/Catalog-ESLA-ENG-quick-view.pdf\" target=\"_blank\">\n\t\t\t\t\t\t<span class=\"elementor-button-content-wrapper\">\n\t\t\t\t\t\t<span class=\"elementor-button-icon\">\n\t\t\t\t<svg aria-hidden=\"true\" class=\"e-font-icon-svg e-far-file-pdf\" viewBox=\"0 0 384 512\" xmlns=\"http:\/\/www.w3.org\/2000\/svg\"><path d=\"M369.9 97.9L286 14C277 5 264.8-.1 252.1-.1H48C21.5 0 0 21.5 0 48v416c0 26.5 21.5 48 48 48h288c26.5 0 48-21.5 48-48V131.9c0-12.7-5.1-25-14.1-34zM332.1 128H256V51.9l76.1 76.1zM48 464V48h160v104c0 13.3 10.7 24 24 24h104v288H48zm250.2-143.7c-12.2-12-47-8.7-64.4-6.5-17.2-10.5-28.7-25-36.8-46.3 3.9-16.1 10.1-40.6 5.4-56-4.2-26.2-37.8-23.6-42.6-5.9-4.4 16.1-.4 38.5 7 67.1-10 23.9-24.9 56-35.4 74.4-20 10.3-47 26.2-51 46.2-3.3 15.8 26 55.2 76.1-31.2 22.4-7.4 46.8-16.5 68.4-20.1 18.9 10.2 41 17 55.8 17 25.5 0 28-28.2 17.5-38.7zm-198.1 77.8c5.1-13.7 24.5-29.5 30.4-35-19 30.3-30.4 35.7-30.4 35zm81.6-190.6c7.4 0 6.7 32.1 1.8 40.8-4.4-13.9-4.3-40.8-1.8-40.8zm-24.4 136.6c9.7-16.9 18-37 24.7-54.7 8.3 15.1 18.9 27.2 30.1 35.5-20.8 4.3-38.9 13.1-54.8 19.2zm131.6-5s-5 6-37.3-7.8c35.1-2.6 40.9 5.4 37.3 7.8z\"><\/path><\/svg>\t\t\t<\/span>\n\t\t\t\t\t\t\t\t\t<span class=\"elementor-button-text\">Herunterladen<\/span>\n\t\t\t\t\t<\/span>\n\t\t\t\t\t<\/a>\n\t\t\t\t<\/div>\n\t\t\t\t\t\t\t\t<\/div>\n\t\t\t\t<\/div>\n\t\t\t\t\t<\/div>\n\t\t<\/div>\n\t\t\t\t\t<\/div>\n\t\t<\/section>\n\t\t\t\t\t<\/div>\n\t\t<\/div>\n\t\t\t\t\t<\/div>\n\t\t<\/section>\n\t\t\t\t<\/div>\n\t\t","protected":false},"excerpt":{"rendered":"<p>ESLAEuropeanSpecial Ladders Ingenieurwesen auf h\u00f6chstem Niveau seit 2000 Industrietreppen, Arbeitsplattformen und mobile Ger\u00fcste Wir entwickeln, standardisieren und fertigen Industrietreppen, Arbeitsplattformen und mobile Ger\u00fcste aus Aluminium und anderen hochwertigen Materialien. Dar\u00fcber hinaus realisieren wir ma\u00dfgeschneiderte Zugangsl\u00f6sungen f\u00fcr unterschiedlichste Branchen, darunter Schienenverkehr, Luftfahrt, erneuerbare Energien und Maschinenbau. Industriebranchen Bei ESLA entwickeln und realisieren wir ma\u00dfgeschneiderte Zugangsl\u00f6sungen f\u00fcr [&hellip;]<\/p>\n","protected":false},"author":1,"featured_media":0,"parent":0,"menu_order":0,"comment_status":"closed","ping_status":"closed","template":"page-templates\/pagebuilder.php","meta":{"inline_featured_image":false,"footnotes":""},"class_list":["post-12879","page","type-page","status-publish","hentry"],"rttpg_featured_image_url":null,"rttpg_author":{"display_name":"crealogica","author_link":"https:\/\/www.esla.eu\/de\/author\/crealogica\/"},"rttpg_comment":0,"rttpg_category":"","rttpg_excerpt":"ESLAEuropeanSpecial Ladders Ingenieurwesen auf h\u00f6chstem Niveau seit 2000 Industrietreppen, Arbeitsplattformen und mobile Ger\u00fcste Wir entwickeln, standardisieren und fertigen Industrietreppen, Arbeitsplattformen und mobile Ger\u00fcste aus Aluminium und anderen hochwertigen Materialien. Dar\u00fcber hinaus realisieren wir ma\u00dfgeschneiderte Zugangsl\u00f6sungen f\u00fcr unterschiedlichste Branchen, darunter Schienenverkehr, Luftfahrt, erneuerbare Energien und Maschinenbau. Industriebranchen Bei ESLA entwickeln und realisieren wir ma\u00dfgeschneiderte Zugangsl\u00f6sungen f\u00fcr&hellip;","_links":{"self":[{"href":"https:\/\/www.esla.eu\/de\/wp-json\/wp\/v2\/pages\/12879","targetHints":{"allow":["GET"]}}],"collection":[{"href":"https:\/\/www.esla.eu\/de\/wp-json\/wp\/v2\/pages"}],"about":[{"href":"https:\/\/www.esla.eu\/de\/wp-json\/wp\/v2\/types\/page"}],"author":[{"embeddable":true,"href":"https:\/\/www.esla.eu\/de\/wp-json\/wp\/v2\/users\/1"}],"replies":[{"embeddable":true,"href":"https:\/\/www.esla.eu\/de\/wp-json\/wp\/v2\/comments?post=12879"}],"version-history":[{"count":38,"href":"https:\/\/www.esla.eu\/de\/wp-json\/wp\/v2\/pages\/12879\/revisions"}],"predecessor-version":[{"id":15584,"href":"https:\/\/www.esla.eu\/de\/wp-json\/wp\/v2\/pages\/12879\/revisions\/15584"}],"wp:attachment":[{"href":"https:\/\/www.esla.eu\/de\/wp-json\/wp\/v2\/media?parent=12879"}],"curies":[{"name":"wp","href":"https:\/\/api.w.org\/{rel}","templated":true}]}}