{"id":12922,"date":"2024-02-28T08:52:41","date_gmt":"2024-02-28T07:52:41","guid":{"rendered":"https:\/\/www.esla.eu\/policy-and-privacy\/"},"modified":"2026-01-26T20:35:44","modified_gmt":"2026-01-26T19:35:44","slug":"datenschutzrichtlinien","status":"publish","type":"page","link":"https:\/\/www.esla.eu\/de\/datenschutzrichtlinien\/","title":{"rendered":"Datenschutzrichtlinien"},"content":{"rendered":"\n<h3 class=\"wp-block-heading\">Welche Informationen sammeln wir?<\/h3>\n\n<p>Wir sammeln Informationen, wenn Sie sich auf unserer Website registrieren, eine Bestellung aufgeben, unseren Newsletter abonnieren oder ein Formular ausf\u00fcllen.<\/p>\n\n<p>Bei der Bestellung oder Registrierung auf unserer Seite, falls zutreffend, werden Sie m\u00f6glicherweise gebeten, Ihren Namen, Ihre E-Mail-Adresse oder Postadresse einzugeben. Sie k\u00f6nnen unsere Website jedoch auch anonym besuchen.<\/p>\n\n<h3 class=\"wp-block-heading\">Warum verwenden wir Ihre Informationen?<\/h3>\n\n<p>Alle Informationen, die wir sammeln, k\u00f6nnen auf eine der folgenden Weisen verwendet werden:<\/p>\n\n<ul class=\"wp-block-list\">\n<li>Um Ihre Erfahrung zu personalisieren (Ihre Informationen helfen uns, besser auf Ihre individuellen Bed\u00fcrfnisse einzugehen)<\/li>\n\n<li>Um unsere Website zu verbessern (wir bem\u00fchen uns st\u00e4ndig, unser Website-Angebot basierend auf den Informationen und R\u00fcckmeldungen, die wir erhalten, zu verbessern)<\/li>\n\n<li>Um den Kundenservice zu verbessern (Ihre Informationen helfen uns, effektiver auf Ihre Kundenservice-Anfragen und Support-Bed\u00fcrfnisse zu reagieren)<\/li>\n\n<li>Um Transaktionen zu bearbeiten<\/li>\n<\/ul>\n\n<p>o Ihre Informationen, ob \u00f6ffentlich oder privat, werden nicht verkauft, \u00fcbertragen, weitergegeben oder aus irgendeinem Grund an ein anderes Unternehmen weitergegeben, ohne Ihre Zustimmung, au\u00dfer zum ausdr\u00fccklichen Zweck der Lieferung des Produkts oder der Dienstleistung.<\/p>\n\n<ul class=\"wp-block-list\">\n<li>Um ein Gewinnspiel, eine Aktion, eine Umfrage oder eine andere Website-Funktion zu verwalten<\/li>\n\n<li>Um regelm\u00e4\u00dfige E-Mails zu senden<\/li>\n<\/ul>\n\n<p>o Die E-Mail-Adresse, die Sie f\u00fcr die Bestellbearbeitung angeben, kann verwendet werden, um Ihnen Informationen und Updates zu Ihrer Bestellung zu senden, zus\u00e4tzlich zu gelegentlichen Unternehmensnachrichten, Updates, Informationen zu Produkten oder Dienstleistungen usw.<\/p>\n\n<p>Hinweis: Sie k\u00f6nnen sich jederzeit direkt, einfach und kostenlos von diesen Mitteilungen abmelden.<\/p>\n\n<h3 class=\"wp-block-heading\">Wie sch\u00fctzen wir Ihre Informationen?<\/h3>\n\n<p>Wir implementieren verschiedene Sicherheitsma\u00dfnahmen, um die Sicherheit Ihrer pers\u00f6nlichen Informationen zu gew\u00e4hrleisten, wenn Sie eine Bestellung aufgeben oder Ihre pers\u00f6nlichen Informationen eingeben, \u00fcbermitteln oder darauf zugreifen.<\/p>\n\n<p>Wir bieten die Nutzung eines sicheren Servers. Alle vertraulichen Informationen, die \u00fcbermittelt werden, werden mittels Secure Socket Layer (SSL)-Technologie \u00fcbertragen und anschlie\u00dfend in den Systemen der Zahlungsdienstleister verschl\u00fcsselt, sodass sie nur von denjenigen mit speziellen Zugriffsrechten auf diese Systeme zug\u00e4nglich sind und stets dazu verpflichtet sind, die Informationen vertraulich zu behandeln.<\/p>\n\n<h3 class=\"wp-block-heading\">Verwenden wir Cookies?<\/h3>\n\n<p>Ja (Cookies sind kleine Dateien, die eine Website oder ihr Dienstanbieter \u00fcber Ihren Webbrowser auf die Festplatte Ihres Computers \u00fcbertr\u00e4gt \u2013 wenn Ihr Browser dies zul\u00e4sst \u2013 und die es den Websites oder Dienstanbietern erm\u00f6glichen, den Browser zu erkennen und bestimmte Informationen zu erfassen und zu speichern).<\/p>\n<!-- \/wp:post-content --><!-- wp:paragraph {\"translatedWithWPMLTM\":\"1\"} -->\n<p>Wir verwenden Cookies, um uns zu helfen, Artikel in Ihrem Warenkorb zu speichern und zu verarbeiten, Ihre Pr\u00e4ferenzen f\u00fcr zuk\u00fcnftige Besuche zu verstehen und zu speichern und Anzeigen zu verfolgen.<\/p>\n<!-- \/wp:paragraph --><!-- wp:heading {\"level\":3,\"translatedWithWPMLTM\":\"1\"} -->\n<h3>Geben wir Informationen an Dritte weiter?<\/h3>\n<!-- \/wp:heading --><!-- wp:paragraph {\"translatedWithWPMLTM\":\"1\"} -->\n<p>Wir verkaufen, handeln oder \u00fcbertragen Ihre personenbezogenen Daten nicht an Dritte. Dies schlie\u00dft vertrauensw\u00fcrdige Dritte ein, die uns bei der Verwaltung unserer Website, der Durchf\u00fchrung unserer Gesch\u00e4fte oder der Erf\u00fcllung von Bestellungen unterst\u00fctzen, solange diese Parteien zustimmen, diese Informationen vertraulich zu behandeln. Wir sind auch verpflichtet, Ihre Informationen bereitzustellen, wenn dies von der Verwaltung der Justiz oder anderen staatlichen Stellen gefordert wird, sowie wenn wir verpflichtet sind, unsere Richtlinien, den Schutz unserer Rechte oder die Rechte Dritter, deren Eigentum oder Sicherheit zu wahren. Nicht identifizierende Informationen k\u00f6nnen jedoch an andere Parteien f\u00fcr Marketing-, Werbe- oder andere Zwecke weitergegeben werden.<\/p>\n<!-- \/wp:paragraph --><!-- wp:heading {\"level\":3,\"translatedWithWPMLTM\":\"1\"} -->\n<h3>Links zu Dritten<\/h3>\n<!-- \/wp:heading --><!-- wp:paragraph {\"translatedWithWPMLTM\":\"1\"} -->\n<p>Von Zeit zu Zeit k\u00f6nnen wir nach eigenem Ermessen Produkte oder Dienstleistungen von Drittanbietern auf unserer Website einbinden oder anbieten. Diese Drittanbieter-Websites haben separate und unabh\u00e4ngige Datenschutzrichtlinien. Daher \u00fcbernehmen wir keine Verantwortung f\u00fcr die Inhalte und Aktivit\u00e4ten dieser verlinkten Websites. Wir bem\u00fchen uns jedoch, die Integrit\u00e4t unserer Website zu sch\u00fctzen und begr\u00fc\u00dfen jedes Feedback zu diesen Seiten.<\/p>\n<!-- \/wp:paragraph --><!-- wp:heading {\"level\":3,\"translatedWithWPMLTM\":\"1\"} -->\n<h3>Nur Online-Datenschutzrichtlinie<\/h3>\n<!-- \/wp:heading --><!-- wp:paragraph {\"translatedWithWPMLTM\":\"1\"} -->\n<p>Diese Online-Datenschutzrichtlinie gilt nur f\u00fcr Informationen, die \u00fcber unsere Website gesammelt werden, und nicht f\u00fcr Informationen, die auf andere Weise gesammelt werden.<\/p>\n<!-- \/wp:paragraph --><!-- wp:heading {\"level\":3,\"translatedWithWPMLTM\":\"1\"} -->\n<h3>Ihre Zustimmung<\/h3>\n<!-- \/wp:heading --><!-- wp:paragraph {\"translatedWithWPMLTM\":\"1\"} -->\n<p>Durch die Nutzung unserer Seite akzeptieren Sie unsere Datenschutzrichtlinie.<\/p>\n<!-- \/wp:paragraph --><!-- wp:heading {\"level\":3,\"translatedWithWPMLTM\":\"1\"} -->\n<h3>\u00c4nderungen unserer Datenschutzrichtlinie<\/h3>\n<!-- \/wp:heading --><!-- wp:paragraph {\"translatedWithWPMLTM\":\"1\"} -->\n<p>Wenn wir uns entscheiden, unsere Datenschutzrichtlinie zu \u00e4ndern, werden wir diese \u00c4nderungen auf dieser Seite ver\u00f6ffentlichen und\/oder das Datum der \u00c4nderungen der Datenschutzrichtlinie unten aktualisieren.<\/p>\n<!-- \/wp:paragraph --><!-- wp:paragraph {\"translatedWithWPMLTM\":\"1\"} -->\n<p>Diese Richtlinie wurde zuletzt am 27.12.2018 ge\u00e4ndert<\/p>\n<!-- \/wp:paragraph --><!-- wp:heading {\"level\":3,\"translatedWithWPMLTM\":\"1\"} -->\n<h2>Datenschutzrichtlinie &#8211; Aspekte im Zusammenhang mit der Datenschutz-Grundverordnung (DSGVO)<\/h2>\n<!-- \/wp:heading --><!-- wp:heading {\"level\":3,\"translatedWithWPMLTM\":\"1\"} -->\n<h3>Kundenregistrierungsdatei<\/h3>\n<!-- \/wp:heading --><!-- wp:paragraph {\"translatedWithWPMLTM\":\"1\"} -->\n<p>Verantwortliche Identit\u00e4t: European Special Ladders SA &#8211; A62220801, mit Adresse in Cam\u00ed del Cementiri 23, Pol\u00edgon Industrial Can Ribot, 08319 Dosrius. Telefon 937533357 und E-Mail-Adresse info@esla.eu<\/p>\n<!-- \/wp:paragraph --><!-- wp:paragraph {\"translatedWithWPMLTM\":\"1\"} -->\n<p>Im Auftrag des Unternehmens European Special Ladders SA verarbeiten wir die Informationen, die Sie uns zur Verf\u00fcgung stellen, um unseren Service effektiv zu gestalten\/unsere Gesch\u00e4ftsbeziehung zu erf\u00fcllen und diese abzurechnen. Die bereitgestellten Daten werden so lange aufbewahrt, wie die Gesch\u00e4ftsbeziehung aufrechterhalten wird oder f\u00fcr die Jahre, die zur Erf\u00fcllung gesetzlicher Verpflichtungen erforderlich sind. Die Daten werden nicht an Dritte weitergegeben, au\u00dfer in F\u00e4llen, in denen eine gesetzliche Verpflichtung besteht. Sie haben das Recht, die Best\u00e4tigung dar\u00fcber zu erhalten, ob bei European Special Ladders SA Ihre personenbezogenen Daten verarbeitet werden, daher haben Sie das Recht, auf Ihre personenbezogenen Daten zuzugreifen, ungenaue Daten zu berichtigen oder deren L\u00f6schung zu verlangen, wenn die Daten nicht mehr notwendig sind.<\/p>\n<!-- \/wp:paragraph --><!-- wp:paragraph {\"translatedWithWPMLTM\":\"1\"} -->\n<p>Ebenso autorisieren Sie uns durch Ihre Registrierung als Kunde, Ihnen Produkte und Neuigkeiten, die f\u00fcr Sie von Interesse sein k\u00f6nnten, per E-Mail und\/oder SMS anzubieten.<\/p>\n<!-- \/wp:paragraph --><!-- wp:heading {\"level\":3,\"translatedWithWPMLTM\":\"1\"} -->\n<h3>Grundlegende E-Mail-Klausel<\/h3>\n<!-- \/wp:heading --><!-- wp:paragraph {\"translatedWithWPMLTM\":\"1\"} -->\n<p>Die m\u00f6glichen personenbezogenen Daten, die diese E-Mail enthalten k\u00f6nnte, sind ordnungsgem\u00e4\u00df durch Datenschutzbestimmungen gesch\u00fctzt, die Sie verpflichten, diese nicht f\u00fcr andere Zwecke zu verwenden als f\u00fcr den, f\u00fcr den sie an den Empf\u00e4nger gesendet wurde, und gleichzeitig einer Vertraulichkeitsverpflichtung zu unterwerfen. Folglich ist sie ausschlie\u00dflich f\u00fcr den Empf\u00e4nger bestimmt, und jede andere Person ist es untersagt, sie zu offenbaren, zu kopieren, zu verbreiten oder eine andere Handlung im Zusammenhang mit ihrem Inhalt vorzunehmen. Wenn Sie diese E-Mail f\u00e4lschlicherweise oder unvollst\u00e4ndig erhalten haben, senden Sie sie bitte an uns zur\u00fcck.<\/p>\n<!-- \/wp:paragraph --><!-- wp:table {\"translatedWithWPMLTM\":\"1\"} -->\n<figure>\n<table>\n<tbody>\n<tr>\n<td><strong>Grundlegende Informationen zum Datenschutz<\/strong><\/td>\n<\/tr>\n<tr>\n<td><strong>Zweck<\/strong>: Verwaltung der Ausf\u00fchrung der Gesch\u00e4ftsbeziehung und deren Abrechnung<\/td>\n<\/tr>\n<tr>\n<td><strong>Legitimation<\/strong>: Ausf\u00fchrung eines Vertrages<\/td>\n<\/tr>\n<tr>\n<td><strong>Speicherfrist<\/strong>: Die bereitgestellten Daten werden so lange aufbewahrt, wie die Gesch\u00e4ftsbeziehung aufrechterhalten wird oder f\u00fcr die Jahre, die zur Erf\u00fcllung gesetzlicher Verpflichtungen erforderlich sind.<\/td>\n<\/tr>\n<tr>\n<td><strong>Werbemitteilungen<\/strong>: Es wird ausdr\u00fccklich um Zustimmung gebeten, um Ihnen kommerzielle und werbliche Mitteilungen zu unseren Produkten und Dienstleistungen zu senden. Sie k\u00f6nnen die erteilte Zustimmung jederzeit widerrufen, indem Sie an info@esla.eu schreiben.<\/td>\n<\/tr>\n<tr>\n<td><strong>Empf\u00e4nger<\/strong>: Es werden keine Daten an Dritte weitergegeben, au\u00dfer wenn dies gesetzlich vorgeschrieben ist.<\/td>\n<\/tr>\n<tr>\n<td><strong>Rechte<\/strong>: Zugriff, Berichtigung und L\u00f6schung von Daten sowie die weiteren anwendbaren Rechte gem\u00e4\u00df der DSGVO<\/td>\n<\/tr>\n<\/tbody>\n<\/table>\n<\/figure>\n<!-- \/wp:table --><!-- wp:heading {\"level\":3,\"translatedWithWPMLTM\":\"1\"} -->\n<h3><br \/>Kommerzielle E-Mail-Klausel<\/h3>\n<!-- \/wp:heading --><!-- wp:paragraph {\"translatedWithWPMLTM\":\"1\"} -->\n<p>Verantwortliche Identit\u00e4t: European Special Ladders SA &#8211; A62220801, mit Adresse in Cam\u00ed del Cementiri 23, Pol\u00edgon Industrial Can Ribot, 08319 Dosrius. Telefon 937533357 und E-Mail-Adresse info@esla.eu<\/p>\n<!-- \/wp:paragraph --><!-- wp:paragraph {\"translatedWithWPMLTM\":\"1\"} -->\n<p>Im Auftrag des Unternehmens European Special Ladders SA verarbeiten wir die Informationen, die Sie uns zur Verf\u00fcgung stellen, um unseren Service effektiv zu gestalten\/unsere Gesch\u00e4ftsbeziehung zu erf\u00fcllen und diese abzurechnen. Die bereitgestellten Daten werden so lange aufbewahrt, wie die Gesch\u00e4ftsbeziehung aufrechterhalten wird oder f\u00fcr die Jahre, die zur Erf\u00fcllung gesetzlicher Verpflichtungen erforderlich sind. Die Daten werden nicht an Dritte weitergegeben, au\u00dfer in F\u00e4llen, in denen eine gesetzliche Verpflichtung besteht. Sie haben das Recht, die Best\u00e4tigung dar\u00fcber zu erhalten, ob bei European Special Ladders SA Ihre personenbezogenen Daten verarbeitet werden, daher haben Sie das Recht, auf Ihre personenbezogenen Daten zuzugreifen, ungenaue Daten zu berichtigen oder deren L\u00f6schung zu verlangen, wenn die Daten nicht mehr notwendig sind.<\/p>\n<!-- \/wp:paragraph --><!-- wp:paragraph {\"translatedWithWPMLTM\":\"1\"} -->\n<p>Wenn Sie keine kommerziellen Informationen erhalten m\u00f6chten, senden Sie uns bitte eine E-Mail an die oben angegebene Adresse, in der Sie sich ordnungsgem\u00e4\u00df identifizieren und Ihren Wunsch \u00e4u\u00dfern, aus unserem Versand-System abgemeldet zu werden.<\/p>\n<!-- \/wp:paragraph --><!-- wp:table {\"translatedWithWPMLTM\":\"1\"} -->\n<figure>\n<table>\n<tbody>\n<tr>\n<td><strong>Grundlegende Informationen zum Datenschutz<\/strong><\/td>\n<\/tr>\n<tr>\n<td><strong>Zweck<\/strong>: Verwaltung der Ausf\u00fchrung der Gesch\u00e4ftsbeziehung und deren Abrechnung<\/td>\n<\/tr>\n<tr>\n<td><strong>Legitimation<\/strong>: Ausf\u00fchrung eines Vertrages<\/td>\n<\/tr>\n<tr>\n<td><strong>Speicherfrist<\/strong>: Die bereitgestellten Daten werden so lange aufbewahrt, wie die Gesch\u00e4ftsbeziehung aufrechterhalten wird oder f\u00fcr die Jahre, die zur Erf\u00fcllung gesetzlicher Verpflichtungen erforderlich sind.<\/td>\n<\/tr>\n<tr>\n<td><strong>Werbemitteilungen<\/strong>: Es wird ausdr\u00fccklich um Zustimmung gebeten, um Ihnen kommerzielle und werbliche Mitteilungen zu unseren Produkten und Dienstleistungen zu senden. Sie k\u00f6nnen die erteilte Zustimmung jederzeit widerrufen, indem Sie an info@esla.eu schreiben.<\/td>\n<\/tr>\n<tr>\n<td><strong>Empf\u00e4nger<\/strong>: Es werden keine Daten an Dritte weitergegeben, au\u00dfer wenn dies gesetzlich vorgeschrieben ist.<\/td>\n<\/tr>\n<tr>\n<td><strong>Rechte<\/strong>: Zugriff, Berichtigung und L\u00f6schung von Daten sowie die weiteren anwendbaren Rechte gem\u00e4\u00df der DSGVO<\/td>\n<\/tr>\n<\/tbody>\n<\/table>\n<\/figure>\n<!-- \/wp:table --><!-- wp:spacer -->\n\u00a0\n<!-- \/wp:spacer -->\n<p>\u00a0<\/p>","protected":false},"excerpt":{"rendered":"<p>Welche Informationen sammeln wir? Wir sammeln Informationen, wenn Sie sich auf unserer Website registrieren, eine Bestellung aufgeben, unseren Newsletter abonnieren oder ein Formular ausf\u00fcllen. Bei der Bestellung oder Registrierung auf unserer Seite, falls zutreffend, werden Sie m\u00f6glicherweise gebeten, Ihren Namen, Ihre E-Mail-Adresse oder Postadresse einzugeben. Sie k\u00f6nnen unsere Website jedoch auch anonym besuchen. Warum verwenden [&hellip;]<\/p>\n","protected":false},"author":1,"featured_media":0,"parent":0,"menu_order":0,"comment_status":"closed","ping_status":"closed","template":"","meta":{"inline_featured_image":false,"footnotes":""},"class_list":["post-12922","page","type-page","status-publish","hentry"],"rttpg_featured_image_url":null,"rttpg_author":{"display_name":"crealogica","author_link":"https:\/\/www.esla.eu\/de\/author\/crealogica\/"},"rttpg_comment":0,"rttpg_category":" <a href=\"https:\/\/www.esla.eu\/de\/?taxonomy=translation_priority&#038;term=opcional\" rel=\"tag\">Opcional<\/a>","rttpg_excerpt":"Welche Informationen sammeln wir? Wir sammeln Informationen, wenn Sie sich auf unserer Website registrieren, eine Bestellung aufgeben, unseren Newsletter abonnieren oder ein Formular ausf\u00fcllen. Bei der Bestellung oder Registrierung auf unserer Seite, falls zutreffend, werden Sie m\u00f6glicherweise gebeten, Ihren Namen, Ihre E-Mail-Adresse oder Postadresse einzugeben. Sie k\u00f6nnen unsere Website jedoch auch anonym besuchen. Warum verwenden&hellip;","_links":{"self":[{"href":"https:\/\/www.esla.eu\/de\/wp-json\/wp\/v2\/pages\/12922","targetHints":{"allow":["GET"]}}],"collection":[{"href":"https:\/\/www.esla.eu\/de\/wp-json\/wp\/v2\/pages"}],"about":[{"href":"https:\/\/www.esla.eu\/de\/wp-json\/wp\/v2\/types\/page"}],"author":[{"embeddable":true,"href":"https:\/\/www.esla.eu\/de\/wp-json\/wp\/v2\/users\/1"}],"replies":[{"embeddable":true,"href":"https:\/\/www.esla.eu\/de\/wp-json\/wp\/v2\/comments?post=12922"}],"version-history":[{"count":7,"href":"https:\/\/www.esla.eu\/de\/wp-json\/wp\/v2\/pages\/12922\/revisions"}],"predecessor-version":[{"id":13215,"href":"https:\/\/www.esla.eu\/de\/wp-json\/wp\/v2\/pages\/12922\/revisions\/13215"}],"wp:attachment":[{"href":"https:\/\/www.esla.eu\/de\/wp-json\/wp\/v2\/media?parent=12922"}],"curies":[{"name":"wp","href":"https:\/\/api.w.org\/{rel}","templated":true}]}}