{"id":37,"date":"2024-02-28T08:52:41","date_gmt":"2024-02-28T07:52:41","guid":{"rendered":"https:\/\/esla.crealogica.eu\/?page_id=37"},"modified":"2024-08-02T11:09:10","modified_gmt":"2024-08-02T09:09:10","slug":"politica-y-privacidad","status":"publish","type":"page","link":"https:\/\/www.esla.eu\/es\/politica-y-privacidad\/","title":{"rendered":"Pol\u00edtica y privacidad"},"content":{"rendered":"\n<h3 class=\"wp-block-heading\">\u00bfQu\u00e9 informaci\u00f3n recogemos?<\/h3>\n\n\n\n<p>Recopilamos informaci\u00f3n cuando te registras en nuestro sitio web, haces un pedido, te suscribes a nuestro bolet\u00edn o rellenas un formulario.<\/p>\n\n\n\n<p>Al realizar un pedido o registrarte en nuestro sitio, seg\u00fan corresponda, se te puede pedir que introduzcas el nombre, direcci\u00f3n de correo electr\u00f3nico o direcci\u00f3n postal. Sin embargo, puedes visitar nuestro sitio web de forma an\u00f3nima.<br><\/p>\n\n\n\n<h3 class=\"wp-block-heading\">\u00bfPor qu\u00e9 utilizamos tu informaci\u00f3n?<\/h3>\n\n\n\n<p>Para gestionar tu consulta o petici\u00f3n.<\/p>\n\n\n\n<p>o La direcci\u00f3n de correo electr\u00f3nico que proporcionas para el procesamiento de pedidos, se<br>puede utilizar para enviarte informaci\u00f3n y actualizaciones relativas a tu pedido, adem\u00e1s de<br>recibir ocasionalmente noticias de la empresa, actualizaciones, informaci\u00f3n relacionada con<br>los productos o los servicios, etc.<br>Nota: En todo momento, podr\u00e1 darte de baja de estas comunicaciones de forma directa,<br>sencilla y gratuita.<br>Pol\u00edtica de privacidad online s\u00f3lo<br>Esta pol\u00edtica de privacidad online s\u00f3lo se aplica a la informaci\u00f3n recopilada a trav\u00e9s de nuestro<br>sitio web y no a la informaci\u00f3n recopilada por otras v\u00edas.<br>Tu consentimiento<br>Al utilizar nuestro sitio, aceptas nuestra pol\u00edtica de privacidad.<br>Pol\u00edtica de Privacidad \u2013 Aspectos relativos al Reglamento General de Protecci\u00f3n de Datos<br>(RGPD)<\/p>\n\n\n\n<p>Informaci\u00f3n b\u00e1sica sobre Protecci\u00f3n de Datos<\/p>\n\n\n\n<p>Finalidad: Gesti\u00f3n de la ejecuci\u00f3n de la relaci\u00f3n comercial y facturaci\u00f3n de la misma<\/p>\n\n\n\n<p>Legitimaci\u00f3n: Ejecuci\u00f3n de un contrato<\/p>\n\n\n\n<p>Per\u00edodo de conservaci\u00f3n: Los datos proporcionados se conservar\u00e1n mientras se<br>mantenga la relaci\u00f3n comercial o durante los a\u00f1os necesarios para cumplir con las<br>obligaciones legales<\/p>\n\n\n\n<p>Comunicaciones comerciales: Se solicita consentimiento expl\u00edcito para poder enviar<br>comunicaciones comerciales y promocionales sobre novedades de nuestros<br>productos y servicios. Podr\u00e1 revocar en cualquier momento el consentimiento<br>otorgado escribiendo a info@esla.eu<\/p>\n\n\n\n<p>Destinatarios: No se ceder\u00e1n datos a terceros, excepto por imperativo legal<\/p>\n\n\n\n<p>Derechos: Como usuario tiene el derecho de acceso, limitaci\u00f3n, portabilidad,<br>reclamaci\u00f3n a la Autoridad Espa\u00f1ola de Protecci\u00f3n de Datos, supresi\u00f3n u olvido,<\/p>\n\n\n\n<h3 class=\"wp-block-heading\">\u00bfC\u00f3mo protegemos tu informaci\u00f3n?<\/h3>\n\n\n\n<p>Implementamos diversas medidas de seguridad para mantener la seguridad de tu informaci\u00f3n personal cuando realizas un pedido o introduces, env\u00edas o accedes a tu informaci\u00f3n personal.<\/p>\n\n\n\n<p>Ofrecemos el uso de un servidor seguro. Toda la informaci\u00f3n confidencial suministrada se transmite a trav\u00e9s de la tecnolog\u00eda Secure Socket Layer (SSL) y posteriormente se cifra en los sistemas de los proveedores de servicios de pago de forma que s\u00f3lo son accesibles por aquellas autorizados con derechos de acceso especiales a estos sistemas, y son requeridos siempre a mantener la informaci\u00f3n confidencial.<br><\/p>\n\n\n\n<h3 class=\"wp-block-heading\">\u00bfRevelamos informaci\u00f3n a terceras partes?<\/h3>\n\n\n\n<p>No vendemos, comercializamos ni transmitimos a terceros tu informaci\u00f3n de identificaci\u00f3n personal. Esto no incluye terceros de confianza que nos ayuden a operar nuestro sitio web, a realizar nuestro negocio oa cumplimentar los pedidos, siempre que estas partes acepten mantener confidencial esta informaci\u00f3n. Tambi\u00e9n estamos obligados a entregar tu informaci\u00f3n en caso de ser requeridos por la administraci\u00f3n de justicia u otras administraciones gubernamentales, as\u00ed como si nos obliga el cumplimiento de nuestras pol\u00edticas, la protecci\u00f3n de nuestros derechos o derechos de terceras personas, su propiedad o seguridad. No obstante, podr\u00e1 proporcionarse informaci\u00f3n que no permita la identificaci\u00f3n del visitante a otras partes para su comercializaci\u00f3n, publicidad u otros usos.<br><\/p>\n\n\n\n<h3 class=\"wp-block-heading\">V\u00ednculos de terceros<\/h3>\n\n\n\n<p>De vez en cuando, a nuestra discreci\u00f3n, podemos incluir u ofrecer productos o servicios de terceros en nuestro sitio web. Estos sitios de terceros tienen pol\u00edticas de privacidad separadas e independientes. Por tanto, no tenemos responsabilidad por el contenido y las actividades de estos sitios web enlazados. Sin embargo, buscamos proteger la integridad de nuestro sitio y agradecemos cualquier comentario sobre estos sitios.<br><\/p>\n\n\n\n<h3 class=\"wp-block-heading\">Pol\u00edtica de privacidad online s\u00f3lo<\/h3>\n\n\n\n<p>Esta pol\u00edtica de privacidad online s\u00f3lo se aplica a la informaci\u00f3n recopilada a trav\u00e9s de nuestro sitio web y no a la informaci\u00f3n recopilada por otras v\u00edas.<br><\/p>\n\n\n\n<h3 class=\"wp-block-heading\">Tu consentimiento<\/h3>\n\n\n\n<p>Al utilizar nuestro sitio, aceptas nuestra pol\u00edtica de privacidad.<br><\/p>\n\n\n\n<h3 class=\"wp-block-heading\">Cambios en nuestra pol\u00edtica de privacidad<\/h3>\n\n\n\n<p>Si decidimos cambiar nuestra pol\u00edtica de privacidad, publicaremos estos cambios en esta p\u00e1gina y\/o actualizaremos la fecha de modificaci\u00f3n de la Pol\u00edtica de privacidad a continuaci\u00f3n.<\/p>\n\n\n\n<p>Esta pol\u00edtica se modific\u00f3 por \u00faltima vez el 27.12.2018<br><\/p>\n\n\n\n<h2 class=\"wp-block-heading\">Pol\u00edtica de Privacidad &#8211; Aspectos relativos al Reglamento General de Protecci\u00f3n de Datos (RGPD)<\/h2>\n\n\n\n<h3 class=\"wp-block-heading\">Ficha alta cliente<\/h3>\n\n\n\n<p>Responsable Identidad: European Special Ladders SA &#8211; A62220801, con domicilio en Cam\u00ed del Cementiri 23, Pol\u00edgon Industrial Can Ribot, 08319 Dosrius. Tel\u00e9fono 937533357 y direcci\u00f3n correo electr\u00f3nico info@esla.eu<\/p>\n\n\n\n<p>En nombre de la empresa European Special Ladders SA, tratamos la informaci\u00f3n que nos facilitas para poder hacer efectivo nuestro servicio\/cumplir con nuestra relaci\u00f3n comercial, y realizar la facturaci\u00f3n del mismo. Los datos proporcionados se conservar\u00e1n mientras se mantenga la relaci\u00f3n comercial o durante los a\u00f1os necesarios para cumplir con las obligaciones legales. Los datos no se ceder\u00e1n a terceros salvo en los casos en los que exista una obligaci\u00f3n legal. Tienes derecho a obtener confirmaci\u00f3n sobre si en European Special Ladders SA estamos tratando tus datos personales por tanto tienes derecho a acceder a tus datos personales, rectificar los datos inexactos o solicitar su supresi\u00f3n cuando los datos ya no sean necesarios.<\/p>\n\n\n\n<p>Asimismo, procediendo al alta de cliente nos autoriza a ofrecerle los productos y novedades que puedan resultar de su inter\u00e9s a trav\u00e9s de correo electr\u00f3nico y\/o sms.<br><\/p>\n\n\n\n<h3 class=\"wp-block-heading\">Cl\u00e1usula Mail B\u00e1sica<\/h3>\n\n\n\n<p>La posible informaci\u00f3n de car\u00e1cter personal que pueda contener el presente correo electr\u00f3nico, est\u00e1 debidamente protegida por la normativa de protecci\u00f3n de datos que compromete a no utilizarla para fines diferentes por la que ha sido remitida a su destinatario, a la vez que la sujeta a una obligaci\u00f3n de confidencialidad. En consecuencia, es de uso exclusivo para su destinatario, quedando prohibida a cualquier otra persona su revelaci\u00f3n, copia, distribuci\u00f3n o ejercicio de cualquier acci\u00f3n relativa a su contenido. Si recibiera este e-mail err\u00f3neamente o de forma incompleta, ruego procedan a reenvi\u00e1rnoslo.<\/p>\n\n\n\n<figure class=\"wp-block-table\"><table><tbody><tr><td><strong>Informaci\u00f3n b\u00e1sica sobre Protecci\u00f3n de Datos<\/strong><\/td><\/tr><tr><td><strong>Finalidad<\/strong>: Gesti\u00f3n de la ejecuci\u00f3n de la relaci\u00f3n comercial y facturaci\u00f3n de la misma<\/td><\/tr><tr><td><strong>Legitimaci\u00f3n<\/strong>: Ejecuci\u00f3n de un contrato<\/td><\/tr><tr><td><strong>Per\u00edodo de conservaci\u00f3n<\/strong>: Los datos proporcionados se conservar\u00e1n mientras se mantenga la relaci\u00f3n comercial o durante los a\u00f1os necesarios para cumplir con las obligaciones legales<\/td><\/tr><tr><td><strong>Comunicaciones comerciales<\/strong>: Se solicita consentimiento expl\u00edcito para poder enviar comunicaciones comerciales y promocionales sobre novedades de nuestros productos y servicios. Podr\u00e1 revocar en cualquier momento el consentimiento otorgado escribiendo a info@esla.eu<\/td><\/tr><tr><td><strong>Destinatarios<\/strong>: No se ceder\u00e1n datos a terceros, excepto por imperativo legal<\/td><\/tr><tr><td><strong>Derechos<\/strong>: Acceder, rectificar y suprimir los datos, as\u00ed como el resto de derechos aplicables seg\u00fan el RGPD<\/td><\/tr><\/tbody><\/table><\/figure>\n\n\n\n<h3 class=\"wp-block-heading\"><br>Cl\u00e1usula Mail Comercial<\/h3>\n\n\n\n<p>Responsable Identidad: European Special Ladders SA &#8211; A62220801, con domicilio en Cam\u00ed del Cementiri 23, Pol\u00edgon Industrial Can Ribot, 08319 Dosrius. Tel\u00e9fono 937533357 y direcci\u00f3n correo electr\u00f3nico info@esla.eu<\/p>\n\n\n\n<p>En nombre de la empresa European Special Ladders SA, tratamos la informaci\u00f3n que nos facilitas para poder hacer efectivo nuestro servicio\/cumplir con nuestra relaci\u00f3n comercial, y realizar la facturaci\u00f3n del mismo. Los datos proporcionados se conservar\u00e1n mientras se mantenga la relaci\u00f3n comercial o durante los a\u00f1os necesarios para cumplir con las obligaciones legales. Los datos no se ceder\u00e1n a terceros salvo en los casos en los que exista una obligaci\u00f3n legal. Tienes derecho a obtener confirmaci\u00f3n sobre si en European Special Ladders SA estamos tratando tus datos personales por tanto tienes derecho a acceder a tus datos personales, rectificar los datos inexactos o solicitar su supresi\u00f3n cuando los datos ya no sean necesarios.<\/p>\n\n\n\n<p>Si no desea recibir informaci\u00f3n comercial \u00fanicamente debe enviarnos un correo electr\u00f3nico a la direcci\u00f3n indicada arriba identific\u00e1ndose debidamente y expresando su voluntad de ser baja en nuestro sistema de env\u00edos<\/p>\n\n\n\n<figure class=\"wp-block-table\"><table><tbody><tr><td><strong>Informaci\u00f3n b\u00e1sica sobre Protecci\u00f3n de Datos<\/strong><\/td><\/tr><tr><td><strong>Finalidad<\/strong>: Gesti\u00f3n de la ejecuci\u00f3n de la relaci\u00f3n comercial y facturaci\u00f3n de la misma<\/td><\/tr><tr><td><strong>Legitimaci\u00f3n<\/strong>: Ejecuci\u00f3n de un contrato<\/td><\/tr><tr><td><strong>Per\u00edodo de conservaci\u00f3n<\/strong>: Los datos proporcionados se conservar\u00e1n mientras se mantenga la relaci\u00f3n comercial o durante los a\u00f1os necesarios para cumplir con las obligaciones legales<\/td><\/tr><tr><td><strong>Comunicaciones comerciales<\/strong>: Se solicita consentimiento expl\u00edcito para poder enviar comunicaciones comerciales y promocionales sobre novedades de nuestros productos y servicios. Podr\u00e1 revocar en cualquier momento el consentimiento otorgado escribiendo a info@esla.eu<\/td><\/tr><tr><td><strong>Destinatarios<\/strong>: No se ceder\u00e1n datos a terceros, excepto por imperativo legal<\/td><\/tr><tr><td><strong>Derechos<\/strong>: Acceder, rectificar y suprimir los datos, as\u00ed como el resto de derechos aplicables seg\u00fan el RGPD<\/td><\/tr><\/tbody><\/table><\/figure>\n\n\n\n<div style=\"height:100px\" aria-hidden=\"true\" class=\"wp-block-spacer\"><\/div>\n","protected":false},"excerpt":{"rendered":"<p>\u00bfQu\u00e9 informaci\u00f3n recogemos? Recopilamos informaci\u00f3n cuando te registras en nuestro sitio web, haces un pedido, te suscribes a nuestro bolet\u00edn o rellenas un formulario. Al realizar un pedido o registrarte en nuestro sitio, seg\u00fan corresponda, se te puede pedir que introduzcas el nombre, direcci\u00f3n de correo electr\u00f3nico o direcci\u00f3n postal. Sin embargo, puedes visitar nuestro [&hellip;]<\/p>\n","protected":false},"author":1,"featured_media":0,"parent":0,"menu_order":0,"comment_status":"closed","ping_status":"closed","template":"","meta":{"inline_featured_image":false,"footnotes":""},"class_list":["post-37","page","type-page","status-publish","hentry"],"rttpg_featured_image_url":null,"rttpg_author":{"display_name":"crealogica","author_link":"https:\/\/www.esla.eu\/es\/author\/crealogica\/"},"rttpg_comment":0,"rttpg_category":" <a href=\"https:\/\/www.esla.eu\/es\/?taxonomy=translation_priority&#038;term=opcional\" rel=\"tag\">Opcional<\/a>","rttpg_excerpt":"\u00bfQu\u00e9 informaci\u00f3n recogemos? Recopilamos informaci\u00f3n cuando te registras en nuestro sitio web, haces un pedido, te suscribes a nuestro bolet\u00edn o rellenas un formulario. Al realizar un pedido o registrarte en nuestro sitio, seg\u00fan corresponda, se te puede pedir que introduzcas el nombre, direcci\u00f3n de correo electr\u00f3nico o direcci\u00f3n postal. Sin embargo, puedes visitar nuestro&hellip;","_links":{"self":[{"href":"https:\/\/www.esla.eu\/es\/wp-json\/wp\/v2\/pages\/37","targetHints":{"allow":["GET"]}}],"collection":[{"href":"https:\/\/www.esla.eu\/es\/wp-json\/wp\/v2\/pages"}],"about":[{"href":"https:\/\/www.esla.eu\/es\/wp-json\/wp\/v2\/types\/page"}],"author":[{"embeddable":true,"href":"https:\/\/www.esla.eu\/es\/wp-json\/wp\/v2\/users\/1"}],"replies":[{"embeddable":true,"href":"https:\/\/www.esla.eu\/es\/wp-json\/wp\/v2\/comments?post=37"}],"version-history":[{"count":4,"href":"https:\/\/www.esla.eu\/es\/wp-json\/wp\/v2\/pages\/37\/revisions"}],"predecessor-version":[{"id":11389,"href":"https:\/\/www.esla.eu\/es\/wp-json\/wp\/v2\/pages\/37\/revisions\/11389"}],"wp:attachment":[{"href":"https:\/\/www.esla.eu\/es\/wp-json\/wp\/v2\/media?parent=37"}],"curies":[{"name":"wp","href":"https:\/\/api.w.org\/{rel}","templated":true}]}}