{"id":15238,"date":"2026-02-25T21:43:24","date_gmt":"2026-02-25T20:43:24","guid":{"rendered":"https:\/\/www.esla.eu\/blog\/"},"modified":"2026-03-02T00:51:03","modified_gmt":"2026-03-01T23:51:03","slug":"blog","status":"publish","type":"page","link":"https:\/\/www.esla.eu\/fr\/blog\/","title":{"rendered":"Blog"},"content":{"rendered":"\t\t<div data-elementor-type=\"wp-page\" data-elementor-id=\"15238\" class=\"elementor elementor-15238\" data-elementor-post-type=\"page\">\n\t\t\t\t<div class=\"elementor-element elementor-element-68a116f e-flex e-con-boxed e-con e-parent\" data-id=\"68a116f\" data-element_type=\"container\" data-e-type=\"container\">\n\t\t\t\t\t<div class=\"e-con-inner\">\n\t\t<div class=\"elementor-element elementor-element-89020dc e-con-full e-flex e-con e-child\" data-id=\"89020dc\" data-element_type=\"container\" data-e-type=\"container\">\n\t\t\t\t<div class=\"elementor-element elementor-element-de02734 elementor-widget elementor-widget-heading\" data-id=\"de02734\" data-element_type=\"widget\" data-e-type=\"widget\" data-widget_type=\"heading.default\">\n\t\t\t\t<div class=\"elementor-widget-container\">\n\t\t\t\t\t<h2 class=\"elementor-heading-title elementor-size-default\">Blog ESLA<\/h2>\t\t\t\t<\/div>\n\t\t\t\t<\/div>\n\t\t\t\t<div class=\"elementor-element elementor-element-04dabe5 elementor-widget elementor-widget-heading\" data-id=\"04dabe5\" data-element_type=\"widget\" data-e-type=\"widget\" data-widget_type=\"heading.default\">\n\t\t\t\t<div class=\"elementor-widget-container\">\n\t\t\t\t\t<h2 class=\"elementor-heading-title elementor-size-default\">Restez inform\u00e9 des derni\u00e8res actualit\u00e9s et des principales informations sur le secteur.<\/h2>\t\t\t\t<\/div>\n\t\t\t\t<\/div>\n\t\t\t\t<div class=\"elementor-element elementor-element-37019a4 elementor-widget elementor-widget-shortcode\" data-id=\"37019a4\" data-element_type=\"widget\" data-e-type=\"widget\" data-widget_type=\"shortcode.default\">\n\t\t\t\t<div class=\"elementor-widget-container\">\n\t\t\t\t\t\t\t<div class=\"elementor-shortcode\">    <style>\n\t.cf-filter-wrap {\n\t\tdisplay: flex;\n\t\tflex-wrap: wrap;\n\t\talign-items: center;\n\t\tjustify-content: center;\n\t\tgap: 8px;\n\t\tmargin-bottom: 32px;\n\t\tfont-family: inherit;\n\t}\n\n\t.cf-filter-btn {\n\t\tdisplay: inline-block;\n\t\tpadding: 8px 20px;\n\t\tborder-radius: 4px;\n\t\tfont-size: 15px;\n\t\tfont-weight: 400;\n\t\tcolor: #444;\n\t\tbackground: transparent;\n\t\tborder: none;\n\t\tcursor: pointer;\n\t\ttransition: background 0.2s, color 0.2s;\n\t\ttext-decoration: none;\n\t\tline-height: 1.4;\n\t}\n\n\t.cf-filter-btn:hover {\n\t\tbackground-color: #007CB0;\n\t\tcolor: #fff;\n\t}\n\n\t.cf-filter-btn.is-active {\n\t\tbackground-color: #007CB0;\n\t\tcolor: #fff;\n\t}\n\t<\/style>\n\n    <div class=\"cf-filter-wrap\" id=\"cf-filter-wrap\">\n        <!-- Bot\u00f3n \"Todos los posts\" con texto traducido seg\u00fan URL -->\n        <button class=\"cf-filter-btn is-active\" data-category=\"*\">\n            Tous les articles        <\/button>\n\n                    <button class=\"cf-filter-btn\" data-category=\"category-echelles-verticales\">\n\t\t\t\t\u00c9chelles verticales\t\t\t<\/button>\n                    <button class=\"cf-filter-btn\" data-category=\"category-escaliers\">\n\t\t\t\tEscaliers\t\t\t<\/button>\n            <\/div>\n\n   <script>\n(function() {\n    'use strict';\n    console.log('Filtro de categor\u00edas iniciado (versi\u00f3n slugs)');\n\n    var MAX_ATTEMPTS = 20;\n    var INTERVAL_MS = 300;\n    var attempts = 0;\n\n    function initFilter() {\n        \/\/ Buscar el contenedor del loop grid de Elementor\n        var loopContainer = document.querySelector('.elementor-loop-container');\n        if (!loopContainer) {\n            if (attempts < MAX_ATTEMPTS) {\n                attempts++;\n                setTimeout(initFilter, INTERVAL_MS);\n            } else {\n                console.error('No se encontr\u00f3 el contenedor del loop');\n            }\n            return;\n        }\n\n        var items = loopContainer.children;\n        if (items.length === 0 && attempts < MAX_ATTEMPTS) {\n            attempts++;\n            setTimeout(initFilter, INTERVAL_MS);\n            return;\n        }\n\n        console.log('Contenedor encontrado, items:', items.length);\n\n        \/\/ Asignar eventos a los botones\n        var buttons = document.querySelectorAll('#cf-filter-wrap .cf-filter-btn');\n        console.log('Botones encontrados:', buttons.length);\n\n        buttons.forEach(function(btn) {\n            btn.addEventListener('click', function() {\n                \/\/ Actualizar clase activa\n                buttons.forEach(function(b) { b.classList.remove('is-active'); });\n                btn.classList.add('is-active');\n\n                var filter = btn.getAttribute('data-category');\n                console.log('Filtrando por:', filter);\n\n                \/\/ Obtener items actuales (por si se han a\u00f1adido din\u00e1micamente)\n                var currentItems = loopContainer.children;\n\n                Array.from(currentItems).forEach(function(item) {\n                    if (filter === '*') {\n                        item.style.display = '';\n                    } else {\n                        \/\/ El item tiene la clase 'category-{slug}'? \n                        if (item.classList.contains(filter)) {\n                            item.style.display = '';\n                        } else {\n                            item.style.display = 'none';\n                        }\n                    }\n                });\n            });\n        });\n    }\n\n    if (document.readyState === 'loading') {\n        document.addEventListener('DOMContentLoaded', initFilter);\n    } else {\n        initFilter();\n    }\n})();\n<\/script>\n    <\/div>\n\t\t\t\t\t\t<\/div>\n\t\t\t\t<\/div>\n\t\t\t\t<\/div>\n\t\t<div class=\"elementor-element elementor-element-7a2e8b9 e-con-full e-flex e-con e-child\" data-id=\"7a2e8b9\" data-element_type=\"container\" data-e-type=\"container\">\n\t\t\t\t<div class=\"elementor-element elementor-element-06fd241 elementor-grid-3 elementor-grid-tablet-2 elementor-grid-mobile-1 elementor-widget elementor-widget-loop-grid\" data-id=\"06fd241\" data-element_type=\"widget\" data-e-type=\"widget\" data-settings=\"{&quot;template_id&quot;:15300,&quot;_skin&quot;:&quot;post&quot;,&quot;columns&quot;:&quot;3&quot;,&quot;columns_tablet&quot;:&quot;2&quot;,&quot;columns_mobile&quot;:&quot;1&quot;,&quot;edit_handle_selector&quot;:&quot;[data-elementor-type=\\&quot;loop-item\\&quot;]&quot;,&quot;row_gap&quot;:{&quot;unit&quot;:&quot;px&quot;,&quot;size&quot;:&quot;&quot;,&quot;sizes&quot;:[]},&quot;row_gap_tablet&quot;:{&quot;unit&quot;:&quot;px&quot;,&quot;size&quot;:&quot;&quot;,&quot;sizes&quot;:[]},&quot;row_gap_mobile&quot;:{&quot;unit&quot;:&quot;px&quot;,&quot;size&quot;:&quot;&quot;,&quot;sizes&quot;:[]}}\" data-widget_type=\"loop-grid.post\">\n\t\t\t\t<div class=\"elementor-widget-container\">\n\t\t\t\t\t\t\t<div class=\"elementor-loop-container elementor-grid\" role=\"list\">\n\t\t<style id=\"loop-15300\">.elementor-15300 .elementor-element.elementor-element-3bc8270{--display:flex;--flex-direction:column;--container-widget-width:calc( ( 1 - var( --container-widget-flex-grow ) ) * 100% );--container-widget-height:initial;--container-widget-flex-grow:0;--container-widget-align-self:initial;--flex-wrap-mobile:wrap;--align-items:stretch;--gap:0px 0px;--row-gap:0px;--column-gap:0px;--padding-top:0px;--padding-bottom:0px;--padding-left:0px;--padding-right:0px;}.elementor-widget-theme-post-featured-image .widget-image-caption{color:var( --e-global-color-text );}.elementor-15300 .elementor-element.elementor-element-d48e006{--display:flex;--margin-top:-24px;--margin-bottom:0px;--margin-left:0px;--margin-right:0px;--padding-top:18px;--padding-bottom:8px;--padding-left:0px;--padding-right:16px;}.elementor-15300 .elementor-element.elementor-element-d48e006:not(.elementor-motion-effects-element-type-background), .elementor-15300 .elementor-element.elementor-element-d48e006 > .elementor-motion-effects-container > .elementor-motion-effects-layer{background-color:#FFFFFF;}.elementor-15300 .elementor-element.elementor-element-ecdee6e{--display:flex;--gap:8px 8px;--row-gap:8px;--column-gap:8px;--padding-top:0px;--padding-bottom:0px;--padding-left:0px;--padding-right:0px;}.elementor-widget-theme-post-title .elementor-heading-title{color:var( --e-global-color-primary );}.elementor-widget-post-info .elementor-icon-list-item:not(:last-child):after{border-color:var( --e-global-color-text );}.elementor-widget-post-info .elementor-icon-list-icon i{color:var( --e-global-color-primary );}.elementor-widget-post-info .elementor-icon-list-icon svg{fill:var( --e-global-color-primary );}.elementor-widget-post-info .elementor-icon-list-text, .elementor-widget-post-info .elementor-icon-list-text a{color:var( --e-global-color-secondary );}.elementor-15300 .elementor-element.elementor-element-eabd54b .elementor-icon-list-icon{width:14px;}.elementor-15300 .elementor-element.elementor-element-eabd54b .elementor-icon-list-icon i{font-size:14px;}.elementor-15300 .elementor-element.elementor-element-eabd54b .elementor-icon-list-icon svg{--e-icon-list-icon-size:14px;}.elementor-widget-theme-post-content{color:var( --e-global-color-text );}.elementor-widget-heading .elementor-heading-title{color:var( --e-global-color-primary );}.elementor-15300 .elementor-element.elementor-element-d3539cc .elementor-heading-title{font-family:\"Fira Sans\", Sans-serif;font-weight:400;text-decoration:none;color:#007CB0;}@media(min-width:768px){.elementor-15300 .elementor-element.elementor-element-d48e006{--width:90%;}}\/* Start custom CSS for theme-post-content, class: .elementor-element-7ba4a45 *\/.truncate-text {\r\n  display: -webkit-box;\r\n  -webkit-line-clamp: 3; \/* n\u00famero de l\u00edneas *\/\r\n  -webkit-box-orient: vertical;\r\n  overflow: hidden;\r\n}\/* End custom CSS *\/<\/style>\t\t<div data-elementor-type=\"loop-item\" data-elementor-id=\"15300\" class=\"elementor elementor-15300 elementor-15057 elementor-15057 e-loop-item e-loop-item-15772 post-15772 post type-post status-publish format-standard has-post-thumbnail hentry category-echelles-verticales\" data-elementor-post-type=\"elementor_library\" data-custom-edit-handle=\"1\">\n\t\t\t<div class=\"elementor-element elementor-element-3bc8270 e-flex e-con-boxed e-con e-parent\" data-id=\"3bc8270\" data-element_type=\"container\" data-e-type=\"container\">\n\t\t\t\t\t<div class=\"e-con-inner\">\n\t\t\t\t<div class=\"elementor-element elementor-element-d6e1487 square-img elementor-widget elementor-widget-theme-post-featured-image elementor-widget-image\" data-id=\"d6e1487\" data-element_type=\"widget\" data-e-type=\"widget\" data-widget_type=\"theme-post-featured-image.default\">\n\t\t\t\t<div class=\"elementor-widget-container\">\n\t\t\t\t\t\t\t\t\t\t\t\t\t\t\t<img fetchpriority=\"high\" decoding=\"async\" width=\"768\" height=\"1024\" src=\"https:\/\/www.esla.eu\/wp-content\/uploads\/2026\/04\/750826-002-768x1024.jpg\" class=\"attachment-large size-large wp-image-15766\" alt=\"escaleras verticales fijas\" srcset=\"https:\/\/www.esla.eu\/wp-content\/uploads\/2026\/04\/750826-002-768x1024.jpg 768w, https:\/\/www.esla.eu\/wp-content\/uploads\/2026\/04\/750826-002-225x300.jpg 225w, https:\/\/www.esla.eu\/wp-content\/uploads\/2026\/04\/750826-002-1152x1536.jpg 1152w, https:\/\/www.esla.eu\/wp-content\/uploads\/2026\/04\/750826-002-1536x2048.jpg 1536w, https:\/\/www.esla.eu\/wp-content\/uploads\/2026\/04\/750826-002-450x600.jpg 450w, https:\/\/www.esla.eu\/wp-content\/uploads\/2026\/04\/750826-002-75x100.jpg 75w, https:\/\/www.esla.eu\/wp-content\/uploads\/2026\/04\/750826-002-scaled.jpg 1920w\" sizes=\"(max-width: 768px) 100vw, 768px\" \/>\t\t\t\t\t\t\t\t\t\t\t\t\t\t\t<\/div>\n\t\t\t\t<\/div>\n\t\t<div class=\"elementor-element elementor-element-d48e006 e-con-full e-flex e-con e-child\" data-id=\"d48e006\" data-element_type=\"container\" data-e-type=\"container\" data-settings=\"{&quot;background_background&quot;:&quot;classic&quot;}\">\n\t\t<div class=\"elementor-element elementor-element-ecdee6e e-con-full e-flex e-con e-child\" data-id=\"ecdee6e\" data-element_type=\"container\" data-e-type=\"container\">\n\t\t\t\t<div class=\"elementor-element elementor-element-25ba344 elementor-widget elementor-widget-theme-post-title elementor-page-title elementor-widget-heading\" data-id=\"25ba344\" data-element_type=\"widget\" data-e-type=\"widget\" data-widget_type=\"theme-post-title.default\">\n\t\t\t\t<div class=\"elementor-widget-container\">\n\t\t\t\t\t<h1 class=\"elementor-heading-title elementor-size-default\">O\u00f9 installer des \u00e9chelles \u00e0 crinoline fixes selon la r\u00e9glementation<\/h1>\t\t\t\t<\/div>\n\t\t\t\t<\/div>\n\t\t\t\t<div class=\"elementor-element elementor-element-eabd54b elementor-widget elementor-widget-post-info\" data-id=\"eabd54b\" data-element_type=\"widget\" data-e-type=\"widget\" data-widget_type=\"post-info.default\">\n\t\t\t\t<div class=\"elementor-widget-container\">\n\t\t\t\t\t\t\t<ul class=\"elementor-inline-items elementor-icon-list-items elementor-post-info\">\n\t\t\t\t\t\t\t\t<li class=\"elementor-icon-list-item elementor-repeater-item-a25c42a elementor-inline-item\" itemprop=\"datePublished\">\n\t\t\t\t\t\t\t\t\t\t\t\t\t<span class=\"elementor-icon-list-text elementor-post-info__item elementor-post-info__item--type-date\">\n\t\t\t\t\t\t\t\t\t\t<time>avril, 2026<\/time>\t\t\t\t\t<\/span>\n\t\t\t\t\t\t\t\t<\/li>\n\t\t\t\t<\/ul>\n\t\t\t\t\t\t<\/div>\n\t\t\t\t<\/div>\n\t\t\t\t<\/div>\n\t\t\t\t<div class=\"elementor-element elementor-element-7ba4a45 truncate-text elementor-widget elementor-widget-theme-post-content\" data-id=\"7ba4a45\" data-element_type=\"widget\" data-e-type=\"widget\" data-widget_type=\"theme-post-content.default\">\n\t\t\t\t<div class=\"elementor-widget-container\">\n\t\t\t\t\t\n<p>Les <a href=\"https:\/\/www.esla.eu\/fr\/produit\/escaliers-verticaux\/\">\u00e9chelles \u00e0 crinoline<\/a> sont l\u2019un des syst\u00e8mes d\u2019acc\u00e8s les plus utilis\u00e9s dans les installations industrielles o\u00f9 l\u2019espace est limit\u00e9 et un acc\u00e8s permanent aux zones \u00e9lev\u00e9es est n\u00e9cessaire. Des toitures techniques aux machines de grande taille, ces structures permettent d\u2019effectuer des t\u00e2ches d\u2019inspection, de maintenance ou de r\u00e9paration en toute s\u00e9curit\u00e9 et efficacit\u00e9.<\/p>\n\n\n\n<p>Cependant, leur installation ne peut pas \u00eatre effectu\u00e9e de mani\u00e8re arbitraire. La r\u00e9glementation technique europ\u00e9enne et la l\u00e9gislation espagnole d\u00e9finissent des conditions claires sur l\u2019endroit o\u00f9 les \u00e9chelles \u00e0 crinoline peuvent \u00eatre install\u00e9es et dans quelles situations d\u2019autres syst\u00e8mes d\u2019acc\u00e8s, tels que les plateformes \u00e9l\u00e9vatrices ou les passerelles industrielles, doivent \u00eatre utilis\u00e9s. Respecter ces exigences n\u2019est pas seulement une obligation l\u00e9gale, mais aussi une garantie de s\u00e9curit\u00e9 pour les travailleurs intervenant en hauteur.<\/p>\n\n\n\n<h2 class=\"wp-block-heading\">R\u00e9glementation r\u00e9gissant l\u2019installation des \u00e9chelles \u00e0 crinoline<\/h2>\n\n\n\n<p>Dans le secteur industriel fran\u00e7ais, la conception et l\u2019installation des \u00e9chelles \u00e0 crinoline sont principalement encadr\u00e9es par la <a href=\"https:\/\/www.boutique.afnor.org\/fr-fr\/norme\/nf-en-iso-141224\/securite-des-machines-moyens-dacces-permanents-aux-machines-partie-4-echell\/fa177472\/58698\" rel=\"nofollow noopener\" target=\"_blank\">norme europ\u00e9enne EN 14122-4<\/a>, qui d\u00e9finit les exigences de s\u00e9curit\u00e9 pour les acc\u00e8s permanents aux machines, incluant les plates-formes de travail, passerelles et \u00e9chelles \u00e0 crinoline fixes.<\/p>\n\n\n\n<p>Cette r\u00e9glementation vise \u00e0 garantir que les syst\u00e8mes d\u2019acc\u00e8s employ\u00e9s dans les environnements industriels permettent d\u2019effectuer des op\u00e9rations de maintenance ou d\u2019inspection sans risques inutiles de chute ou de fatigue. La norme pr\u00e9cise des \u00e9l\u00e9ments essentiels tels que la g\u00e9om\u00e9trie des marches, les dispositifs de protection contre les chutes, les distances de s\u00e9curit\u00e9 minimales ou encore la n\u00e9cessit\u00e9 d\u2019int\u00e9grer des plateformes de repos.<\/p>\n\n\n\n<p>En compl\u00e9ment, le Code du travail fran\u00e7ais impose des r\u00e8gles sp\u00e9cifiques pour le travail en hauteur. Les articles R4323-58 et suivants stipulent que les employeurs doivent mettre \u00e0 disposition des solutions d\u2019acc\u00e8s s\u00e9curis\u00e9es et adapt\u00e9es \u00e0 chaque situation, limitant tout risque potentiel pour les travailleurs et garantissant des interventions en hauteur conformes aux exigences de <a href=\"https:\/\/www.oppbtp.com\/\" rel=\"nofollow noopener\" target=\"_blank\">s\u00e9curit\u00e9<\/a> nationales et europ\u00e9ennes.<\/p>\n\n\n\n<h2 class=\"wp-block-heading\">Emplacements autoris\u00e9s pour installer des \u00e9chelles \u00e0 crinoline<\/h2>\n\n\n\n<p>Les \u00e9chelles \u00e0 crinoline sont principalement utilis\u00e9es dans les installations n\u00e9cessitant un acc\u00e8s permanent \u00e0 des zones \u00e9lev\u00e9es et lorsque l\u2019espace disponible ne permet pas l\u2019installation d\u2019escaliers inclin\u00e9s ou de structures plus larges.<\/p>\n\n\n\n<p>L\u2019un des emplacements les plus fr\u00e9quents est l\u2019acc\u00e8s aux toitures techniques des b\u00e2timents industriels. Ces zones h\u00e9bergent souvent des syst\u00e8mes de climatisation, conduits, installations \u00e9lectriques ou \u00e9quipements de ventilation n\u00e9cessitant des inspections p\u00e9riodiques. Dans ces cas, les \u00e9chelles \u00e0 crinoline offrent une solution compacte permettant d\u2019acc\u00e9der \u00e0 la toiture sans occuper de grandes surfaces.<\/p>\n\n\n\n<p>Elles se trouvent \u00e9galement dans des structures industrielles telles que silos, r\u00e9servoirs ou tours de proc\u00e9d\u00e9. Ces installations n\u00e9cessitent des interventions de maintenance \u00e0 diff\u00e9rents niveaux, et l\u2019\u00e9chelle \u00e0 crinoline permet d\u2019y acc\u00e9der directement, \u00e0 condition de respecter les conditions de s\u00e9curit\u00e9 d\u00e9finies par la r\u00e9glementation.<\/p>\n\n\n\n<p>Un autre emplacement autoris\u00e9 est l\u2019acc\u00e8s aux machines industrielles de grande taille. Dans des secteurs comme l\u2019\u00e9nergie, la logistique ou la fabrication lourde, de nombreuses machines n\u00e9cessitent des points d\u2019acc\u00e8s permanents pour effectuer des inspections ou de la maintenance. Lorsque l\u2019espace est limit\u00e9 et que la hauteur est importante, les \u00e9chelles \u00e0 crinoline peuvent \u00eatre la solution la plus appropri\u00e9e.<\/p>\n\n\n\n<p>Dans tous ces cas, l\u2019installation doit garantir que la structure est correctement fix\u00e9e, qu\u2019il y a suffisamment d\u2019espace pour la mont\u00e9e et que des syst\u00e8mes de protection contre les chutes sont int\u00e9gr\u00e9s lorsque la hauteur l\u2019exige.<\/p>\n\n\n\n<h2 class=\"wp-block-heading\">Situations o\u00f9 l\u2019installation d\u2019\u00e9chelles \u00e0 crinoline n\u2019est pas recommand\u00e9e<\/h2>\n\n\n\n<p>Bien que les <a href=\"https:\/\/www.esla.eu\/fr\/produit\/escaliers-verticaux\/\">\u00e9chelles \u00e0 crinoline<\/a> soient tr\u00e8s efficaces dans certaines situations, la r\u00e9glementation et les bonnes pratiques de s\u00e9curit\u00e9 \u00e9tablissent qu\u2019elles ne sont pas toujours le meilleur choix.<\/p>\n\n\n\n<p>Lorsque l\u2019acc\u00e8s est fr\u00e9quent ou pour des p\u00e9riodes de travail prolong\u00e9es, les \u00e9chelles \u00e0 crinoline peuvent \u00eatre moins ergonomiques que d\u2019autres syst\u00e8mes. Dans ces cas, un escalier inclin\u00e9 ou une plateforme \u00e9l\u00e9vatrice peut offrir plus de confort et de s\u00e9curit\u00e9 pour les op\u00e9rateurs.<\/p>\n\n\n\n<p>Il n\u2019est pas non plus recommand\u00e9 d\u2019installer des \u00e9chelles \u00e0 crinoline dans des lieux o\u00f9 les travailleurs doivent transporter des outils lourds ou des mat\u00e9riaux pendant la mont\u00e9e. Ce type de situation augmente le risque de d\u00e9s\u00e9quilibre et complique l\u2019ascension, surtout dans les installations de grande hauteur.<\/p>\n\n\n\n<p>Une autre situation d\u00e9conseill\u00e9e par la r\u00e9glementation est lorsque l\u2019acc\u00e8s implique des mouvements complexes pour entrer ou sortir de l\u2019\u00e9chelle. Si la transition entre l\u2019\u00e9chelle et la plateforme sup\u00e9rieure ne peut se faire en toute s\u00e9curit\u00e9, d\u2019autres solutions telles que passerelles ou plateformes de maintenance doivent \u00eatre envisag\u00e9es.<\/p>\n\n\n\n<p>Dans les installations \u00e0 trafic fr\u00e9quent ou lorsque le travail se fait \u00e0 diff\u00e9rentes hauteurs pendant de longues p\u00e9riodes, l\u2019utilisation de plateformes \u00e9l\u00e9vatrices ou de structures d\u2019acc\u00e8s plus larges est g\u00e9n\u00e9ralement l\u2019option la plus s\u00fbre et efficace.<\/p>\n\n\n\n<h2 class=\"wp-block-heading\">Exigences techniques pour installer des \u00e9chelles \u00e0 crinoline en toute s\u00e9curit\u00e9<\/h2>\n\n\n\n<p>Lorsque l\u2019installation d\u2019\u00e9chelles \u00e0 crinoline est la solution appropri\u00e9e, la r\u00e9glementation impose une s\u00e9rie d\u2019exigences techniques pour garantir la s\u00e9curit\u00e9.<\/p>\n\n\n\n<p>Parmi les aspects les plus importants figurent l\u2019espacement uniforme entre les marches, g\u00e9n\u00e9ralement compris entre 225 et 300 millim\u00e8tres, ainsi qu\u2019une largeur suffisante de l\u2019\u00e9chelle pour permettre une mont\u00e9e confortable et stable.<\/p>\n\n\n\n<p>Il est \u00e9galement fondamental de garantir un espace libre ad\u00e9quat devant l\u2019\u00e9chelle pour faciliter les mouvements du corps pendant la mont\u00e9e. Cet espace \u00e9vite les chocs ou interf\u00e9rences avec les structures proches et r\u00e9duit le risque de perte d\u2019\u00e9quilibre.<\/p>\n\n\n\n<p>Pour les \u00e9chelles de grande hauteur, la r\u00e9glementation exige l\u2019int\u00e9gration de plateformes de repos interm\u00e9diaires afin d\u2019\u00e9viter la fatigue de l\u2019utilisateur. Ces plateformes permettent de s\u2019arr\u00eater pendant la mont\u00e9e et d\u2019am\u00e9liorer la s\u00e9curit\u00e9 sur de longs parcours.<\/p>\n\n\n\n<p>Un autre \u00e9l\u00e9ment essentiel est la protection contre les chutes. Selon la hauteur et l\u2019environnement d\u2019installation, il peut \u00eatre n\u00e9cessaire d\u2019ajouter des cages de protection ou des syst\u00e8mes antichute avec lignes de vie verticales pour r\u00e9duire le risque d\u2019accidents.<\/p>\n\n\n\n<h2 class=\"wp-block-heading\">Concevoir des acc\u00e8s s\u00fbrs avec des solutions industrielles sp\u00e9cialis\u00e9es<\/h2>\n\n\n\n<p>La bonne installation des <a href=\"https:\/\/www.esla.eu\/fr\/produit\/escaliers-verticaux\/\">\u00e9chelles \u00e0 crinoline<\/a> n\u00e9cessite bien plus que le respect des dimensions minimales. Chaque environnement industriel pr\u00e9sente des d\u00e9fis sp\u00e9cifiques li\u00e9s \u00e0 la hauteur, \u00e0 la structure du b\u00e2timent, \u00e0 la fr\u00e9quence d\u2019utilisation ou aux conditions environnementales.<\/p>\n\n\n\n<p>C\u2019est pourquoi de plus en plus d\u2019entreprises font appel \u00e0 des fabricants sp\u00e9cialis\u00e9s capables de concevoir des syst\u00e8mes d\u2019acc\u00e8s adapt\u00e9s aux besoins r\u00e9els de l\u2019installation. Une conception appropri\u00e9e permet d\u2019am\u00e9liorer la s\u00e9curit\u00e9, d\u2019optimiser l\u2019espace disponible et de faciliter la maintenance des \u00e9quipements et infrastructures.<\/p>\n\n\n\n<p>Des fabricants tels qu\u2019ESLA d\u00e9veloppent des solutions d\u2019acc\u00e8s industriel conformes \u00e0 la r\u00e9glementation europ\u00e9enne et adapt\u00e9es \u00e0 diff\u00e9rentes applications, depuis l\u2019acc\u00e8s aux machines jusqu\u2019aux structures de maintenance dans des installations industrielles complexes. Ces solutions peuvent s\u2019int\u00e9grer \u00e0 d\u2019autres syst\u00e8mes tels que les plateformes \u00e9l\u00e9vatrices ou passerelles de travail pour cr\u00e9er des environnements d\u2019acc\u00e8s plus s\u00fbrs et efficaces.<\/p>\n\n\n\n<h2 class=\"wp-block-heading\">Installez des \u00e9chelles \u00e0 crinoline s\u00e9curis\u00e9es avec le conseil d\u2019ESLA<\/h2>\n\n\n\n<p>L\u2019installation d\u2019\u00e9chelles \u00e0 crinoline doit toujours tenir compte de la r\u00e9glementation en vigueur, des caract\u00e9ristiques de l\u2019environnement et de la fr\u00e9quence d\u2019utilisation de l\u2019acc\u00e8s. Choisir la solution appropri\u00e9e am\u00e9liore non seulement la s\u00e9curit\u00e9 des travailleurs, mais optimise \u00e9galement les op\u00e9rations de maintenance dans toute installation industrielle.<\/p>\n\n\n\n<p>Si vous devez concevoir un syst\u00e8me d\u2019acc\u00e8s s\u00fbr et conforme \u00e0 la r\u00e9glementation, l\u2019\u00e9quipe technique d\u2019ESLA peut vous aider \u00e0 trouver la meilleure solution pour votre projet. Gr\u00e2ce \u00e0 son expertise en ing\u00e9nierie appliqu\u00e9e au travail en hauteur, ESLA d\u00e9veloppe des \u00e9chelles \u00e0 crinoline, plateformes \u00e9l\u00e9vatrices et syst\u00e8mes d\u2019acc\u00e8s industriel adapt\u00e9s \u00e0 chaque environnement.<a href=\"https:\/\/www.esla.eu\/fr\/contact\/\">Contactez ESLA <\/a>pour obtenir des conseils techniques et d\u00e9couvrez comment concevoir des acc\u00e8s industriels plus s\u00fbrs, efficaces et durables pour votre installation.<\/p>\n\t\t\t\t<\/div>\n\t\t\t\t<\/div>\n\t\t\t\t<div class=\"elementor-element elementor-element-d3539cc elementor-widget elementor-widget-heading\" data-id=\"d3539cc\" data-element_type=\"widget\" data-e-type=\"widget\" data-widget_type=\"heading.default\">\n\t\t\t\t<div class=\"elementor-widget-container\">\n\t\t\t\t\t<p class=\"elementor-heading-title elementor-size-default\"><a href=\"https:\/\/www.esla.eu\/fr\/echelles-verticales-fixes-normes-installation\/\">LIRE LA SUITE \u2192<\/a><\/p>\t\t\t\t<\/div>\n\t\t\t\t<\/div>\n\t\t\t\t<\/div>\n\t\t\t\t\t<\/div>\n\t\t\t\t<\/div>\n\t\t\t\t<\/div>\n\t\t\t\t<div data-elementor-type=\"loop-item\" data-elementor-id=\"15300\" class=\"elementor elementor-15300 elementor-15057 elementor-15057 e-loop-item e-loop-item-15760 post-15760 post type-post status-publish format-standard has-post-thumbnail hentry category-echelles-verticales category-escaliers\" data-elementor-post-type=\"elementor_library\" data-custom-edit-handle=\"1\">\n\t\t\t<div class=\"elementor-element elementor-element-3bc8270 e-flex e-con-boxed e-con e-parent\" data-id=\"3bc8270\" data-element_type=\"container\" data-e-type=\"container\">\n\t\t\t\t\t<div class=\"e-con-inner\">\n\t\t\t\t<div class=\"elementor-element elementor-element-d6e1487 square-img elementor-widget elementor-widget-theme-post-featured-image elementor-widget-image\" data-id=\"d6e1487\" data-element_type=\"widget\" data-e-type=\"widget\" data-widget_type=\"theme-post-featured-image.default\">\n\t\t\t\t<div class=\"elementor-widget-container\">\n\t\t\t\t\t\t\t\t\t\t\t\t\t\t\t<img decoding=\"async\" width=\"812\" height=\"542\" src=\"https:\/\/www.esla.eu\/wp-content\/uploads\/2026\/04\/Professional-man-working-on-3D-design-1024x683.png\" class=\"attachment-large size-large wp-image-15750\" alt=\"configurador ESLA\" srcset=\"https:\/\/www.esla.eu\/wp-content\/uploads\/2026\/04\/Professional-man-working-on-3D-design-1024x683.png 1024w, https:\/\/www.esla.eu\/wp-content\/uploads\/2026\/04\/Professional-man-working-on-3D-design-300x200.png 300w, https:\/\/www.esla.eu\/wp-content\/uploads\/2026\/04\/Professional-man-working-on-3D-design-768x512.png 768w, https:\/\/www.esla.eu\/wp-content\/uploads\/2026\/04\/Professional-man-working-on-3D-design-600x400.png 600w, https:\/\/www.esla.eu\/wp-content\/uploads\/2026\/04\/Professional-man-working-on-3D-design-100x67.png 100w, https:\/\/www.esla.eu\/wp-content\/uploads\/2026\/04\/Professional-man-working-on-3D-design.png 1536w\" sizes=\"(max-width: 812px) 100vw, 812px\" \/>\t\t\t\t\t\t\t\t\t\t\t\t\t\t\t<\/div>\n\t\t\t\t<\/div>\n\t\t<div class=\"elementor-element elementor-element-d48e006 e-con-full e-flex e-con e-child\" data-id=\"d48e006\" data-element_type=\"container\" data-e-type=\"container\" data-settings=\"{&quot;background_background&quot;:&quot;classic&quot;}\">\n\t\t<div class=\"elementor-element elementor-element-ecdee6e e-con-full e-flex e-con e-child\" data-id=\"ecdee6e\" data-element_type=\"container\" data-e-type=\"container\">\n\t\t\t\t<div class=\"elementor-element elementor-element-25ba344 elementor-widget elementor-widget-theme-post-title elementor-page-title elementor-widget-heading\" data-id=\"25ba344\" data-element_type=\"widget\" data-e-type=\"widget\" data-widget_type=\"theme-post-title.default\">\n\t\t\t\t<div class=\"elementor-widget-container\">\n\t\t\t\t\t<h1 class=\"elementor-heading-title elementor-size-default\">Comment utiliser le configurateur ESLA pour choisir l\u2019escalier ou l\u2019\u00e9chafaudage id\u00e9al<\/h1>\t\t\t\t<\/div>\n\t\t\t\t<\/div>\n\t\t\t\t<div class=\"elementor-element elementor-element-eabd54b elementor-widget elementor-widget-post-info\" data-id=\"eabd54b\" data-element_type=\"widget\" data-e-type=\"widget\" data-widget_type=\"post-info.default\">\n\t\t\t\t<div class=\"elementor-widget-container\">\n\t\t\t\t\t\t\t<ul class=\"elementor-inline-items elementor-icon-list-items elementor-post-info\">\n\t\t\t\t\t\t\t\t<li class=\"elementor-icon-list-item elementor-repeater-item-a25c42a elementor-inline-item\" itemprop=\"datePublished\">\n\t\t\t\t\t\t\t\t\t\t\t\t\t<span class=\"elementor-icon-list-text elementor-post-info__item elementor-post-info__item--type-date\">\n\t\t\t\t\t\t\t\t\t\t<time>avril, 2026<\/time>\t\t\t\t\t<\/span>\n\t\t\t\t\t\t\t\t<\/li>\n\t\t\t\t<\/ul>\n\t\t\t\t\t\t<\/div>\n\t\t\t\t<\/div>\n\t\t\t\t<\/div>\n\t\t\t\t<div class=\"elementor-element elementor-element-7ba4a45 truncate-text elementor-widget elementor-widget-theme-post-content\" data-id=\"7ba4a45\" data-element_type=\"widget\" data-e-type=\"widget\" data-widget_type=\"theme-post-content.default\">\n\t\t\t\t<div class=\"elementor-widget-container\">\n\t\t\t\t\t\n<p>Dans les environnements industriels, choisir le syst\u00e8me d\u2019acc\u00e8s appropri\u00e9 n\u2019est pas une d\u00e9cision mineure. La s\u00e9curit\u00e9 des op\u00e9rateurs, l\u2019efficacit\u00e9 de la maintenance et le respect des normes d\u00e9pendent directement de la s\u00e9lection correcte de l\u2019\u00e9quipement de travail en hauteur.<\/p>\n\n\n\n<p>Dans de nombreuses installations, un escalier mal dimensionn\u00e9 ou une plateforme inadapt\u00e9e peut entra\u00eener des risques inutiles, des pertes de temps et m\u00eame des non-conformit\u00e9s<a href=\"https:\/\/publikationen.dguv.de\/regelwerk\/dguv-informationen\/450\/die-verwendung-von-leitern-und-tritten\" rel=\"nofollow noopener\" target=\"_blank\"> r\u00e9glementaires.<\/a><\/p>\n\n\n\n<p>Pour r\u00e9pondre \u00e0 ce besoin, ESLA a d\u00e9velopp\u00e9 un outil num\u00e9rique qui simplifie consid\u00e9rablement le processus de s\u00e9lection : le <a href=\"https:\/\/www.esla.eu\/fr\/services\/configurateur\/\">configurateur <\/a>en ligne de solutions d\u2019acc\u00e8s. Cet outil permet de concevoir rapidement et avec pr\u00e9cision des escaliers industriels, des structures d\u2019acc\u00e8s et des syst\u00e8mes industriels adapt\u00e9s \u00e0 chaque application sp\u00e9cifique.<\/p>\n\n\n\n<p>Gr\u00e2ce \u00e0 ce configurateur, les ing\u00e9nieurs, responsables de maintenance et techniciens en pr\u00e9vention peuvent configurer en quelques minutes une solution s\u00fbre, adapt\u00e9e aux conditions r\u00e9elles de travail et conforme \u00e0 la <a href=\"https:\/\/www.inrs.fr\/risques\/chutes-hauteur\/ce-qu-il-faut-retenir.html\" rel=\"nofollow noopener\" target=\"_blank\">r\u00e9glementation<\/a> europ\u00e9enne en vigueur.<\/p>\n\n\n\n<h2 class=\"wp-block-heading\">Pourquoi utiliser un configurateur pour concevoir des solutions d\u2019acc\u00e8s industriel<\/h2>\n\n\n\n<p>Pendant des d\u00e9cennies, la s\u00e9lection d\u2019un escalier industriel ou d\u2019un syst\u00e8me d\u2019acc\u00e8s n\u00e9cessitait des \u00e9changes de plans, de courriels et de multiples it\u00e9rations avec le service technique du fabricant. Ce processus pouvait durer plusieurs jours, voire semaines.<\/p>\n\n\n\n<p>Le configurateur num\u00e9rique change compl\u00e8tement cette dynamique. Au lieu de travailler avec des descriptions g\u00e9n\u00e9riques ou des catalogues limit\u00e9s, l\u2019utilisateur peut visualiser en temps r\u00e9el la solution dont il a besoin et ajuster ses caract\u00e9ristiques techniques jusqu\u2019\u00e0 trouver le parfait \u00e9quilibre entre s\u00e9curit\u00e9, ergonomie et fonctionnalit\u00e9.<\/p>\n\n\n\n<p>Dans des secteurs comme l\u2019industrie manufacturi\u00e8re, la logistique ou la maintenance de machines lourdes, cet outil est particuli\u00e8rement pr\u00e9cieux. Il permet d\u2019adapter des escaliers industriels \u00e0 des environnements sp\u00e9cifiques, de concevoir des structures s\u00fbres pour des interventions p\u00e9riodiques ou d\u2019\u00e9valuer rapidement si un \u00e9chafaudage aluminium ou une plateforme \u00e9l\u00e9vatrice mobile est la solution la plus adapt\u00e9e pour un travail donn\u00e9.<\/p>\n\n\n\n<p>De plus, le configurateur facilite la prise de d\u00e9cisions \u00e9clair\u00e9es, en int\u00e9grant des param\u00e8tres cl\u00e9s tels que la hauteur de travail, l\u2019espace disponible ou la stabilit\u00e9 structurelle, des facteurs d\u00e9terminants pour la s\u00e9curit\u00e9 lors des op\u00e9rations de maintenance et d\u2019acc\u00e8s technique.<\/p>\n\n\n\n<h2 class=\"wp-block-heading\">Comment utiliser le configurateur ESLA \u00e9tape par \u00e9tape<\/h2>\n\n\n\n<p>Le configurateur a \u00e9t\u00e9 con\u00e7u pour que tout professionnel technique puisse l\u2019utiliser de mani\u00e8re intuitive, m\u00eame sans exp\u00e9rience pr\u00e9alable en conception industrielle. Le processus commence par la s\u00e9lection du type de structure \u00e0 configurer. \u00c0 partir de l\u00e0, l\u2019outil guide l\u2019utilisateur pour d\u00e9finir les principales caract\u00e9ristiques du syst\u00e8me d\u2019acc\u00e8s.<\/p>\n\n\n\n<p>La premi\u00e8re \u00e9tape consiste \u00e0 choisir le type de solution. Selon l\u2019environnement de travail, l\u2019utilisateur peut opter pour une structure fixe, un escalier industriel, un syst\u00e8me d\u2019acc\u00e8s avec plateforme ou m\u00eame un pont de maintenance. Ce choix initial d\u00e9finit la base sur laquelle le design sera d\u00e9velopp\u00e9.<\/p>\n\n\n\n<p>Une fois le mod\u00e8le s\u00e9lectionn\u00e9, le configurateur permet d\u2019ajuster les dimensions fondamentales de l\u2019\u00e9quipement. Ici, on saisit la hauteur de travail n\u00e9cessaire, l\u2019un des param\u00e8tres les plus importants pour garantir la s\u00e9curit\u00e9. Dans les travaux de maintenance industrielle, par exemple, la hauteur d\u2019acc\u00e8s doit permettre \u00e0 l\u2019op\u00e9rateur de travailler avec stabilit\u00e9 et sans postures contraignantes.<\/p>\n\n\n\n<p>Ensuite, d\u2019autres \u00e9l\u00e9ments cl\u00e9s du design sont ajust\u00e9s, tels que l\u2019inclinaison de l\u2019escalier, la profondeur des marches, le type de plateforme ou les syst\u00e8mes de protection lat\u00e9rale. Ces variables sont essentielles lors de la conception d\u2019escaliers industriels destin\u00e9s \u00e0 un usage intensif ou \u00e0 des environnements industriels exigeants.<\/p>\n\n\n\n<p>Pendant que l\u2019utilisateur saisit les param\u00e8tres, le configurateur g\u00e9n\u00e8re automatiquement une visualisation en trois dimensions de la structure. Cette repr\u00e9sentation permet de v\u00e9rifier imm\u00e9diatement si la solution s\u2019adapte correctement \u00e0 l\u2019environnement de travail pr\u00e9vu.<\/p>\n\n\n\n<h2 class=\"wp-block-heading\">Comment choisir la solution correcte selon la hauteur de travail<\/h2>\n\n\n\n<p>L\u2019un des facteurs les plus d\u00e9terminants lors de l\u2019utilisation d\u2019un<a href=\"https:\/\/www.esla.eu\/fr\/services\/configurateur\/\"> configurateur <\/a>est la hauteur \u00e0 laquelle l\u2019intervention sera r\u00e9alis\u00e9e. Toutes les solutions d\u2019acc\u00e8s ne sont pas con\u00e7ues pour les m\u00eames conditions de travail.<\/p>\n\n\n\n<p>Lorsque la hauteur est mod\u00e9r\u00e9e et l\u2019acc\u00e8s fr\u00e9quent, un escalier industriel avec plateforme constitue g\u00e9n\u00e9ralement l\u2019option la plus efficace. Ce type de structure offre stabilit\u00e9, surface d\u2019appui et s\u00e9curit\u00e9 accrue pour les interventions prolong\u00e9es.<\/p>\n\n\n\n<p>Dans les applications o\u00f9 la maintenance s\u2019effectue sur des zones plus vastes ou sur des surfaces \u00e9tendues, un \u00e9chafaudage aluminium peut offrir une plus grande libert\u00e9 de mouvement. Sa l\u00e9g\u00e8ret\u00e9 structurelle et sa facilit\u00e9 de d\u00e9placement en font une alternative polyvalente pour travailler \u00e0 diff\u00e9rents points d\u2019une installation.<\/p>\n\n\n\n<p>Dans les situations o\u00f9 un acc\u00e8s \u00e0 diff\u00e9rentes hauteurs ou \u00e0 des positions complexes est n\u00e9cessaire, une plateforme \u00e9l\u00e9vatrice mobile peut offrir une flexibilit\u00e9 op\u00e9rationnelle accrue. Ce type d\u2019\u00e9quipement permet d\u2019ajuster dynamiquement la hauteur de travail, facilitant les t\u00e2ches d\u2019inspection, de r\u00e9paration ou de montage dans les installations industrielles.<\/p>\n\n\n\n<p>Le configurateur ESLA permet d\u2019analyser ces variables et de visualiser rapidement quelle solution offre le meilleur \u00e9quilibre entre stabilit\u00e9, accessibilit\u00e9 et ergonomie.<\/p>\n\n\n\n<h2 class=\"wp-block-heading\">Importance de consid\u00e9rer la charge et la stabilit\u00e9 structurelle<\/h2>\n\n\n\n<p>Outre la hauteur de travail, un autre facteur fondamental est la charge que la structure devra supporter. Les escaliers industriels utilis\u00e9s dans les environnements professionnels doivent supporter non seulement le poids de l\u2019op\u00e9rateur, mais aussi des outils, \u00e9quipements de maintenance ou mat\u00e9riaux.<\/p>\n\n\n\n<p>Le configurateur permet d\u2019ajuster ces param\u00e8tres afin de garantir que la structure con\u00e7ue r\u00e9ponde aux exigences de r\u00e9sistance appropri\u00e9es. Cet aspect est particuli\u00e8rement pertinent dans les applications industrielles o\u00f9 l\u2019acc\u00e8s est intensif ou lorsque les op\u00e9rations n\u00e9cessitent une stabilit\u00e9 suppl\u00e9mentaire.<\/p>\n\n\n\n<h2 class=\"wp-block-heading\">Conformit\u00e9 aux normes pour les syst\u00e8mes d\u2019acc\u00e8s industriel<\/h2>\n\n\n\n<p>La conception d\u2019escaliers industriels, plateformes et syst\u00e8mes d\u2019acc\u00e8s ne peut \u00eatre dissoci\u00e9e de la conformit\u00e9 aux normes. En Europe, il existe des standards sp\u00e9cifiques r\u00e9gissant les caract\u00e9ristiques techniques de ces \u00e9quipements pour garantir la s\u00e9curit\u00e9 des travaux en hauteur.<\/p>\n\n\n\n<p>Des normes telles que la EN 131 ou la EN 14122 d\u00e9finissent des exigences sur les dimensions, les inclinaisons, la r\u00e9sistance structurelle et les \u00e9l\u00e9ments de protection. Ces r\u00e9gulations assurent que les \u00e9quipements utilis\u00e9s dans les installations industrielles respectent des crit\u00e8res stricts de s\u00e9curit\u00e9 et d\u2019ergonomie.<\/p>\n\n\n\n<p>Le configurateur ESLA int\u00e8gre ces principes dans le processus de conception, aidant les professionnels \u00e0 s\u00e9lectionner des solutions conformes aux recommandations techniques. Pour mieux comprendre le cadre r\u00e9glementaire des \u00e9quipements de travail en Europe, il est \u00e9galement utile de consulter les informations publi\u00e9es par la Commission Europ\u00e9enne sur la s\u00e9curit\u00e9 au travail.<\/p>\n\n\n\n<h2 class=\"wp-block-heading\">Concevoir des solutions d\u2019acc\u00e8s plus efficaces avec le configurateur<\/h2>\n\n\n\n<p>L\u2019un des plus grands avantages de l\u2019utilisation du configurateur est qu\u2019il permet d\u2019adapter chaque solution aux conditions r\u00e9elles de travail. Plut\u00f4t que d\u2019utiliser des \u00e9quipements g\u00e9n\u00e9riques, les entreprises peuvent concevoir des structures optimis\u00e9es pour leur environnement sp\u00e9cifique.<\/p>\n\n\n\n<p>Cela se traduit par des am\u00e9liorations claires de la s\u00e9curit\u00e9 op\u00e9rationnelle, de l\u2019efficacit\u00e9 de la maintenance et de l\u2019ergonomie du travail quotidien. Un acc\u00e8s bien con\u00e7u r\u00e9duit le temps n\u00e9cessaire pour r\u00e9aliser des interventions techniques et diminue les risques associ\u00e9s aux travaux en hauteur.<\/p>\n\n\n\n<p>De plus, le configurateur permet d\u2019explorer diff\u00e9rentes configurations avant de prendre une d\u00e9cision finale, facilitant l\u2019\u00e9valuation technique de chaque alternative.<\/p>\n\n\n\n<h2 class=\"wp-block-heading\">Concevez votre solution d\u2019acc\u00e8s industriel avec ESLA<\/h2>\n\n\n\n<p>S\u00e9lectionner l\u2019escalier ou le syst\u00e8me d\u2019acc\u00e8s appropri\u00e9 est une d\u00e9cision cl\u00e9 pour toute installation industrielle. Gr\u00e2ce au <a href=\"https:\/\/www.esla.eu\/fr\/services\/configurateur\/\">configurateur <\/a>ESLA, ce processus peut \u00eatre r\u00e9alis\u00e9 rapidement, avec pr\u00e9cision et bas\u00e9 sur des crit\u00e8res techniques solides.<\/p>\n\n\n\n<p>Si vous avez besoin d\u2019escaliers industriels adapt\u00e9s \u00e0 votre installation, d\u2019un \u00e9chafaudage aluminium pour maintenance industrielle ou d\u2019une plateforme \u00e9l\u00e9vatrice mobile con\u00e7ue pour des op\u00e9rations sp\u00e9cifiques, l\u2019outil de configuration ESLA vous permettra de trouver la solution adapt\u00e9e en quelques minutes.Acc\u00e9dez au configurateur et commencez \u00e0 concevoir votre solution d\u2019acc\u00e8s personnalis\u00e9e. L\u2019<a href=\"https:\/\/www.esla.eu\/fr\/contact\/\">\u00e9quipe technique<\/a> d\u2019ESLA examinera votre configuration et vous aidera \u00e0 la transformer en une solution s\u00fbre, efficace et enti\u00e8rement adapt\u00e9e \u00e0 votre environnement de travail.<\/p>\n\t\t\t\t<\/div>\n\t\t\t\t<\/div>\n\t\t\t\t<div class=\"elementor-element elementor-element-d3539cc elementor-widget elementor-widget-heading\" data-id=\"d3539cc\" data-element_type=\"widget\" data-e-type=\"widget\" data-widget_type=\"heading.default\">\n\t\t\t\t<div class=\"elementor-widget-container\">\n\t\t\t\t\t<p class=\"elementor-heading-title elementor-size-default\"><a href=\"https:\/\/www.esla.eu\/fr\/configurateur-echelles-plateformes\/\">LIRE LA SUITE \u2192<\/a><\/p>\t\t\t\t<\/div>\n\t\t\t\t<\/div>\n\t\t\t\t<\/div>\n\t\t\t\t\t<\/div>\n\t\t\t\t<\/div>\n\t\t\t\t<\/div>\n\t\t\t\t<div data-elementor-type=\"loop-item\" data-elementor-id=\"15300\" class=\"elementor elementor-15300 elementor-15057 elementor-15057 e-loop-item e-loop-item-15472 post-15472 post type-post status-publish format-standard has-post-thumbnail hentry category-echelles-verticales tag-echelles-verticales\" data-elementor-post-type=\"elementor_library\" data-custom-edit-handle=\"1\">\n\t\t\t<div class=\"elementor-element elementor-element-3bc8270 e-flex e-con-boxed e-con e-parent\" data-id=\"3bc8270\" data-element_type=\"container\" data-e-type=\"container\">\n\t\t\t\t\t<div class=\"e-con-inner\">\n\t\t\t\t<div class=\"elementor-element elementor-element-d6e1487 square-img elementor-widget elementor-widget-theme-post-featured-image elementor-widget-image\" data-id=\"d6e1487\" data-element_type=\"widget\" data-e-type=\"widget\" data-widget_type=\"theme-post-featured-image.default\">\n\t\t\t\t<div class=\"elementor-widget-container\">\n\t\t\t\t\t\t\t\t\t\t\t\t\t\t\t<img decoding=\"async\" width=\"812\" height=\"457\" src=\"https:\/\/www.esla.eu\/wp-content\/uploads\/2026\/03\/Diseno-sin-titulo-2-1024x576.jpg\" class=\"attachment-large size-large wp-image-15499\" alt=\"\" srcset=\"https:\/\/www.esla.eu\/wp-content\/uploads\/2026\/03\/Diseno-sin-titulo-2-1024x576.jpg 1024w, https:\/\/www.esla.eu\/wp-content\/uploads\/2026\/03\/Diseno-sin-titulo-2-300x169.jpg 300w, https:\/\/www.esla.eu\/wp-content\/uploads\/2026\/03\/Diseno-sin-titulo-2-768x432.jpg 768w, https:\/\/www.esla.eu\/wp-content\/uploads\/2026\/03\/Diseno-sin-titulo-2-600x338.jpg 600w, https:\/\/www.esla.eu\/wp-content\/uploads\/2026\/03\/Diseno-sin-titulo-2-100x56.jpg 100w, https:\/\/www.esla.eu\/wp-content\/uploads\/2026\/03\/Diseno-sin-titulo-2.jpg 1200w\" sizes=\"(max-width: 812px) 100vw, 812px\" \/>\t\t\t\t\t\t\t\t\t\t\t\t\t\t\t<\/div>\n\t\t\t\t<\/div>\n\t\t<div class=\"elementor-element elementor-element-d48e006 e-con-full e-flex e-con e-child\" data-id=\"d48e006\" data-element_type=\"container\" data-e-type=\"container\" data-settings=\"{&quot;background_background&quot;:&quot;classic&quot;}\">\n\t\t<div class=\"elementor-element elementor-element-ecdee6e e-con-full e-flex e-con e-child\" data-id=\"ecdee6e\" data-element_type=\"container\" data-e-type=\"container\">\n\t\t\t\t<div class=\"elementor-element elementor-element-25ba344 elementor-widget elementor-widget-theme-post-title elementor-page-title elementor-widget-heading\" data-id=\"25ba344\" data-element_type=\"widget\" data-e-type=\"widget\" data-widget_type=\"theme-post-title.default\">\n\t\t\t\t<div class=\"elementor-widget-container\">\n\t\t\t\t\t<h1 class=\"elementor-heading-title elementor-size-default\">Adaptation d\u2019\u00e9chelles verticales dans les b\u00e2timents existants<\/h1>\t\t\t\t<\/div>\n\t\t\t\t<\/div>\n\t\t\t\t<div class=\"elementor-element elementor-element-eabd54b elementor-widget elementor-widget-post-info\" data-id=\"eabd54b\" data-element_type=\"widget\" data-e-type=\"widget\" data-widget_type=\"post-info.default\">\n\t\t\t\t<div class=\"elementor-widget-container\">\n\t\t\t\t\t\t\t<ul class=\"elementor-inline-items elementor-icon-list-items elementor-post-info\">\n\t\t\t\t\t\t\t\t<li class=\"elementor-icon-list-item elementor-repeater-item-a25c42a elementor-inline-item\" itemprop=\"datePublished\">\n\t\t\t\t\t\t\t\t\t\t\t\t\t<span class=\"elementor-icon-list-text elementor-post-info__item elementor-post-info__item--type-date\">\n\t\t\t\t\t\t\t\t\t\t<time>mars, 2026<\/time>\t\t\t\t\t<\/span>\n\t\t\t\t\t\t\t\t<\/li>\n\t\t\t\t<\/ul>\n\t\t\t\t\t\t<\/div>\n\t\t\t\t<\/div>\n\t\t\t\t<\/div>\n\t\t\t\t<div class=\"elementor-element elementor-element-7ba4a45 truncate-text elementor-widget elementor-widget-theme-post-content\" data-id=\"7ba4a45\" data-element_type=\"widget\" data-e-type=\"widget\" data-widget_type=\"theme-post-content.default\">\n\t\t\t\t<div class=\"elementor-widget-container\">\n\t\t\t\t\t\n<p>L\u2019adaptation d\u2019<strong><a href=\"https:\/\/www.esla.eu\/fr\/produits\/\" target=\"_blank\" rel=\"noreferrer noopener\">\u00e9chelles verticales<\/a><\/strong> dans les b\u00e2timents existants est une n\u00e9cessit\u00e9 technique courante dans les environnements industriels, logistiques et de services.<\/p>\n\n\n\n<p>De nombreuses installations ont \u00e9t\u00e9 con\u00e7ues pour des usages diff\u00e9rents de ceux d\u2019aujourd\u2019hui ou sont devenues obsol\u00e8tes face aux nouvelles exigences en mati\u00e8re de s\u00e9curit\u00e9, de maintenance et d\u2019accessibilit\u00e9. Dans ces sc\u00e9narios, disposer d\u2019acc\u00e8s verticaux s\u00fbrs et conformes \u00e0 la r\u00e9glementation est essentiel pour garantir le fonctionnement quotidien et la protection des personnes.<\/p>\n\n\n\n<p>Contrairement aux b\u00e2timents de construction r\u00e9cente, les b\u00e2timents existants imposent des contraintes structurelles, spatiales et op\u00e9rationnelles qui n\u00e9cessitent des solutions techniques pr\u00e9cises, capables de s\u2019int\u00e9grer sans alt\u00e9rer le fonctionnement de l\u2019installation.<\/p>\n\n\n\n<h2 class=\"wp-block-heading\">\u00c9chelles verticales comme solution technique efficace<\/h2>\n\n\n\n<p>Les \u00e9chelles verticales se sont impos\u00e9es comme l\u2019une des solutions les plus efficaces pour r\u00e9soudre les acc\u00e8s en hauteur lorsque l\u2019espace disponible est limit\u00e9 ou lorsqu\u2019il n\u2019est pas possible d\u2019installer des escaliers conventionnels. Leur conception permet de franchir de grandes hauteurs avec une emprise minimale, facilitant l\u2019acc\u00e8s aux toitures, aux plateformes techniques, aux r\u00e9servoirs, aux machines ou aux zones d\u2019inspection.<\/p>\n\n\n\n<p>Dans les b\u00e2timents existants, ces solutions se distinguent par leur capacit\u00e9 d\u2019adaptation \u00e0 diff\u00e9rents supports, qu\u2019il s\u2019agisse de murs en b\u00e9ton, de structures m\u00e9talliques ou de fermetures industrielles. Elles peuvent \u00e9galement int\u00e9grer des \u00e9l\u00e9ments de s\u00e9curit\u00e9 comme des cages de protection, des paliers s\u00e9curis\u00e9s ou des syst\u00e8mes antichute, garantissant une utilisation s\u00fbre m\u00eame dans des environnements exigeants. Ces syst\u00e8mes sont souvent con\u00e7us selon la reglementation echelle crinoline<strong> <\/strong>afin d\u2019assurer la conformit\u00e9 et la s\u00e9curit\u00e9 des acc\u00e8s en hauteur.<\/p>\n\n\n\n<h2 class=\"wp-block-heading\">Int\u00e9gration sans travaux structurels : un avantage cl\u00e9<\/h2>\n\n\n\n<p>L\u2019un des grands avantages de l\u2019installation d\u2019<strong><a href=\"https:\/\/www.esla.eu\/fr\/produits\/\" target=\"_blank\" rel=\"noreferrer noopener\">\u00e9chelles verticales<\/a><\/strong> dans les b\u00e2timents existants est la possibilit\u00e9 d\u2019une int\u00e9gration sans travaux structurels. Dans la majorit\u00e9 des projets, il n\u2019est pas n\u00e9cessaire de modifier la structure porteuse du b\u00e2timent, ce qui r\u00e9duit significativement les co\u00fbts, les d\u00e9lais d\u2019ex\u00e9cution et l\u2019impact sur l\u2019activit\u00e9 quotidienne.<\/p>\n\n\n\n<p>Cette caract\u00e9ristique est particuli\u00e8rement pr\u00e9cieuse dans les installations fonctionnant en continu, o\u00f9 les arr\u00eats non planifi\u00e9s repr\u00e9sentent un co\u00fbt \u00e9lev\u00e9. Gr\u00e2ce \u00e0 des syst\u00e8mes d\u2019ancrage calcul\u00e9s et \u00e0 des solutions modulaires, il est possible d\u2019implanter des acc\u00e8s s\u00fbrs de mani\u00e8re rapide, pr\u00e9cise et contr\u00f4l\u00e9e.<\/p>\n\n\n\n<h2 class=\"wp-block-heading\">S\u00e9curit\u00e9 et conformit\u00e9 r\u00e9glementaire des acc\u00e8s verticaux<\/h2>\n\n\n\n<p>L\u2019adaptation des acc\u00e8s dans les b\u00e2timents existants exige une connaissance approfondie de la r\u00e9glementation en vigueur. Les \u00e9chelles verticales doivent respecter des exigences strictes en mati\u00e8re de r\u00e9sistance m\u00e9canique, d\u2019ergonomie, d\u2019espacement des barreaux, de protection de l\u2019utilisateur et de syst\u00e8mes antichute.<\/p>\n\n\n\n<p>Une conception incorrecte compromet non seulement la s\u00e9curit\u00e9, mais peut \u00e9galement g\u00e9n\u00e9rer des responsabilit\u00e9s juridiques pour l\u2019entreprise propri\u00e9taire de l\u2019installation. C\u2019est pourquoi il est essentiel de faire appel \u00e0 des sp\u00e9cialistes capables d\u2019int\u00e9grer d\u00e8s le d\u00e9part les crit\u00e8res techniques et normatifs applicables, notamment ceux li\u00e9s \u00e0 la <strong>norme echelle \u00e0 crinoline<\/strong>.<\/p>\n\n\n\n<h2 class=\"wp-block-heading\">Solutions sp\u00e9ciales d\u2019escaliers pour b\u00e2timents singuliers<\/h2>\n\n\n\n<p>Chaque b\u00e2timent pr\u00e9sente des contraintes propres. Des hauteurs particuli\u00e8res, des parcours complexes, des obstacles existants ou des int\u00e9grations avec des \u00e9quipements industriels rendent n\u00e9cessaire le recours \u00e0 des solutions sp\u00e9ciales d\u2019escaliers con\u00e7ues sur mesure.<\/p>\n\n\n\n<p>Ce type de solutions permet d\u2019adapter l\u2019acc\u00e8s vertical \u00e0 la r\u00e9alit\u00e9 de l\u2019environnement, en optimisant \u00e0 la fois la s\u00e9curit\u00e9 et la fonctionnalit\u00e9, notamment dans le cas d\u2019un <strong>escalier industriel<\/strong> ou d\u2019un acc\u00e8s technique sp\u00e9cifique.<\/p>\n\n\n\n<h2 class=\"wp-block-heading\">L\u2019exp\u00e9rience d\u2019ESLA dans l\u2019adaptation des acc\u00e8s<\/h2>\n\n\n\n<p>ESLA poss\u00e8de une vaste exp\u00e9rience dans la conception et la fabrication d\u2019\u00e9chelles verticales et de solutions sp\u00e9ciales d\u2019escaliers pour b\u00e2timents existants. Notre approche combine ing\u00e9nierie, s\u00e9curit\u00e9 et connaissance normative, permettant de d\u00e9velopper des solutions fiables m\u00eame dans des environnements complexes ou pr\u00e9sentant de fortes limitations techniques.<\/p>\n\n\n\n<p>Chaque projet est abord\u00e9 de mani\u00e8re personnalis\u00e9e, en analysant les conditions r\u00e9elles du b\u00e2timent et en proposant une solution qui s\u2019int\u00e8gre efficacement, sans travaux structurels inutiles et avec une garantie totale de s\u00e9curit\u00e9 et de durabilit\u00e9.<\/p>\n\n\n\n<h2 class=\"wp-block-heading\">Un investissement en s\u00e9curit\u00e9 et efficacit\u00e9 op\u00e9rationnelle<\/h2>\n\n\n\n<p>La bonne adaptation des \u00e9chelles verticales ne doit pas \u00eatre comprise comme une simple exigence technique, mais comme un investissement strat\u00e9gique. Un acc\u00e8s bien con\u00e7u r\u00e9duit les risques professionnels, am\u00e9liore les temps de maintenance et prolonge la dur\u00e9e de vie des installations, apportant une valeur \u00e0 long terme au b\u00e2timent.<\/p>\n\n\n\n<p>Dans un environnement industriel de plus en plus r\u00e9glement\u00e9 et exigeant, disposer d\u2019acc\u00e8s verticaux s\u00fbrs et professionnels fait toute la diff\u00e9rence.<\/p>\n\n\n\n<h2 class=\"wp-block-heading\">Contactez ESLA pour votre projet d\u2019adaptation<\/h2>\n\n\n\n<p>Si vous devez adapter des acc\u00e8s en hauteur dans un b\u00e2timent existant, ESLA est un partenaire technique de confiance. Notre \u00e9quipe \u00e9tudie chaque cas afin de proposer des <strong>\u00e9chelle \u00e0 crinoline<\/strong> qui s\u2019int\u00e8grent sans travaux structurels et respectent les normes de s\u00e9curit\u00e9 les plus \u00e9lev\u00e9es.<\/p>\n\n\n\n<p><strong><a href=\"https:\/\/www.esla.eu\/fr\/contact\/\">Contactez-nous <\/a><\/strong>et d\u00e9couvrez comment nous pouvons vous aider \u00e0 am\u00e9liorer la s\u00e9curit\u00e9, l\u2019efficacit\u00e9 et la fonctionnalit\u00e9 de vos installations gr\u00e2ce \u00e0 des solutions d\u2019acc\u00e8s con\u00e7ues sur mesure.<\/p>\n\n\n\n<p><\/p>\n\t\t\t\t<\/div>\n\t\t\t\t<\/div>\n\t\t\t\t<div class=\"elementor-element elementor-element-d3539cc elementor-widget elementor-widget-heading\" data-id=\"d3539cc\" data-element_type=\"widget\" data-e-type=\"widget\" data-widget_type=\"heading.default\">\n\t\t\t\t<div class=\"elementor-widget-container\">\n\t\t\t\t\t<p class=\"elementor-heading-title elementor-size-default\"><a href=\"https:\/\/www.esla.eu\/fr\/adaptation-dechelles-verticales-dans-les-batiments-existants\/\">LIRE LA SUITE \u2192<\/a><\/p>\t\t\t\t<\/div>\n\t\t\t\t<\/div>\n\t\t\t\t<\/div>\n\t\t\t\t\t<\/div>\n\t\t\t\t<\/div>\n\t\t\t\t<\/div>\n\t\t\t\t<div data-elementor-type=\"loop-item\" data-elementor-id=\"15300\" class=\"elementor elementor-15300 elementor-15057 elementor-15057 e-loop-item e-loop-item-15474 post-15474 post type-post status-publish format-standard has-post-thumbnail hentry category-escaliers tag-escaliers-avec-plateforme-en-aluminium\" data-elementor-post-type=\"elementor_library\" data-custom-edit-handle=\"1\">\n\t\t\t<div class=\"elementor-element elementor-element-3bc8270 e-flex e-con-boxed e-con e-parent\" data-id=\"3bc8270\" data-element_type=\"container\" data-e-type=\"container\">\n\t\t\t\t\t<div class=\"e-con-inner\">\n\t\t\t\t<div class=\"elementor-element elementor-element-d6e1487 square-img elementor-widget elementor-widget-theme-post-featured-image elementor-widget-image\" data-id=\"d6e1487\" data-element_type=\"widget\" data-e-type=\"widget\" data-widget_type=\"theme-post-featured-image.default\">\n\t\t\t\t<div class=\"elementor-widget-container\">\n\t\t\t\t\t\t\t\t\t\t\t\t\t\t\t<img loading=\"lazy\" decoding=\"async\" width=\"812\" height=\"458\" src=\"https:\/\/www.esla.eu\/wp-content\/uploads\/2026\/03\/AIRBUS-4-1024x577.jpg\" class=\"attachment-large size-large wp-image-15475\" alt=\"\" srcset=\"https:\/\/www.esla.eu\/wp-content\/uploads\/2026\/03\/AIRBUS-4-1024x577.jpg 1024w, https:\/\/www.esla.eu\/wp-content\/uploads\/2026\/03\/AIRBUS-4-300x169.jpg 300w, https:\/\/www.esla.eu\/wp-content\/uploads\/2026\/03\/AIRBUS-4-768x432.jpg 768w, https:\/\/www.esla.eu\/wp-content\/uploads\/2026\/03\/AIRBUS-4-1536x865.jpg 1536w, https:\/\/www.esla.eu\/wp-content\/uploads\/2026\/03\/AIRBUS-4-600x338.jpg 600w, https:\/\/www.esla.eu\/wp-content\/uploads\/2026\/03\/AIRBUS-4-100x56.jpg 100w, https:\/\/www.esla.eu\/wp-content\/uploads\/2026\/03\/AIRBUS-4.jpg 1600w\" sizes=\"(max-width: 812px) 100vw, 812px\" \/>\t\t\t\t\t\t\t\t\t\t\t\t\t\t\t<\/div>\n\t\t\t\t<\/div>\n\t\t<div class=\"elementor-element elementor-element-d48e006 e-con-full e-flex e-con e-child\" data-id=\"d48e006\" data-element_type=\"container\" data-e-type=\"container\" data-settings=\"{&quot;background_background&quot;:&quot;classic&quot;}\">\n\t\t<div class=\"elementor-element elementor-element-ecdee6e e-con-full e-flex e-con e-child\" data-id=\"ecdee6e\" data-element_type=\"container\" data-e-type=\"container\">\n\t\t\t\t<div class=\"elementor-element elementor-element-25ba344 elementor-widget elementor-widget-theme-post-title elementor-page-title elementor-widget-heading\" data-id=\"25ba344\" data-element_type=\"widget\" data-e-type=\"widget\" data-widget_type=\"theme-post-title.default\">\n\t\t\t\t<div class=\"elementor-widget-container\">\n\t\t\t\t\t<h1 class=\"elementor-heading-title elementor-size-default\">Escaliers avec plateforme en aluminium pour un travail s\u00fbr dans les lignes de production<\/h1>\t\t\t\t<\/div>\n\t\t\t\t<\/div>\n\t\t\t\t<div class=\"elementor-element elementor-element-eabd54b elementor-widget elementor-widget-post-info\" data-id=\"eabd54b\" data-element_type=\"widget\" data-e-type=\"widget\" data-widget_type=\"post-info.default\">\n\t\t\t\t<div class=\"elementor-widget-container\">\n\t\t\t\t\t\t\t<ul class=\"elementor-inline-items elementor-icon-list-items elementor-post-info\">\n\t\t\t\t\t\t\t\t<li class=\"elementor-icon-list-item elementor-repeater-item-a25c42a elementor-inline-item\" itemprop=\"datePublished\">\n\t\t\t\t\t\t\t\t\t\t\t\t\t<span class=\"elementor-icon-list-text elementor-post-info__item elementor-post-info__item--type-date\">\n\t\t\t\t\t\t\t\t\t\t<time>mars, 2026<\/time>\t\t\t\t\t<\/span>\n\t\t\t\t\t\t\t\t<\/li>\n\t\t\t\t<\/ul>\n\t\t\t\t\t\t<\/div>\n\t\t\t\t<\/div>\n\t\t\t\t<\/div>\n\t\t\t\t<div class=\"elementor-element elementor-element-7ba4a45 truncate-text elementor-widget elementor-widget-theme-post-content\" data-id=\"7ba4a45\" data-element_type=\"widget\" data-e-type=\"widget\" data-widget_type=\"theme-post-content.default\">\n\t\t\t\t<div class=\"elementor-widget-container\">\n\t\t\t\t\t\n<p>Dans les environnements industriels o\u00f9 l\u2019efficacit\u00e9, la s\u00e9curit\u00e9 et la continuit\u00e9 op\u00e9rationnelle sont des facteurs critiques, l\u2019acc\u00e8s aux diff\u00e9rents niveaux de travail doit \u00eatre assur\u00e9 par des solutions techniques fiables.<\/p>\n\n\n\n<p>Dans les lignes de production, les zones de maintenance ou les zones d\u2019inspection, les op\u00e9rateurs effectuent souvent des t\u00e2ches r\u00e9p\u00e9titives qui n\u00e9cessitent d\u2019atteindre des composants situ\u00e9s \u00e0 une certaine hauteur. Dans ce contexte, les <strong><a href=\"https:\/\/www.esla.eu\/fr\/produits\/\">escaliers avec plateforme en aluminium<\/a><\/strong> pour un travail s\u00fbr sont devenus un outil essentiel pour am\u00e9liorer la s\u00e9curit\u00e9 au travail et optimiser l\u2019ergonomie au poste de travail.<\/p>\n\n\n\n<p>Contrairement aux escaliers conventionnels, les escaliers avec plateforme sont con\u00e7us pour fournir un espace stable \u00e0 partir duquel l\u2019op\u00e9rateur peut travailler confortablement pendant de longues p\u00e9riodes.<\/p>\n\n\n\n<p>Ce type de structure r\u00e9duit consid\u00e9rablement le risque de chutes et contribue \u00e0 maintenir une posture corporelle plus s\u00fbre lors d\u2019op\u00e9rations r\u00e9p\u00e9titives, ce qui est particuli\u00e8rement important dans les environnements industriels o\u00f9 la productivit\u00e9 et la pr\u00e9vention des risques doivent aller de pair.<\/p>\n\n\n\n<p>Des fabricants sp\u00e9cialis\u00e9s comme ESLA d\u00e9veloppent des solutions techniques en aluminium destin\u00e9es \u00e0 am\u00e9liorer la s\u00e9curit\u00e9 et l\u2019ergonomie des travaux en hauteur, en int\u00e9grant des plateformes stables, des syst\u00e8mes de protection et des composants structurels con\u00e7us sp\u00e9cifiquement pour un usage professionnel.<\/p>\n\n\n\n<h2 class=\"wp-block-heading\">Escaliers avec plateforme en aluminium pour un travail s\u00fbr dans les environnements industriels<\/h2>\n\n\n\n<p>Les escaliers avec plateforme en aluminium pour un travail s\u00fbr sont con\u00e7us pour fonctionner \u00e0 la fois comme point d\u2019acc\u00e8s et comme poste de travail temporaire en hauteur. Contrairement \u00e0 une \u00e9chelle conventionnelle, o\u00f9 l\u2019op\u00e9rateur reste sur un \u00e9chelon, la plateforme sup\u00e9rieure offre une surface plus large qui am\u00e9liore la stabilit\u00e9 et permet de travailler avec des outils ou de manipuler des pi\u00e8ces avec davantage de s\u00e9curit\u00e9.<\/p>\n\n\n\n<p>Dans les lignes de production industrielles, ce type de solution est particuli\u00e8rement utile lorsqu\u2019il est n\u00e9cessaire d\u2019acc\u00e9der de mani\u00e8re r\u00e9p\u00e9t\u00e9e \u00e0 des machines, des panneaux de commande, des \u00e9quipements de maintenance ou des zones \u00e9lev\u00e9es de l\u2019installation. La plateforme permet au travailleur de maintenir une posture stable pendant l\u2019ex\u00e9cution de la t\u00e2che, en \u00e9vitant les positions inconfortables ou les mouvements dangereux.<\/p>\n\n\n\n<p>De plus, lorsque ces escaliers sont fabriqu\u00e9s en aluminium structurel, ils offrent une excellente combinaison de l\u00e9g\u00e8ret\u00e9 et de r\u00e9sistance. Cela facilite leur d\u00e9placement dans l\u2019environnement de travail sans compromettre la robustesse de la structure.<\/p>\n\n\n\n<h2 class=\"wp-block-heading\">Am\u00e9lioration de l\u2019ergonomie dans les travaux r\u00e9p\u00e9titifs<\/h2>\n\n\n\n<p>L\u2019un des principaux d\u00e9fis des lignes de production modernes est la gestion des travaux r\u00e9p\u00e9titifs. De nombreuses t\u00e2ches industrielles impliquent un acc\u00e8s constant \u00e0 des zones situ\u00e9es au-dessus du niveau du sol, ce qui peut provoquer fatigue, surmenage ou postures inadapt\u00e9es si des outils appropri\u00e9s ne sont pas disponibles.<\/p>\n\n\n\n<p>Les escaliers avec plateforme en aluminium pour un travail s\u00fbr contribuent \u00e0 am\u00e9liorer significativement l\u2019ergonomie dans ce type d\u2019op\u00e9rations. La pr\u00e9sence d\u2019une plateforme stable permet \u00e0 l\u2019op\u00e9rateur de maintenir une position plus naturelle pendant le travail, r\u00e9duisant la tension dans les jambes, le dos et les bras.<\/p>\n\n\n\n<p>Ce type de conception facilite \u00e9galement l\u2019utilisation simultan\u00e9e d\u2019outils ou de composants, ce qui est plus difficile lorsque le travailleur se trouve sur un \u00e9chelon \u00e9troit. Par cons\u00e9quent, les escaliers avec plateforme am\u00e9liorent non seulement la s\u00e9curit\u00e9, mais favorisent \u00e9galement une plus grande efficacit\u00e9 dans l\u2019ex\u00e9cution des t\u00e2ches.<\/p>\n\n\n\n<h2 class=\"wp-block-heading\">R\u00e9duction du risque de chutes lors des travaux en hauteur<\/h2>\n\n\n\n<p>Les chutes de hauteur restent l\u2019une des principales causes d\u2019accidents dans les environnements industriels. Beaucoup de ces situations se produisent lorsque le travailleur doit acc\u00e9der \u00e0 des zones \u00e9lev\u00e9es en utilisant des syst\u00e8mes d\u2019acc\u00e8s peu adapt\u00e9s au type de t\u00e2che qu\u2019il effectue.<\/p>\n\n\n\n<p>Les <strong><a href=\"https:\/\/www.esla.eu\/fr\/produits\/\" target=\"_blank\" rel=\"noreferrer noopener\">escaliers avec plateforme en aluminium<\/a><\/strong> pour un travail s\u00fbr sont pr\u00e9cis\u00e9ment con\u00e7us pour r\u00e9duire ce type de risques. La plateforme sup\u00e9rieure fournit une base stable \u00e0 partir de laquelle travailler, tandis que des \u00e9l\u00e9ments de protection comme le <strong>garde corps industriel<\/strong> pour escalier contribuent \u00e0 maintenir l\u2019op\u00e9rateur dans un environnement s\u00e9curis\u00e9.<\/p>\n\n\n\n<p>L\u2019int\u00e9gration de garde-corps et de mains courantes am\u00e9liore la stabilit\u00e9 lors de la mont\u00e9e et de la descente, tout en prot\u00e9geant le travailleur lorsqu\u2019il se trouve sur la plateforme. Ce type de syst\u00e8me de protection collective est fondamental pour minimiser les risques associ\u00e9s au travail en hauteur.<\/p>\n\n\n\n<h2 class=\"wp-block-heading\">L\u2019importance du garde-corps en aluminium pour escalier<\/h2>\n\n\n\n<p>Dans la conception des escaliers avec plateforme, le garde-corps en aluminium pour escalier joue un r\u00f4le essentiel dans la s\u00e9curit\u00e9 du syst\u00e8me. Cet \u00e9l\u00e9ment fournit une protection lat\u00e9rale \u00e0 l\u2019op\u00e9rateur pendant qu\u2019il travaille sur la plateforme et contribue \u00e0 am\u00e9liorer la stabilit\u00e9 lors de l\u2019utilisation de l\u2019escalier.<\/p>\n\n\n\n<p>Les garde-corps fabriqu\u00e9s en aluminium offrent une combinaison optimale de r\u00e9sistance, de durabilit\u00e9 et de l\u00e9g\u00e8ret\u00e9. De plus, leur int\u00e9gration structurelle avec l\u2019escalier permet de cr\u00e9er un ensemble robuste et stable conforme aux exigences de s\u00e9curit\u00e9 \u00e9tablies par la r\u00e9glementation europ\u00e9enne.<\/p>\n\n\n\n<p>Dans les environnements industriels o\u00f9 les travailleurs doivent manipuler des outils ou des mat\u00e9riaux en hauteur, la pr\u00e9sence d\u2019un garde-corps appropri\u00e9 est essentielle pour garantir un environnement de travail s\u00fbr.<\/p>\n\n\n\n<h2 class=\"wp-block-heading\">ESLA : solutions professionnelles pour un acc\u00e8s s\u00fbr dans les lignes de production<\/h2>\n\n\n\n<p>Le choix de syst\u00e8mes d\u2019acc\u00e8s appropri\u00e9s est un aspect fondamental pour am\u00e9liorer la s\u00e9curit\u00e9 et l\u2019efficacit\u00e9 dans les environnements industriels. Dans ce domaine, ESLA s\u2019est impos\u00e9e comme un fabricant sp\u00e9cialis\u00e9 dans les solutions d\u2019acc\u00e8s en aluminium con\u00e7ues pour des applications professionnelles.<\/p>\n\n\n\n<p>Les escaliers avec plateforme d\u00e9velopp\u00e9s par ESLA sont con\u00e7us pour offrir stabilit\u00e9, ergonomie et durabilit\u00e9 dans les travaux en hauteur. Leurs structures en aluminium combinent r\u00e9sistance structurelle et poids r\u00e9duit, ce qui facilite leur utilisation dans diff\u00e9rentes zones de l\u2019usine industrielle.<\/p>\n\n\n\n<p>De plus, l\u2019exp\u00e9rience d\u2019ESLA dans le d\u00e9veloppement de solutions techniques pour l\u2019acc\u00e8s en hauteur permet d\u2019int\u00e9grer des \u00e9l\u00e9ments tels que des plateformes larges, des syst\u00e8mes de protection et des garde-corps en aluminium pour escalier qui am\u00e9liorent la s\u00e9curit\u00e9 de l\u2019op\u00e9rateur pendant le travail.<\/p>\n\n\n\n<p>Gr\u00e2ce \u00e0 son approche bas\u00e9e sur l\u2019ing\u00e9nierie et le design sp\u00e9cialis\u00e9, l\u2019entreprise d\u00e9veloppe des solutions adapt\u00e9es \u00e0 diff\u00e9rents secteurs industriels, des usines de production aux centres logistiques et aux zones de maintenance technique.<\/p>\n\n\n\n<h2 class=\"wp-block-heading\">Am\u00e9liorez la s\u00e9curit\u00e9 et l\u2019ergonomie de votre ligne de production<\/h2>\n\n\n\n<p>Les escaliers avec plateforme en aluminium pour un travail s\u00fbr repr\u00e9sentent une solution efficace pour am\u00e9liorer la s\u00e9curit\u00e9, l\u2019ergonomie et l\u2019efficacit\u00e9 dans les environnements industriels o\u00f9 l\u2019acc\u00e8s en hauteur fait partie du travail quotidien.<\/p>\n\n\n\n<p>En fournissant une base stable et des syst\u00e8mes de protection adapt\u00e9s, ces escaliers permettent de r\u00e9duire le risque de chutes, d\u2019am\u00e9liorer la posture de l\u2019op\u00e9rateur et de faciliter la r\u00e9alisation de t\u00e2ches r\u00e9p\u00e9titives avec plus de confort.<\/p>\n\n\n\n<p>Si votre entreprise doit optimiser l\u2019acc\u00e8s aux machines, aux lignes de production ou aux zones de maintenance, l\u2019\u00e9quipe technique d\u2019ESLA peut vous aider \u00e0 trouver la solution la plus adapt\u00e9e \u00e0 votre installation.<\/p>\n\n\n\n<p><strong><a href=\"https:\/\/www.esla.eu\/fr\/contact\/\" target=\"_blank\" rel=\"noreferrer noopener\">Contactez ESLA<\/a><\/strong> et d\u00e9couvrez comment ses escabeau professionnel avec plateforme peuvent am\u00e9liorer la s\u00e9curit\u00e9, l\u2019ergonomie et l\u2019efficacit\u00e9 de vos op\u00e9rations industrielles.<\/p>\n\n\n\n<p><\/p>\n\t\t\t\t<\/div>\n\t\t\t\t<\/div>\n\t\t\t\t<div class=\"elementor-element elementor-element-d3539cc elementor-widget elementor-widget-heading\" data-id=\"d3539cc\" data-element_type=\"widget\" data-e-type=\"widget\" data-widget_type=\"heading.default\">\n\t\t\t\t<div class=\"elementor-widget-container\">\n\t\t\t\t\t<p class=\"elementor-heading-title elementor-size-default\"><a href=\"https:\/\/www.esla.eu\/fr\/escaliers-avec-plateforme-en-aluminium-pour-un-travail-sur-dans-les-lignes-de-production\/\">LIRE LA SUITE \u2192<\/a><\/p>\t\t\t\t<\/div>\n\t\t\t\t<\/div>\n\t\t\t\t<\/div>\n\t\t\t\t\t<\/div>\n\t\t\t\t<\/div>\n\t\t\t\t<\/div>\n\t\t\t\t<\/div>\n\t\t\n\t\t\t\t\t\t<\/div>\n\t\t\t\t<\/div>\n\t\t\t\t<\/div>\n\t\t\t\t\t<\/div>\n\t\t\t\t<\/div>\n\t\t\t\t<\/div>\n\t\t","protected":false},"excerpt":{"rendered":"<p>Blog ESLA Restez inform\u00e9 des derni\u00e8res actualit\u00e9s et des principales informations sur le secteur.<\/p>\n","protected":false},"author":4,"featured_media":0,"parent":0,"menu_order":0,"comment_status":"closed","ping_status":"closed","template":"","meta":{"inline_featured_image":false,"footnotes":""},"class_list":["post-15238","page","type-page","status-publish","hentry"],"rttpg_featured_image_url":null,"rttpg_author":{"display_name":"Emma Garc\u00eda","author_link":"https:\/\/www.esla.eu\/fr\/author\/emma\/"},"rttpg_comment":0,"rttpg_category":"","rttpg_excerpt":"Blog ESLA Restez inform\u00e9 des derni\u00e8res actualit\u00e9s et des principales informations sur le secteur.","_links":{"self":[{"href":"https:\/\/www.esla.eu\/fr\/wp-json\/wp\/v2\/pages\/15238","targetHints":{"allow":["GET"]}}],"collection":[{"href":"https:\/\/www.esla.eu\/fr\/wp-json\/wp\/v2\/pages"}],"about":[{"href":"https:\/\/www.esla.eu\/fr\/wp-json\/wp\/v2\/types\/page"}],"author":[{"embeddable":true,"href":"https:\/\/www.esla.eu\/fr\/wp-json\/wp\/v2\/users\/4"}],"replies":[{"embeddable":true,"href":"https:\/\/www.esla.eu\/fr\/wp-json\/wp\/v2\/comments?post=15238"}],"version-history":[{"count":7,"href":"https:\/\/www.esla.eu\/fr\/wp-json\/wp\/v2\/pages\/15238\/revisions"}],"predecessor-version":[{"id":15390,"href":"https:\/\/www.esla.eu\/fr\/wp-json\/wp\/v2\/pages\/15238\/revisions\/15390"}],"wp:attachment":[{"href":"https:\/\/www.esla.eu\/fr\/wp-json\/wp\/v2\/media?parent=15238"}],"curies":[{"name":"wp","href":"https:\/\/api.w.org\/{rel}","templated":true}]}}