{"id":8379,"date":"2024-02-29T11:43:48","date_gmt":"2024-02-29T10:43:48","guid":{"rendered":"https:\/\/esla.crealogica.eu\/projets\/"},"modified":"2026-01-26T19:12:04","modified_gmt":"2026-01-26T18:12:04","slug":"projets","status":"publish","type":"page","link":"https:\/\/www.esla.eu\/fr\/projets\/","title":{"rendered":"Projets"},"content":{"rendered":"\t\t<div data-elementor-type=\"wp-page\" data-elementor-id=\"8379\" class=\"elementor elementor-8379 elementor-325\" data-elementor-post-type=\"page\">\n\t\t\t\t\t\t<section class=\"elementor-section elementor-top-section elementor-element elementor-element-1acec34 elementor-section-full_width elementor-section-height-min-height elementor-section-stretched elementor-section-content-middle elementor-section-items-top elementor-section-height-default elementor-invisible\" data-id=\"1acec34\" data-element_type=\"section\" data-e-type=\"section\" data-settings=\"{&quot;stretch_section&quot;:&quot;section-stretched&quot;,&quot;background_background&quot;:&quot;classic&quot;,&quot;animation&quot;:&quot;fadeIn&quot;,&quot;animation_mobile&quot;:&quot;none&quot;}\">\n\t\t\t\t\t\t\t<div class=\"elementor-background-overlay\"><\/div>\n\t\t\t\t\t\t\t<div class=\"elementor-container elementor-column-gap-no\">\n\t\t\t\t\t<div class=\"elementor-column elementor-col-100 elementor-top-column elementor-element elementor-element-e46b10b\" data-id=\"e46b10b\" data-element_type=\"column\" data-e-type=\"column\">\n\t\t\t<div class=\"elementor-widget-wrap elementor-element-populated\">\n\t\t\t\t\t\t<section class=\"elementor-section elementor-inner-section elementor-element elementor-element-ab15d6a elementor-section-content-middle elementor-section-boxed elementor-section-height-default elementor-section-height-default\" data-id=\"ab15d6a\" data-element_type=\"section\" data-e-type=\"section\">\n\t\t\t\t\t\t<div class=\"elementor-container elementor-column-gap-default\">\n\t\t\t\t\t<div class=\"elementor-column elementor-col-100 elementor-inner-column elementor-element elementor-element-e0403d5\" data-id=\"e0403d5\" data-element_type=\"column\" data-e-type=\"column\">\n\t\t\t<div class=\"elementor-widget-wrap elementor-element-populated\">\n\t\t\t\t\t\t<div class=\"elementor-element elementor-element-25b1f6d elementor-widget elementor-widget-shortcode\" data-id=\"25b1f6d\" data-element_type=\"widget\" data-e-type=\"widget\" data-widget_type=\"shortcode.default\">\n\t\t\t\t<div class=\"elementor-widget-container\">\n\t\t\t\t\t\t\t<div class=\"elementor-shortcode\"><nav aria-label=\"breadcrumbs\">\n            <div class=\"breadcrumb-container theme1\">\n                <ol>\n                                    <\/ol>\n            <\/div>\n        <\/nav>    <script type=\"application\/ld+json\">\n        {\n            \"@context\": \"http:\/\/schema.org\",\n            \"@type\": \"BreadcrumbList\",\n            \"itemListElement\": [\n                            ]\n        }\n    <\/script>\n   \n    <script>\n            <\/script>\n<\/div>\n\t\t\t\t\t\t<\/div>\n\t\t\t\t<\/div>\n\t\t\t\t\t<\/div>\n\t\t<\/div>\n\t\t\t\t\t<\/div>\n\t\t<\/section>\n\t\t\t\t<section class=\"elementor-section elementor-inner-section elementor-element elementor-element-632eef4 elementor-section-content-middle elementor-section-boxed elementor-section-height-default elementor-section-height-default\" data-id=\"632eef4\" data-element_type=\"section\" data-e-type=\"section\">\n\t\t\t\t\t\t<div class=\"elementor-container elementor-column-gap-default\">\n\t\t\t\t\t<div class=\"elementor-column elementor-col-66 elementor-inner-column elementor-element elementor-element-7718a86\" data-id=\"7718a86\" data-element_type=\"column\" data-e-type=\"column\">\n\t\t\t<div class=\"elementor-widget-wrap elementor-element-populated\">\n\t\t\t\t\t\t<div class=\"elementor-element elementor-element-41c286a elementor-widget elementor-widget-heading\" data-id=\"41c286a\" data-element_type=\"widget\" data-e-type=\"widget\" data-widget_type=\"heading.default\">\n\t\t\t\t<div class=\"elementor-widget-container\">\n\t\t\t\t\t<h1 class=\"elementor-heading-title elementor-size-default\">Projets<\/h1>\t\t\t\t<\/div>\n\t\t\t\t<\/div>\n\t\t\t\t\t<\/div>\n\t\t<\/div>\n\t\t\t\t<div class=\"elementor-column elementor-col-33 elementor-inner-column elementor-element elementor-element-1fd687f\" data-id=\"1fd687f\" data-element_type=\"column\" data-e-type=\"column\">\n\t\t\t<div class=\"elementor-widget-wrap\">\n\t\t\t\t\t\t\t<\/div>\n\t\t<\/div>\n\t\t\t\t\t<\/div>\n\t\t<\/section>\n\t\t\t\t\t<\/div>\n\t\t<\/div>\n\t\t\t\t\t<\/div>\n\t\t<\/section>\n\t\t\t\t<section class=\"elementor-section elementor-top-section elementor-element elementor-element-65ba6f2 elementor-section-boxed elementor-section-height-default elementor-section-height-default\" data-id=\"65ba6f2\" data-element_type=\"section\" data-e-type=\"section\">\n\t\t\t\t\t\t<div class=\"elementor-container elementor-column-gap-default\">\n\t\t\t\t\t<div class=\"elementor-column elementor-col-100 elementor-top-column elementor-element elementor-element-e734f2d\" data-id=\"e734f2d\" data-element_type=\"column\" data-e-type=\"column\">\n\t\t\t<div class=\"elementor-widget-wrap elementor-element-populated\">\n\t\t\t\t\t\t<div class=\"elementor-element elementor-element-1ce5693 title_hover_border_enable title-two-line img_hover_animation_img_zoom_in title-alignment-center tpg-wrapper-align-center title_position_default grid-hover-overlay-type-always tpg-el-box-border-enable tpg-border-bottom-disable elementor-widget elementor-widget-tpg-grid-layout\" data-id=\"1ce5693\" data-element_type=\"widget\" data-e-type=\"widget\" data-widget_type=\"tpg-grid-layout.default\">\n\t\t\t\t<div class=\"elementor-widget-container\">\n\t\t\t\t\t\t\t<div class=\"rt-container-fluid rt-tpg-container tpg-el-main-wrapper clearfix grid-layout1-main \"\n\t\t\t id=\"rt-tpg-container-372805275\"\n\t\t\t data-layout=\"grid-layout1\"\n\t\t\t data-grid-style=\"tpg-full-height\"\n\t\t\t data-sc-id=\"elementor\"\n\t\t\t data-el-settings=''\n\t\t\t data-el-query=''\n\t\t\t data-el-path=''\n\t\t>\n\t\t\t\t\t\t\t<div id=\"bottom-script-loader\" class=\"bottom-script-loader\">\n\t\t\t\t\t<div class=\"rt-ball-clip-rotate\">\n\t\t\t\t\t\t<div><\/div>\n\t\t\t\t\t<\/div>\n\t\t\t\t<\/div>\n\t\t\t\t\t\t\t<div class='tpg-header-wrapper '>\n\t\t\t\t\t\t\t<\/div>\n\n\t\t\t<div data-title=\"Loading ...\" class=\"rt-row rt-content-loader grid-layout1 grid-behaviour tpg-full-height grid_layout_wrapper\">\n\t\t\t\t<div class=\"rt-col-md-4 rt-col-sm-6 rt-col-xs-12 img_zoom_in rt-grid-item post-12747 post type-post status-publish format-standard has-post-thumbnail hentry category-projets\"        data-id=\"12747\">\n    <div class=\"rt-holder tpg-post-holder \">\n        <div class=\"rt-detail rt-el-content-wrapper\">\n\t\t\t                <div class=\"rt-img-holder tpg-el-image-wrap has-thumbnail\">\n\t\t\t\t\t<a data-id=\"12747\" href=\"https:\/\/www.esla.eu\/fr\/plateforme-mobile-pour-la-maintenance-du-secteur-ferroviaire\/\" class=\"tpg-post-link\" target=\"_self\">                        <img fetchpriority=\"high\" decoding=\"async\" src=\"https:\/\/www.esla.eu\/wp-content\/uploads\/2025\/10\/processed-2EC71164-D3AB-4D08-A3E6-2630AD28FA4C-1.jpeg\"\n                             class=\"rt-img-responsive\"\n                             width=\"1816\"\n                             height=\"2420\"\n                             alt=\"Plateforme mobile pour la maintenance du secteur ferroviaire\">\n                        \n                            \n        <\/a>\n                <div class=\"overlay grid-hover-content\"><\/div>\n                        <\/div>\n\t\t\t\n\t\t\t<div class=\"entry-title-wrapper\"><h3 class=\"entry-title\"><a data-id=\"12747\" href=\"https:\/\/www.esla.eu\/fr\/plateforme-mobile-pour-la-maintenance-du-secteur-ferroviaire\/\" class=\"tpg-post-link\" target=\"_self\">Plateforme mobile pour la maintenance du secteur ferroviaire<\/a><\/h3><\/div>\n\t\t\t\n\n\t\t\t\n\t\t\t        <\/div>\n    <\/div>\n<\/div>\n<div class=\"rt-col-md-4 rt-col-sm-6 rt-col-xs-12 img_zoom_in rt-grid-item post-12609 post type-post status-publish format-standard has-post-thumbnail hentry category-projets\"        data-id=\"12609\">\n    <div class=\"rt-holder tpg-post-holder \">\n        <div class=\"rt-detail rt-el-content-wrapper\">\n\t\t\t                <div class=\"rt-img-holder tpg-el-image-wrap has-thumbnail\">\n\t\t\t\t\t<a data-id=\"12609\" href=\"https:\/\/www.esla.eu\/fr\/2001222-plateformes-dacces-aux-emballeuses\/\" class=\"tpg-post-link\" target=\"_self\">                        <img decoding=\"async\" src=\"https:\/\/www.esla.eu\/wp-content\/uploads\/2025\/09\/PRINCIPAL-scaled-e1756980547291.jpeg\"\n                             class=\"rt-img-responsive\"\n                             width=\"1989\"\n                             height=\"2560\"\n                             alt=\"2001222 \u2013 Plateformes d&#8217;acc\u00e8s aux emballeuses\">\n                        \n                            \n        <\/a>\n                <div class=\"overlay grid-hover-content\"><\/div>\n                        <\/div>\n\t\t\t\n\t\t\t<div class=\"entry-title-wrapper\"><h3 class=\"entry-title\"><a data-id=\"12609\" href=\"https:\/\/www.esla.eu\/fr\/2001222-plateformes-dacces-aux-emballeuses\/\" class=\"tpg-post-link\" target=\"_self\">2001222 \u2013 Plateformes d&#8217;acc\u00e8s aux emballeuses<\/a><\/h3><\/div>\n\t\t\t\n\n\t\t\t\n\t\t\t        <\/div>\n    <\/div>\n<\/div>\n<div class=\"rt-col-md-4 rt-col-sm-6 rt-col-xs-12 img_zoom_in rt-grid-item post-12038 post type-post status-publish format-standard has-post-thumbnail hentry category-projets\"        data-id=\"12038\">\n    <div class=\"rt-holder tpg-post-holder \">\n        <div class=\"rt-detail rt-el-content-wrapper\">\n\t\t\t                <div class=\"rt-img-holder tpg-el-image-wrap has-thumbnail\">\n\t\t\t\t\t<a data-id=\"12038\" href=\"https:\/\/www.esla.eu\/fr\/2001733-2001734-ensemble-de-plateforme-en-aluminium-pour-la-maintenance-ferroviaire\/\" class=\"tpg-post-link\" target=\"_self\">                        <img decoding=\"async\" src=\"https:\/\/www.esla.eu\/wp-content\/uploads\/2024\/11\/PHOTO-2024-10-03-14-41-50-scaled.jpg\"\n                             class=\"rt-img-responsive\"\n                             width=\"2560\"\n                             height=\"1441\"\n                             alt=\"2001733 \/ 2001734 &#8211; Ensemble de plateforme en aluminium pour la maintenance ferroviaire\">\n                        \n                            \n        <\/a>\n                <div class=\"overlay grid-hover-content\"><\/div>\n                        <\/div>\n\t\t\t\n\t\t\t<div class=\"entry-title-wrapper\"><h3 class=\"entry-title\"><a data-id=\"12038\" href=\"https:\/\/www.esla.eu\/fr\/2001733-2001734-ensemble-de-plateforme-en-aluminium-pour-la-maintenance-ferroviaire\/\" class=\"tpg-post-link\" target=\"_self\">2001733 \/ 2001734 &#8211; Ensemble de plateforme en aluminium pour la maintenance ferroviaire<\/a><\/h3><\/div>\n\t\t\t\n\n\t\t\t\n\t\t\t        <\/div>\n    <\/div>\n<\/div>\n<div class=\"rt-col-md-4 rt-col-sm-6 rt-col-xs-12 img_zoom_in rt-grid-item post-11931 post type-post status-publish format-standard has-post-thumbnail hentry category-projets\"        data-id=\"11931\">\n    <div class=\"rt-holder tpg-post-holder \">\n        <div class=\"rt-detail rt-el-content-wrapper\">\n\t\t\t                <div class=\"rt-img-holder tpg-el-image-wrap has-thumbnail\">\n\t\t\t\t\t<a data-id=\"11931\" href=\"https:\/\/www.esla.eu\/fr\/1010006-air-tractor-plateforme-de-travail-mobile\/\" class=\"tpg-post-link\" target=\"_self\">                        <img loading=\"lazy\" decoding=\"async\" src=\"https:\/\/www.esla.eu\/wp-content\/uploads\/2024\/10\/21cf71e9-c2a3-436b-8b14-dc66f7d3b2a2-scaled-e1729093808226.jpg\"\n                             class=\"rt-img-responsive\"\n                             width=\"2560\"\n                             height=\"1619\"\n                             alt=\"1010006 &#8211; Plateforme de travail mobile\">\n                        \n                            \n        <\/a>\n                <div class=\"overlay grid-hover-content\"><\/div>\n                        <\/div>\n\t\t\t\n\t\t\t<div class=\"entry-title-wrapper\"><h3 class=\"entry-title\"><a data-id=\"11931\" href=\"https:\/\/www.esla.eu\/fr\/1010006-air-tractor-plateforme-de-travail-mobile\/\" class=\"tpg-post-link\" target=\"_self\">1010006 &#8211; Plateforme de travail mobile<\/a><\/h3><\/div>\n\t\t\t\n\n\t\t\t\n\t\t\t        <\/div>\n    <\/div>\n<\/div>\n<div class=\"rt-col-md-4 rt-col-sm-6 rt-col-xs-12 img_zoom_in rt-grid-item post-11672 post type-post status-publish format-standard has-post-thumbnail hentry category-projets\"        data-id=\"11672\">\n    <div class=\"rt-holder tpg-post-holder \">\n        <div class=\"rt-detail rt-el-content-wrapper\">\n\t\t\t                <div class=\"rt-img-holder tpg-el-image-wrap has-thumbnail\">\n\t\t\t\t\t<a data-id=\"11672\" href=\"https:\/\/www.esla.eu\/fr\/plateformes-de-maintenance-pour-helicopteres-nh90\/\" class=\"tpg-post-link\" target=\"_self\">                        <img loading=\"lazy\" decoding=\"async\" src=\"https:\/\/www.esla.eu\/wp-content\/uploads\/2024\/09\/AIRBUS-4.jpg\"\n                             class=\"rt-img-responsive\"\n                             width=\"1600\"\n                             height=\"901\"\n                             alt=\"Plateformes de maintenance pour h\u00e9licopt\u00e8res NH90\">\n                        \n                            \n        <\/a>\n                <div class=\"overlay grid-hover-content\"><\/div>\n                        <\/div>\n\t\t\t\n\t\t\t<div class=\"entry-title-wrapper\"><h3 class=\"entry-title\"><a data-id=\"11672\" href=\"https:\/\/www.esla.eu\/fr\/plateformes-de-maintenance-pour-helicopteres-nh90\/\" class=\"tpg-post-link\" target=\"_self\">Plateformes de maintenance pour h\u00e9licopt\u00e8res NH90<\/a><\/h3><\/div>\n\t\t\t\n\n\t\t\t\n\t\t\t        <\/div>\n    <\/div>\n<\/div>\n<div class=\"rt-col-md-4 rt-col-sm-6 rt-col-xs-12 img_zoom_in rt-grid-item post-11494 post type-post status-publish format-standard has-post-thumbnail hentry category-projets\"        data-id=\"11494\">\n    <div class=\"rt-holder tpg-post-holder \">\n        <div class=\"rt-detail rt-el-content-wrapper\">\n\t\t\t                <div class=\"rt-img-holder tpg-el-image-wrap has-thumbnail\">\n\t\t\t\t\t<a data-id=\"11494\" href=\"https:\/\/www.esla.eu\/fr\/2001559-plateforme-dacces-au-toit-de-lautobus\/\" class=\"tpg-post-link\" target=\"_self\">                        <img loading=\"lazy\" decoding=\"async\" src=\"https:\/\/www.esla.eu\/wp-content\/uploads\/2024\/08\/2001559-neutre-1-scaled-e1724754542893.jpg\"\n                             class=\"rt-img-responsive\"\n                             width=\"2560\"\n                             height=\"1920\"\n                             alt=\"2001559 &#8211; Plateforme d&#8217;acc\u00e8s au toit de l&#8217;autobus\">\n                        \n                            \n        <\/a>\n                <div class=\"overlay grid-hover-content\"><\/div>\n                        <\/div>\n\t\t\t\n\t\t\t<div class=\"entry-title-wrapper\"><h3 class=\"entry-title\"><a data-id=\"11494\" href=\"https:\/\/www.esla.eu\/fr\/2001559-plateforme-dacces-au-toit-de-lautobus\/\" class=\"tpg-post-link\" target=\"_self\">2001559 &#8211; Plateforme d&#8217;acc\u00e8s au toit de l&#8217;autobus<\/a><\/h3><\/div>\n\t\t\t\n\n\t\t\t\n\t\t\t        <\/div>\n    <\/div>\n<\/div>\n<div class=\"rt-col-md-4 rt-col-sm-6 rt-col-xs-12 img_zoom_in rt-grid-item post-10882 post type-post status-publish format-standard has-post-thumbnail hentry category-projets\"        data-id=\"10882\">\n    <div class=\"rt-holder tpg-post-holder \">\n        <div class=\"rt-detail rt-el-content-wrapper\">\n\t\t\t                <div class=\"rt-img-holder tpg-el-image-wrap has-thumbnail\">\n\t\t\t\t\t<a data-id=\"10882\" href=\"https:\/\/www.esla.eu\/fr\/2001660-plate-forme-mobile-elevatrice-en-aluminium-pour-lentretien-des-voies-ferrees\/\" class=\"tpg-post-link\" target=\"_self\">                        <img loading=\"lazy\" decoding=\"async\" src=\"https:\/\/www.esla.eu\/wp-content\/uploads\/2024\/07\/2001660-15-rotated-e1720787503295.jpg\"\n                             class=\"rt-img-responsive\"\n                             width=\"1306\"\n                             height=\"1741\"\n                             alt=\"2001660 &#8211; Plateforme mobile \u00e9l\u00e9vatrice en aluminium pour l&#8217;entretien des voies ferr\u00e9es\">\n                        \n                            \n        <\/a>\n                <div class=\"overlay grid-hover-content\"><\/div>\n                        <\/div>\n\t\t\t\n\t\t\t<div class=\"entry-title-wrapper\"><h3 class=\"entry-title\"><a data-id=\"10882\" href=\"https:\/\/www.esla.eu\/fr\/2001660-plate-forme-mobile-elevatrice-en-aluminium-pour-lentretien-des-voies-ferrees\/\" class=\"tpg-post-link\" target=\"_self\">2001660 &#8211; Plateforme mobile \u00e9l\u00e9vatrice en aluminium pour l&#8217;entretien des voies ferr\u00e9es<\/a><\/h3><\/div>\n\t\t\t\n\n\t\t\t\n\t\t\t        <\/div>\n    <\/div>\n<\/div>\n<div class=\"rt-col-md-4 rt-col-sm-6 rt-col-xs-12 img_zoom_in rt-grid-item post-10826 post type-post status-publish format-standard has-post-thumbnail hentry category-projets\"        data-id=\"10826\">\n    <div class=\"rt-holder tpg-post-holder \">\n        <div class=\"rt-detail rt-el-content-wrapper\">\n\t\t\t                <div class=\"rt-img-holder tpg-el-image-wrap has-thumbnail\">\n\t\t\t\t\t<a data-id=\"10826\" href=\"https:\/\/www.esla.eu\/fr\/2011052-plateforme-de-maintenance-aeronautique\/\" class=\"tpg-post-link\" target=\"_self\">                        <img loading=\"lazy\" decoding=\"async\" src=\"https:\/\/www.esla.eu\/wp-content\/uploads\/2024\/07\/2011052-scaled-e1720784838104.jpg\"\n                             class=\"rt-img-responsive\"\n                             width=\"1707\"\n                             height=\"2560\"\n                             alt=\"2011052 &#8211; Plateforme de maintenance a\u00e9ronautique\">\n                        \n                            \n        <\/a>\n                <div class=\"overlay grid-hover-content\"><\/div>\n                        <\/div>\n\t\t\t\n\t\t\t<div class=\"entry-title-wrapper\"><h3 class=\"entry-title\"><a data-id=\"10826\" href=\"https:\/\/www.esla.eu\/fr\/2011052-plateforme-de-maintenance-aeronautique\/\" class=\"tpg-post-link\" target=\"_self\">2011052 &#8211; Plateforme de maintenance a\u00e9ronautique<\/a><\/h3><\/div>\n\t\t\t\n\n\t\t\t\n\t\t\t        <\/div>\n    <\/div>\n<\/div>\n<div class=\"rt-col-md-4 rt-col-sm-6 rt-col-xs-12 img_zoom_in rt-grid-item post-10786 post type-post status-publish format-standard has-post-thumbnail hentry category-projets\"        data-id=\"10786\">\n    <div class=\"rt-holder tpg-post-holder \">\n        <div class=\"rt-detail rt-el-content-wrapper\">\n\t\t\t                <div class=\"rt-img-holder tpg-el-image-wrap has-thumbnail\">\n\t\t\t\t\t<a data-id=\"10786\" href=\"https:\/\/www.esla.eu\/fr\/2010638-plateforme-mobile-pour-acceder-aux-soutes-des-avions\/\" class=\"tpg-post-link\" target=\"_self\">                        <img loading=\"lazy\" decoding=\"async\" src=\"https:\/\/www.esla.eu\/wp-content\/uploads\/2024\/03\/2010638.jpg\"\n                             class=\"rt-img-responsive\"\n                             width=\"1333\"\n                             height=\"1000\"\n                             alt=\"2010638 &#8211; Plateforme mobile pour acc\u00e9der aux soutes des avions\">\n                        \n                            \n        <\/a>\n                <div class=\"overlay grid-hover-content\"><\/div>\n                        <\/div>\n\t\t\t\n\t\t\t<div class=\"entry-title-wrapper\"><h3 class=\"entry-title\"><a data-id=\"10786\" href=\"https:\/\/www.esla.eu\/fr\/2010638-plateforme-mobile-pour-acceder-aux-soutes-des-avions\/\" class=\"tpg-post-link\" target=\"_self\">2010638 &#8211; Plateforme mobile pour acc\u00e9der aux soutes des avions<\/a><\/h3><\/div>\n\t\t\t\n\n\t\t\t\n\t\t\t        <\/div>\n    <\/div>\n<\/div>\n<div class=\"rt-col-md-4 rt-col-sm-6 rt-col-xs-12 img_zoom_in rt-grid-item post-10769 post type-post status-publish format-standard has-post-thumbnail hentry category-projets\"        data-id=\"10769\">\n    <div class=\"rt-holder tpg-post-holder \">\n        <div class=\"rt-detail rt-el-content-wrapper\">\n\t\t\t                <div class=\"rt-img-holder tpg-el-image-wrap has-thumbnail\">\n\t\t\t\t\t<a data-id=\"10769\" href=\"https:\/\/www.esla.eu\/fr\/2001574-plateforme-mobile-en-aluminium-avec-garde-corps-reglables\/\" class=\"tpg-post-link\" target=\"_self\">                        <img loading=\"lazy\" decoding=\"async\" src=\"https:\/\/www.esla.eu\/wp-content\/uploads\/2024\/03\/2001574_01.jpg\"\n                             class=\"rt-img-responsive\"\n                             width=\"1600\"\n                             height=\"1200\"\n                             alt=\"2001574 &#8211; Plateforme mobile en aluminium avec garde-corps r\u00e9glables\">\n                        \n                            \n        <\/a>\n                <div class=\"overlay grid-hover-content\"><\/div>\n                        <\/div>\n\t\t\t\n\t\t\t<div class=\"entry-title-wrapper\"><h3 class=\"entry-title\"><a data-id=\"10769\" href=\"https:\/\/www.esla.eu\/fr\/2001574-plateforme-mobile-en-aluminium-avec-garde-corps-reglables\/\" class=\"tpg-post-link\" target=\"_self\">2001574 &#8211; Plateforme mobile en aluminium avec garde-corps r\u00e9glables<\/a><\/h3><\/div>\n\t\t\t\n\n\t\t\t\n\t\t\t        <\/div>\n    <\/div>\n<\/div>\n<div class=\"rt-col-md-4 rt-col-sm-6 rt-col-xs-12 img_zoom_in rt-grid-item post-10757 post type-post status-publish format-standard has-post-thumbnail hentry category-projets\"        data-id=\"10757\">\n    <div class=\"rt-holder tpg-post-holder \">\n        <div class=\"rt-detail rt-el-content-wrapper\">\n\t\t\t                <div class=\"rt-img-holder tpg-el-image-wrap has-thumbnail\">\n\t\t\t\t\t<a data-id=\"10757\" href=\"https:\/\/www.esla.eu\/fr\/2010877-plateforme-en-aluminium-mobile-reglable-en-hauteur\/\" class=\"tpg-post-link\" target=\"_self\">                        <img loading=\"lazy\" decoding=\"async\" src=\"https:\/\/www.esla.eu\/wp-content\/uploads\/2024\/07\/20240423_104024.jpg\"\n                             class=\"rt-img-responsive\"\n                             width=\"1587\"\n                             height=\"1190\"\n                             alt=\"2010877 &#8211; Plateforme en aluminium mobile r\u00e9glable en hauteur\">\n                        \n                            \n        <\/a>\n                <div class=\"overlay grid-hover-content\"><\/div>\n                        <\/div>\n\t\t\t\n\t\t\t<div class=\"entry-title-wrapper\"><h3 class=\"entry-title\"><a data-id=\"10757\" href=\"https:\/\/www.esla.eu\/fr\/2010877-plateforme-en-aluminium-mobile-reglable-en-hauteur\/\" class=\"tpg-post-link\" target=\"_self\">2010877 &#8211; Plateforme en aluminium mobile r\u00e9glable en hauteur<\/a><\/h3><\/div>\n\t\t\t\n\n\t\t\t\n\t\t\t        <\/div>\n    <\/div>\n<\/div>\n<div class=\"rt-col-md-4 rt-col-sm-6 rt-col-xs-12 img_zoom_in rt-grid-item post-10731 post type-post status-publish format-standard has-post-thumbnail hentry category-projets\"        data-id=\"10731\">\n    <div class=\"rt-holder tpg-post-holder \">\n        <div class=\"rt-detail rt-el-content-wrapper\">\n\t\t\t                <div class=\"rt-img-holder tpg-el-image-wrap has-thumbnail\">\n\t\t\t\t\t<a data-id=\"10731\" href=\"https:\/\/www.esla.eu\/fr\/2001579-plateforme-mobile-en-aluminium-reglable-en-hauteur\/\" class=\"tpg-post-link\" target=\"_self\">                        <img loading=\"lazy\" decoding=\"async\" src=\"https:\/\/www.esla.eu\/wp-content\/uploads\/2024\/03\/2001579-01.jpg\"\n                             class=\"rt-img-responsive\"\n                             width=\"1600\"\n                             height=\"1200\"\n                             alt=\"2001579 &#8211; Plateforme mobile en aluminium r\u00e9glable en hauteur\">\n                        \n                            \n        <\/a>\n                <div class=\"overlay grid-hover-content\"><\/div>\n                        <\/div>\n\t\t\t\n\t\t\t<div class=\"entry-title-wrapper\"><h3 class=\"entry-title\"><a data-id=\"10731\" href=\"https:\/\/www.esla.eu\/fr\/2001579-plateforme-mobile-en-aluminium-reglable-en-hauteur\/\" class=\"tpg-post-link\" target=\"_self\">2001579 &#8211; Plateforme mobile en aluminium r\u00e9glable en hauteur<\/a><\/h3><\/div>\n\t\t\t\n\n\t\t\t\n\t\t\t        <\/div>\n    <\/div>\n<\/div>\n<div class=\"rt-col-md-4 rt-col-sm-6 rt-col-xs-12 img_zoom_in rt-grid-item post-8504 post type-post status-publish format-standard has-post-thumbnail hentry category-projets\"        data-id=\"8504\">\n    <div class=\"rt-holder tpg-post-holder \">\n        <div class=\"rt-detail rt-el-content-wrapper\">\n\t\t\t                <div class=\"rt-img-holder tpg-el-image-wrap has-thumbnail\">\n\t\t\t\t\t<a data-id=\"8504\" href=\"https:\/\/www.esla.eu\/fr\/2001661-plataforma-movil-para-el-mantenimiento-de-autobuses\/\" class=\"tpg-post-link\" target=\"_self\">                        <img loading=\"lazy\" decoding=\"async\" src=\"https:\/\/www.esla.eu\/wp-content\/uploads\/2024\/04\/Snapseed_903d-13.jpg\"\n                             class=\"rt-img-responsive\"\n                             width=\"300\"\n                             height=\"225\"\n                             alt=\"2001661 \u2013 Plateforme mobile pour la maintenance des bus\">\n                        \n                            \n        <\/a>\n                <div class=\"overlay grid-hover-content\"><\/div>\n                        <\/div>\n\t\t\t\n\t\t\t<div class=\"entry-title-wrapper\"><h3 class=\"entry-title\"><a data-id=\"8504\" href=\"https:\/\/www.esla.eu\/fr\/2001661-plataforma-movil-para-el-mantenimiento-de-autobuses\/\" class=\"tpg-post-link\" target=\"_self\">2001661 \u2013 Plateforme mobile pour la maintenance des bus<\/a><\/h3><\/div>\n\t\t\t\n\n\t\t\t\n\t\t\t        <\/div>\n    <\/div>\n<\/div>\n\t\t\t<\/div>\n\t\t\t\n\t\t<\/div>\n\t\t\t\t\t\t<\/div>\n\t\t\t\t<\/div>\n\t\t\t\t\t<\/div>\n\t\t<\/div>\n\t\t\t\t\t<\/div>\n\t\t<\/section>\n\t\t\t\t<\/div>\n\t\t","protected":false},"excerpt":{"rendered":"<p>Projets Mobile Platform for Railway Sector Maintenance 2001222 \u2013 Access platforms for balers 2001733 \/ 2001734 &#8211; Aluminum platform set for railway maintenance 1010006 &#8211; Mobile work platform Platforms for maintenance of NH90 helicopters 2001559 &#8211; Roof access platform for buses 2001660 &#8211; Aluminum elevating mobile platform for railway maintenance 2011052 &#8211; Platform for aeronautic [&hellip;]<\/p>\n","protected":false},"author":1,"featured_media":0,"parent":0,"menu_order":0,"comment_status":"closed","ping_status":"closed","template":"page-templates\/pagebuilder.php","meta":{"inline_featured_image":false,"footnotes":""},"class_list":["post-8379","page","type-page","status-publish","hentry"],"rttpg_featured_image_url":null,"rttpg_author":{"display_name":"crealogica","author_link":"https:\/\/www.esla.eu\/fr\/author\/crealogica\/"},"rttpg_comment":0,"rttpg_category":"","rttpg_excerpt":"Projets Mobile Platform for Railway Sector Maintenance 2001222 \u2013 Access platforms for balers 2001733 \/ 2001734 &#8211; Aluminum platform set for railway maintenance 1010006 &#8211; Mobile work platform Platforms for maintenance of NH90 helicopters 2001559 &#8211; Roof access platform for buses 2001660 &#8211; Aluminum elevating mobile platform for railway maintenance 2011052 &#8211; Platform for aeronautic\u2026","_links":{"self":[{"href":"https:\/\/www.esla.eu\/fr\/wp-json\/wp\/v2\/pages\/8379","targetHints":{"allow":["GET"]}}],"collection":[{"href":"https:\/\/www.esla.eu\/fr\/wp-json\/wp\/v2\/pages"}],"about":[{"href":"https:\/\/www.esla.eu\/fr\/wp-json\/wp\/v2\/types\/page"}],"author":[{"embeddable":true,"href":"https:\/\/www.esla.eu\/fr\/wp-json\/wp\/v2\/users\/1"}],"replies":[{"embeddable":true,"href":"https:\/\/www.esla.eu\/fr\/wp-json\/wp\/v2\/comments?post=8379"}],"version-history":[{"count":2,"href":"https:\/\/www.esla.eu\/fr\/wp-json\/wp\/v2\/pages\/8379\/revisions"}],"predecessor-version":[{"id":12932,"href":"https:\/\/www.esla.eu\/fr\/wp-json\/wp\/v2\/pages\/8379\/revisions\/12932"}],"wp:attachment":[{"href":"https:\/\/www.esla.eu\/fr\/wp-json\/wp\/v2\/media?parent=8379"}],"curies":[{"name":"wp","href":"https:\/\/api.w.org\/{rel}","templated":true}]}}