{"id":85,"date":"2024-02-28T07:02:55","date_gmt":"2024-02-28T06:02:55","guid":{"rendered":"https:\/\/esla.crealogica.eu\/?page_id=85"},"modified":"2026-02-25T16:59:53","modified_gmt":"2026-02-25T15:59:53","slug":"esla-echelles-plateformes-de-travail-et-echafaudages","status":"publish","type":"page","link":"https:\/\/www.esla.eu\/fr\/","title":{"rendered":"ESLA &#8211; \u00c9chelles, plateformes de travail et \u00e9chafaudages"},"content":{"rendered":"\t\t<div data-elementor-type=\"wp-page\" data-elementor-id=\"85\" class=\"elementor elementor-85 elementor-9\" data-elementor-post-type=\"page\">\n\t\t\t\t\t\t<section class=\"elementor-section elementor-top-section elementor-element elementor-element-fcd066c elementor-section-height-min-height elementor-section-content-top elementor-section-stretched elementor-section-full_width animated-slow elementor-section-height-default elementor-section-items-middle elementor-invisible\" data-id=\"fcd066c\" data-element_type=\"section\" data-e-type=\"section\" data-settings=\"{&quot;stretch_section&quot;:&quot;section-stretched&quot;,&quot;background_background&quot;:&quot;video&quot;,&quot;animation&quot;:&quot;fadeIn&quot;,&quot;animation_mobile&quot;:&quot;none&quot;,&quot;background_video_link&quot;:&quot;\\\/wp-content\\\/uploads\\\/2024\\\/04\\\/Video-portada.mp4&quot;,&quot;background_video_start&quot;:0,&quot;background_play_on_mobile&quot;:&quot;yes&quot;}\">\n\t\t\t\t\t\t\t\t<div class=\"elementor-background-video-container\">\n\t\t\t\t\t\t\t\t\t\t\t\t\t<video class=\"elementor-background-video-hosted\" role=\"presentation\" autoplay muted playsinline loop><\/video>\n\t\t\t\t\t\t\t\t\t\t\t<\/div>\n\t\t\t\t\t\t\t\t\t<div class=\"elementor-background-overlay\"><\/div>\n\t\t\t\t\t\t\t<div class=\"elementor-container elementor-column-gap-default\">\n\t\t\t\t\t<div class=\"elementor-column elementor-col-100 elementor-top-column elementor-element elementor-element-93de5fc\" data-id=\"93de5fc\" data-element_type=\"column\" data-e-type=\"column\">\n\t\t\t<div class=\"elementor-widget-wrap elementor-element-populated\">\n\t\t\t\t\t\t<section class=\"elementor-section elementor-inner-section elementor-element elementor-element-f773057 elementor-section-content-bottom elementor-section-height-min-height elementor-reverse-tablet elementor-reverse-mobile elementor-section-boxed elementor-section-height-default\" data-id=\"f773057\" data-element_type=\"section\" data-e-type=\"section\">\n\t\t\t\t\t\t<div class=\"elementor-container elementor-column-gap-no\">\n\t\t\t\t\t<div class=\"elementor-column elementor-col-50 elementor-inner-column elementor-element elementor-element-7d1763b\" data-id=\"7d1763b\" data-element_type=\"column\" data-e-type=\"column\">\n\t\t\t<div class=\"elementor-widget-wrap elementor-element-populated\">\n\t\t\t\t\t\t<div class=\"elementor-element elementor-element-0e5a8bd elementor-widget elementor-widget-heading\" data-id=\"0e5a8bd\" data-element_type=\"widget\" data-e-type=\"widget\" data-widget_type=\"heading.default\">\n\t\t\t\t<div class=\"elementor-widget-container\">\n\t\t\t\t\t<div class=\"elementor-heading-title elementor-size-default\">ESLA<br>EuropeanSpecial Ladders<\/div>\t\t\t\t<\/div>\n\t\t\t\t<\/div>\n\t\t\t\t<div class=\"elementor-element elementor-element-7624c54 elementor-widget elementor-widget-heading\" data-id=\"7624c54\" data-element_type=\"widget\" data-e-type=\"widget\" data-widget_type=\"heading.default\">\n\t\t\t\t<div class=\"elementor-widget-container\">\n\t\t\t\t\t<div class=\"elementor-heading-title elementor-size-default\">Engineering at height since 2000<\/div>\t\t\t\t<\/div>\n\t\t\t\t<\/div>\n\t\t\t\t\t<\/div>\n\t\t<\/div>\n\t\t\t\t<div class=\"elementor-column elementor-col-50 elementor-inner-column elementor-element elementor-element-6b48fdd\" data-id=\"6b48fdd\" data-element_type=\"column\" data-e-type=\"column\">\n\t\t\t<div class=\"elementor-widget-wrap\">\n\t\t\t\t\t\t\t<\/div>\n\t\t<\/div>\n\t\t\t\t\t<\/div>\n\t\t<\/section>\n\t\t\t\t\t<\/div>\n\t\t<\/div>\n\t\t\t\t\t<\/div>\n\t\t<\/section>\n\t\t\t\t<section class=\"elementor-section elementor-top-section elementor-element elementor-element-7f72cec elementor-section-boxed elementor-section-height-default elementor-section-height-default\" data-id=\"7f72cec\" data-element_type=\"section\" data-e-type=\"section\" data-settings=\"{&quot;background_background&quot;:&quot;classic&quot;}\">\n\t\t\t\t\t\t<div class=\"elementor-container elementor-column-gap-default\">\n\t\t\t\t\t<div class=\"elementor-column elementor-col-100 elementor-top-column elementor-element elementor-element-6d0094e elementor-invisible\" data-id=\"6d0094e\" data-element_type=\"column\" data-e-type=\"column\" data-settings=\"{&quot;animation&quot;:&quot;fadeInUp&quot;,&quot;animation_mobile&quot;:&quot;none&quot;}\">\n\t\t\t<div class=\"elementor-widget-wrap elementor-element-populated\">\n\t\t\t\t\t\t<div class=\"elementor-element elementor-element-2431929 elementor-widget elementor-widget-heading\" data-id=\"2431929\" data-element_type=\"widget\" data-e-type=\"widget\" data-widget_type=\"heading.default\">\n\t\t\t\t<div class=\"elementor-widget-container\">\n\t\t\t\t\t<h1 class=\"elementor-heading-title elementor-size-default\">\u00c9chelles, Escaliers et \u00c9chafaudages Industriels sur Mesure<\/h1>\t\t\t\t<\/div>\n\t\t\t\t<\/div>\n\t\t\t\t<div class=\"elementor-element elementor-element-8d1921e elementor-widget elementor-widget-text-editor\" data-id=\"8d1921e\" data-element_type=\"widget\" data-e-type=\"widget\" data-widget_type=\"text-editor.default\">\n\t\t\t\t<div class=\"elementor-widget-container\">\n\t\t\t\t\t\t\t\t\t<p>Nous concevons et fabriquons des \u00e9chafaudages roulants, escaliers industriels en aluminium, \u00e9chelles \u00e0 crinoline et plateformes \u00e9l\u00e9vatrices mobiles pour tous vos besoins de travail en hauteur s\u00e9curis\u00e9.<\/p><p>Nos solutions sur mesure s\u2019adaptent aux secteurs ferroviaire, a\u00e9ronautique, \u00e9nergie renouvelable et construction de machines, en respectant les normes de s\u00e9curit\u00e9 et la r\u00e9glementation \u00e9chelle crinoline.<\/p>\t\t\t\t\t\t\t\t<\/div>\n\t\t\t\t<\/div>\n\t\t\t\t<div class=\"elementor-element elementor-element-1ecb863 elementor-widget-divider--view-line elementor-widget elementor-widget-divider\" data-id=\"1ecb863\" data-element_type=\"widget\" data-e-type=\"widget\" data-widget_type=\"divider.default\">\n\t\t\t\t<div class=\"elementor-widget-container\">\n\t\t\t\t\t\t\t<div class=\"elementor-divider\">\n\t\t\t<span class=\"elementor-divider-separator\">\n\t\t\t\t\t\t<\/span>\n\t\t<\/div>\n\t\t\t\t\t\t<\/div>\n\t\t\t\t<\/div>\n\t\t\t\t<div class=\"elementor-element elementor-element-5274e92 elementor-widget elementor-widget-shortcode\" data-id=\"5274e92\" data-element_type=\"widget\" data-e-type=\"widget\" data-widget_type=\"shortcode.default\">\n\t\t\t\t<div class=\"elementor-widget-container\">\n\t\t\t\t\t\t\t<div class=\"elementor-shortcode\"><div class=\"woocommerce columns-4\"><ul class=\"products columns-4\">\n<li class=\"product-category product first\">\n\t<a aria-label=\"Acc\u00e9der \u00e0 la cat\u00e9gorie de produits Escaliers et Plateformes de Travail Industrielles en Aluminium\" href=\"https:\/\/www.esla.eu\/fr\/produit\/escaliers-a-plateforme\/\"><img fetchpriority=\"high\" decoding=\"async\" src=\"https:\/\/www.esla.eu\/wp-content\/uploads\/2024\/03\/Escaleras-con-platafroma-1-300x300.png\" alt=\"Escaliers et Plateformes de Travail Industrielles en Aluminium\" width=\"300\" height=\"300\" srcset=\"https:\/\/www.esla.eu\/wp-content\/uploads\/2024\/03\/Escaleras-con-platafroma-1-300x300.png 300w, https:\/\/www.esla.eu\/wp-content\/uploads\/2024\/03\/Escaleras-con-platafroma-1-150x150.png 150w, https:\/\/www.esla.eu\/wp-content\/uploads\/2024\/03\/Escaleras-con-platafroma-1-100x100.png 100w, https:\/\/www.esla.eu\/wp-content\/uploads\/2024\/03\/Escaleras-con-platafroma-1.png 500w\" sizes=\"(max-width: 300px) 100vw, 300px\" \/>\t\t<h2 class=\"woocommerce-loop-category__title\">\n\t\t\tEscaliers et Plateformes de Travail Industrielles en Aluminium <mark class=\"count\">(11)<\/mark>\t\t<\/h2>\n\t\t<\/a><\/li>\n<li class=\"product-category product\">\n\t<a aria-label=\"Acc\u00e9der \u00e0 la cat\u00e9gorie de produits \u00c9chelles Portatives Aluminium et Fibre de Verre pour Usage Industriel\" href=\"https:\/\/www.esla.eu\/fr\/produit\/echelles-portatives\/\"><img decoding=\"async\" src=\"https:\/\/www.esla.eu\/wp-content\/uploads\/2026\/01\/nuevaportat-300x300.webp\" alt=\"\u00c9chelles Portatives Aluminium et Fibre de Verre pour Usage Industriel\" width=\"300\" height=\"300\" srcset=\"https:\/\/www.esla.eu\/wp-content\/uploads\/2026\/01\/nuevaportat-300x300.webp 300w, https:\/\/www.esla.eu\/wp-content\/uploads\/2026\/01\/nuevaportat-600x600.webp 600w, https:\/\/www.esla.eu\/wp-content\/uploads\/2026\/01\/nuevaportat-100x100.webp 100w, https:\/\/www.esla.eu\/wp-content\/uploads\/2026\/01\/nuevaportat-150x150.webp 150w, https:\/\/www.esla.eu\/wp-content\/uploads\/2026\/01\/nuevaportat-768x768.webp 768w, https:\/\/www.esla.eu\/wp-content\/uploads\/2026\/01\/nuevaportat-1024x1024.webp 1024w\" sizes=\"(max-width: 300px) 100vw, 300px\" \/>\t\t<h2 class=\"woocommerce-loop-category__title\">\n\t\t\t\u00c9chelles Portatives Aluminium et Fibre de Verre pour Usage Industriel <mark class=\"count\">(43)<\/mark>\t\t<\/h2>\n\t\t<\/a><\/li>\n<li class=\"product-category product\">\n\t<a aria-label=\"Acc\u00e9der \u00e0 la cat\u00e9gorie de produits Escaliers Verticaux Industriels Aluminium avec Protection Dorsale\" href=\"https:\/\/www.esla.eu\/fr\/produit\/escaliers-verticaux\/\"><img decoding=\"async\" src=\"https:\/\/www.esla.eu\/wp-content\/uploads\/2026\/01\/catvertic-600x600-1-300x300.webp\" alt=\"Escaliers Verticaux Industriels Aluminium avec Protection Dorsale\" width=\"300\" height=\"300\" srcset=\"https:\/\/www.esla.eu\/wp-content\/uploads\/2026\/01\/catvertic-600x600-1-300x300.webp 300w, https:\/\/www.esla.eu\/wp-content\/uploads\/2026\/01\/catvertic-600x600-1-100x100.webp 100w, https:\/\/www.esla.eu\/wp-content\/uploads\/2026\/01\/catvertic-600x600-1-150x150.webp 150w, https:\/\/www.esla.eu\/wp-content\/uploads\/2026\/01\/catvertic-600x600-1-768x768.webp 768w, https:\/\/www.esla.eu\/wp-content\/uploads\/2026\/01\/catvertic-600x600-1-1024x1024.webp 1024w\" sizes=\"(max-width: 300px) 100vw, 300px\" \/>\t\t<h2 class=\"woocommerce-loop-category__title\">\n\t\t\tEscaliers Verticaux Industriels Aluminium avec Protection Dorsale <mark class=\"count\">(1)<\/mark>\t\t<\/h2>\n\t\t<\/a><\/li>\n<li class=\"product-category product last\">\n\t<a aria-label=\"Acc\u00e9der \u00e0 la cat\u00e9gorie de produits \u00c9chafaudage mobile en aluminium pour professionnels exigeants\" href=\"https:\/\/www.esla.eu\/fr\/produit\/echafaudage-mobile\/\"><img loading=\"lazy\" decoding=\"async\" src=\"https:\/\/www.esla.eu\/wp-content\/uploads\/2026\/01\/general-1-300x300.png\" alt=\"\u00c9chafaudage mobile en aluminium pour professionnels exigeants\" width=\"300\" height=\"300\" srcset=\"https:\/\/www.esla.eu\/wp-content\/uploads\/2026\/01\/general-1-300x300.png 300w, https:\/\/www.esla.eu\/wp-content\/uploads\/2026\/01\/general-1-600x600.png 600w, https:\/\/www.esla.eu\/wp-content\/uploads\/2026\/01\/general-1-100x100.png 100w, https:\/\/www.esla.eu\/wp-content\/uploads\/2026\/01\/general-1-150x150.png 150w, https:\/\/www.esla.eu\/wp-content\/uploads\/2026\/01\/general-1-768x768.png 768w, https:\/\/www.esla.eu\/wp-content\/uploads\/2026\/01\/general-1-1024x1024.png 1024w\" sizes=\"(max-width: 300px) 100vw, 300px\" \/>\t\t<h2 class=\"woocommerce-loop-category__title\">\n\t\t\t\u00c9chafaudage mobile en aluminium pour professionnels exigeants <mark class=\"count\">(15)<\/mark>\t\t<\/h2>\n\t\t<\/a><\/li>\n<li class=\"product-category product first\">\n\t<a aria-label=\"Acc\u00e9der \u00e0 la cat\u00e9gorie de produits Plateformes \u00e9l\u00e9vatrices mobiles et r\u00e9glables en hauteur pour la maintenance industrielle\" href=\"https:\/\/www.esla.eu\/fr\/produit\/plateformes-elevatrices\/\"><img loading=\"lazy\" decoding=\"async\" src=\"https:\/\/www.esla.eu\/wp-content\/uploads\/2026\/01\/nuevaleva-300x300.webp\" alt=\"Plateformes \u00e9l\u00e9vatrices mobiles et r\u00e9glables en hauteur pour la maintenance industrielle\" width=\"300\" height=\"300\" srcset=\"https:\/\/www.esla.eu\/wp-content\/uploads\/2026\/01\/nuevaleva-300x300.webp 300w, https:\/\/www.esla.eu\/wp-content\/uploads\/2026\/01\/nuevaleva-600x600.webp 600w, https:\/\/www.esla.eu\/wp-content\/uploads\/2026\/01\/nuevaleva-100x100.webp 100w, https:\/\/www.esla.eu\/wp-content\/uploads\/2026\/01\/nuevaleva-150x150.webp 150w, https:\/\/www.esla.eu\/wp-content\/uploads\/2026\/01\/nuevaleva-768x768.webp 768w, https:\/\/www.esla.eu\/wp-content\/uploads\/2026\/01\/nuevaleva-1024x1024.webp 1024w\" sizes=\"(max-width: 300px) 100vw, 300px\" \/>\t\t<h2 class=\"woocommerce-loop-category__title\">\n\t\t\tPlateformes \u00e9l\u00e9vatrices mobiles et r\u00e9glables en hauteur pour la maintenance industrielle <mark class=\"count\">(14)<\/mark>\t\t<\/h2>\n\t\t<\/a><\/li>\n<li class=\"product-category product\">\n\t<a aria-label=\"Acc\u00e9der \u00e0 la cat\u00e9gorie de produits Solutions sp\u00e9ciales d\u2019acc\u00e8s et de travail en hauteur sur mesure\" href=\"https:\/\/www.esla.eu\/fr\/produit\/solutions-speciales\/\"><img loading=\"lazy\" decoding=\"async\" src=\"https:\/\/www.esla.eu\/wp-content\/uploads\/2026\/01\/2001559-neutre-150x150-1-300x300.webp\" alt=\"Solutions sp\u00e9ciales d\u2019acc\u00e8s et de travail en hauteur sur mesure\" width=\"300\" height=\"300\" srcset=\"https:\/\/www.esla.eu\/wp-content\/uploads\/2026\/01\/2001559-neutre-150x150-1-300x300.webp 300w, https:\/\/www.esla.eu\/wp-content\/uploads\/2026\/01\/2001559-neutre-150x150-1-600x600.webp 600w, https:\/\/www.esla.eu\/wp-content\/uploads\/2026\/01\/2001559-neutre-150x150-1-100x100.webp 100w, https:\/\/www.esla.eu\/wp-content\/uploads\/2026\/01\/2001559-neutre-150x150-1-768x768.webp 768w, https:\/\/www.esla.eu\/wp-content\/uploads\/2026\/01\/2001559-neutre-150x150-1-1024x1024.webp 1024w\" sizes=\"(max-width: 300px) 100vw, 300px\" \/>\t\t<h2 class=\"woocommerce-loop-category__title\">\n\t\t\tSolutions sp\u00e9ciales d\u2019acc\u00e8s et de travail en hauteur sur mesure <mark class=\"count\">(61)<\/mark>\t\t<\/h2>\n\t\t<\/a><\/li>\n<li class=\"product-category product\">\n\t<a aria-label=\"Acc\u00e9der \u00e0 la cat\u00e9gorie de produits Accessoires professionnels pour \u00e9chafaudages, plateformes et escaliers industriels\" href=\"https:\/\/www.esla.eu\/fr\/produit\/accessoires\/\"><img loading=\"lazy\" decoding=\"async\" src=\"https:\/\/www.esla.eu\/wp-content\/uploads\/2026\/01\/A18010000-150x150-1-300x300.webp\" alt=\"Accessoires professionnels pour \u00e9chafaudages, plateformes et escaliers industriels\" width=\"300\" height=\"300\" srcset=\"https:\/\/www.esla.eu\/wp-content\/uploads\/2026\/01\/A18010000-150x150-1-300x300.webp 300w, https:\/\/www.esla.eu\/wp-content\/uploads\/2026\/01\/A18010000-150x150-1-600x600.webp 600w, https:\/\/www.esla.eu\/wp-content\/uploads\/2026\/01\/A18010000-150x150-1-100x100.webp 100w, https:\/\/www.esla.eu\/wp-content\/uploads\/2026\/01\/A18010000-150x150-1-768x768.webp 768w, https:\/\/www.esla.eu\/wp-content\/uploads\/2026\/01\/A18010000-150x150-1-1024x1024.webp 1024w\" sizes=\"(max-width: 300px) 100vw, 300px\" \/>\t\t<h2 class=\"woocommerce-loop-category__title\">\n\t\t\tAccessoires professionnels pour \u00e9chafaudages, plateformes et escaliers industriels <mark class=\"count\">(52)<\/mark>\t\t<\/h2>\n\t\t<\/a><\/li>\n<\/ul>\n<\/div><\/div>\n\t\t\t\t\t\t<\/div>\n\t\t\t\t<\/div>\n\t\t\t\t\t<\/div>\n\t\t<\/div>\n\t\t\t\t\t<\/div>\n\t\t<\/section>\n\t\t\t\t<section class=\"elementor-section elementor-top-section elementor-element elementor-element-f5b7f2d elementor-section-boxed elementor-section-height-default elementor-section-height-default\" data-id=\"f5b7f2d\" data-element_type=\"section\" data-e-type=\"section\" data-settings=\"{&quot;background_background&quot;:&quot;classic&quot;}\">\n\t\t\t\t\t\t<div class=\"elementor-container elementor-column-gap-default\">\n\t\t\t\t\t<div class=\"elementor-column elementor-col-100 elementor-top-column elementor-element elementor-element-a7e0729 animated-slow elementor-invisible\" data-id=\"a7e0729\" data-element_type=\"column\" data-e-type=\"column\" data-settings=\"{&quot;animation&quot;:&quot;fadeIn&quot;,&quot;animation_mobile&quot;:&quot;none&quot;}\">\n\t\t\t<div class=\"elementor-widget-wrap elementor-element-populated\">\n\t\t\t\t\t\t<div class=\"elementor-element elementor-element-5324380 elementor-widget elementor-widget-heading\" data-id=\"5324380\" data-element_type=\"widget\" data-e-type=\"widget\" data-widget_type=\"heading.default\">\n\t\t\t\t<div class=\"elementor-widget-container\">\n\t\t\t\t\t<h2 class=\"elementor-heading-title elementor-size-default\">Solutions Sur Mesure pour Tous les Secteurs Industriels<\/h2>\t\t\t\t<\/div>\n\t\t\t\t<\/div>\n\t\t\t\t<div class=\"elementor-element elementor-element-2976f4e elementor-widget elementor-widget-text-editor\" data-id=\"2976f4e\" data-element_type=\"widget\" data-e-type=\"widget\" data-widget_type=\"text-editor.default\">\n\t\t\t\t<div class=\"elementor-widget-container\">\n\t\t\t\t\t\t\t\t\t<p>ESLA accompagne les industries dans la maintenance a\u00e9ronautique, la logistique en hauteur et les chantiers complexes, gr\u00e2ce \u00e0 des solutions sur mesure comme les \u00e9chafaudages roulants, escaliers industriels aluminium, \u00e9chelles \u00e0 crinoline norme, et plateformes \u00e9l\u00e9vatrices mobiles de personnes.<\/p><p>Nos passerelles industrielles et garde-corps industriels assurent s\u00e9curit\u00e9 et conformit\u00e9 pour chaque intervention. Optimisez vos op\u00e9rations avec des escabeaux professionnels, escaliers m\u00e9talliques industriels et quais de d\u00e9chargement mobiles adapt\u00e9s \u00e0 votre secteur.<\/p>\t\t\t\t\t\t\t\t<\/div>\n\t\t\t\t<\/div>\n\t\t\t\t<div class=\"elementor-element elementor-element-59e0435 elementor-widget-divider--view-line elementor-widget elementor-widget-divider\" data-id=\"59e0435\" data-element_type=\"widget\" data-e-type=\"widget\" data-widget_type=\"divider.default\">\n\t\t\t\t<div class=\"elementor-widget-container\">\n\t\t\t\t\t\t\t<div class=\"elementor-divider\">\n\t\t\t<span class=\"elementor-divider-separator\">\n\t\t\t\t\t\t<\/span>\n\t\t<\/div>\n\t\t\t\t\t\t<\/div>\n\t\t\t\t<\/div>\n\t\t\t\t<div class=\"elementor-element elementor-element-cdc11f8 title_hover_border_enable title-two-line img_hover_animation_img_zoom_in title-alignment-center title_position_default grid-hover-overlay-type-always tpg-el-box-border-enable tpg-border-bottom-disable elementor-widget elementor-widget-tpg-grid-layout\" data-id=\"cdc11f8\" data-element_type=\"widget\" data-e-type=\"widget\" data-widget_type=\"tpg-grid-layout.default\">\n\t\t\t\t<div class=\"elementor-widget-container\">\n\t\t\t\t\t\t\t<div class=\"rt-container-fluid rt-tpg-container tpg-el-main-wrapper clearfix grid-layout1-main \"\n\t\t\t id=\"rt-tpg-container-3622788208\"\n\t\t\t data-layout=\"grid-layout1\"\n\t\t\t data-grid-style=\"tpg-full-height\"\n\t\t\t data-sc-id=\"elementor\"\n\t\t\t data-el-settings=''\n\t\t\t data-el-query=''\n\t\t\t data-el-path=''\n\t\t>\n\t\t\t\t\t\t\t<div id=\"bottom-script-loader\" class=\"bottom-script-loader\">\n\t\t\t\t\t<div class=\"rt-ball-clip-rotate\">\n\t\t\t\t\t\t<div><\/div>\n\t\t\t\t\t<\/div>\n\t\t\t\t<\/div>\n\t\t\t\t\t\t\t<div class='tpg-header-wrapper '>\n\t\t\t\t\t\t\t<\/div>\n\n\t\t\t<div data-title=\"Loading ...\" class=\"rt-row rt-content-loader grid-layout1 grid-behaviour tpg-full-height grid_layout_wrapper\">\n\t\t\t\t<div class=\"rt-col-md-4 rt-col-sm-6 rt-col-xs-12 img_zoom_in rt-grid-item post-8383 page type-page status-publish has-post-thumbnail hentry\"        data-id=\"8383\">\n    <div class=\"rt-holder tpg-post-holder \">\n        <div class=\"rt-detail rt-el-content-wrapper\">\n\t\t\t                <div class=\"rt-img-holder tpg-el-image-wrap has-thumbnail\">\n\t\t\t\t\t<a data-id=\"8383\" href=\"https:\/\/www.esla.eu\/fr\/secteurs\/industrie-generale\/\" class=\"tpg-post-link\" target=\"_self\">                        <img loading=\"lazy\" decoding=\"async\" src=\"https:\/\/www.esla.eu\/wp-content\/uploads\/2024\/03\/IMG_1223.png\"\n                             class=\"rt-img-responsive\"\n                             width=\"1080\"\n                             height=\"1080\"\n                             alt=\"Industrie g\u00e9n\u00e9rale\">\n                        \n                            \n        <\/a>\n                <div class=\"overlay grid-hover-content\"><\/div>\n                        <\/div>\n\t\t\t\n\t\t\t<div class=\"entry-title-wrapper\"><h3 class=\"entry-title\"><a data-id=\"8383\" href=\"https:\/\/www.esla.eu\/fr\/secteurs\/industrie-generale\/\" class=\"tpg-post-link\" target=\"_self\">Industrie g\u00e9n\u00e9rale<\/a><\/h3><\/div>\n\t\t\t\n\n\t\t\t\n\t\t\t        <\/div>\n    <\/div>\n<\/div>\n<div class=\"rt-col-md-4 rt-col-sm-6 rt-col-xs-12 img_zoom_in rt-grid-item post-8385 page type-page status-publish has-post-thumbnail hentry\"        data-id=\"8385\">\n    <div class=\"rt-holder tpg-post-holder \">\n        <div class=\"rt-detail rt-el-content-wrapper\">\n\t\t\t                <div class=\"rt-img-holder tpg-el-image-wrap has-thumbnail\">\n\t\t\t\t\t<a data-id=\"8385\" href=\"https:\/\/www.esla.eu\/fr\/secteurs\/secteur-aeronautique\/\" class=\"tpg-post-link\" target=\"_self\">                        <img loading=\"lazy\" decoding=\"async\" src=\"https:\/\/www.esla.eu\/wp-content\/uploads\/2024\/03\/desrtAeronautic.png\"\n                             class=\"rt-img-responsive\"\n                             width=\"768\"\n                             height=\"768\"\n                             alt=\"Secteur a\u00e9ronautique\">\n                        \n                            \n        <\/a>\n                <div class=\"overlay grid-hover-content\"><\/div>\n                        <\/div>\n\t\t\t\n\t\t\t<div class=\"entry-title-wrapper\"><h3 class=\"entry-title\"><a data-id=\"8385\" href=\"https:\/\/www.esla.eu\/fr\/secteurs\/secteur-aeronautique\/\" class=\"tpg-post-link\" target=\"_self\">Secteur a\u00e9ronautique<\/a><\/h3><\/div>\n\t\t\t\n\n\t\t\t\n\t\t\t        <\/div>\n    <\/div>\n<\/div>\n<div class=\"rt-col-md-4 rt-col-sm-6 rt-col-xs-12 img_zoom_in rt-grid-item post-8387 page type-page status-publish has-post-thumbnail hentry\"        data-id=\"8387\">\n    <div class=\"rt-holder tpg-post-holder \">\n        <div class=\"rt-detail rt-el-content-wrapper\">\n\t\t\t                <div class=\"rt-img-holder tpg-el-image-wrap has-thumbnail\">\n\t\t\t\t\t<a data-id=\"8387\" href=\"https:\/\/www.esla.eu\/fr\/secteurs\/secteur-des-fabricants-de-machines\/\" class=\"tpg-post-link\" target=\"_self\">                        <img loading=\"lazy\" decoding=\"async\" src=\"https:\/\/www.esla.eu\/wp-content\/uploads\/2024\/03\/destFabricant-Maquinaria.png\"\n                             class=\"rt-img-responsive\"\n                             width=\"509\"\n                             height=\"509\"\n                             alt=\"Secteur des fabricants de machines\">\n                        \n                            \n        <\/a>\n                <div class=\"overlay grid-hover-content\"><\/div>\n                        <\/div>\n\t\t\t\n\t\t\t<div class=\"entry-title-wrapper\"><h3 class=\"entry-title\"><a data-id=\"8387\" href=\"https:\/\/www.esla.eu\/fr\/secteurs\/secteur-des-fabricants-de-machines\/\" class=\"tpg-post-link\" target=\"_self\">Secteur des fabricants de machines<\/a><\/h3><\/div>\n\t\t\t\n\n\t\t\t\n\t\t\t        <\/div>\n    <\/div>\n<\/div>\n<div class=\"rt-col-md-4 rt-col-sm-6 rt-col-xs-12 img_zoom_in rt-grid-item post-8393 page type-page status-publish has-post-thumbnail hentry\"        data-id=\"8393\">\n    <div class=\"rt-holder tpg-post-holder \">\n        <div class=\"rt-detail rt-el-content-wrapper\">\n\t\t\t                <div class=\"rt-img-holder tpg-el-image-wrap has-thumbnail\">\n\t\t\t\t\t<a data-id=\"8393\" href=\"https:\/\/www.esla.eu\/fr\/secteurs\/secteur-des-transports\/\" class=\"tpg-post-link\" target=\"_self\">                        <img loading=\"lazy\" decoding=\"async\" src=\"https:\/\/www.esla.eu\/wp-content\/uploads\/2024\/03\/destTRansport.png\"\n                             class=\"rt-img-responsive\"\n                             width=\"1080\"\n                             height=\"1080\"\n                             alt=\"Secteur des transports\">\n                        \n                            \n        <\/a>\n                <div class=\"overlay grid-hover-content\"><\/div>\n                        <\/div>\n\t\t\t\n\t\t\t<div class=\"entry-title-wrapper\"><h3 class=\"entry-title\"><a data-id=\"8393\" href=\"https:\/\/www.esla.eu\/fr\/secteurs\/secteur-des-transports\/\" class=\"tpg-post-link\" target=\"_self\">Secteur des transports<\/a><\/h3><\/div>\n\t\t\t\n\n\t\t\t\n\t\t\t        <\/div>\n    <\/div>\n<\/div>\n<div class=\"rt-col-md-4 rt-col-sm-6 rt-col-xs-12 img_zoom_in rt-grid-item post-8389 page type-page status-publish has-post-thumbnail hentry\"        data-id=\"8389\">\n    <div class=\"rt-holder tpg-post-holder \">\n        <div class=\"rt-detail rt-el-content-wrapper\">\n\t\t\t                <div class=\"rt-img-holder tpg-el-image-wrap has-thumbnail\">\n\t\t\t\t\t<a data-id=\"8389\" href=\"https:\/\/www.esla.eu\/fr\/secteurs\/secteur-ferroviaire\/\" class=\"tpg-post-link\" target=\"_self\">                        <img loading=\"lazy\" decoding=\"async\" src=\"https:\/\/www.esla.eu\/wp-content\/uploads\/2024\/03\/0-2001374.png\"\n                             class=\"rt-img-responsive\"\n                             width=\"1728\"\n                             height=\"1728\"\n                             alt=\"Secteur ferroviaire\">\n                        \n                            \n        <\/a>\n                <div class=\"overlay grid-hover-content\"><\/div>\n                        <\/div>\n\t\t\t\n\t\t\t<div class=\"entry-title-wrapper\"><h3 class=\"entry-title\"><a data-id=\"8389\" href=\"https:\/\/www.esla.eu\/fr\/secteurs\/secteur-ferroviaire\/\" class=\"tpg-post-link\" target=\"_self\">Secteur ferroviaire<\/a><\/h3><\/div>\n\t\t\t\n\n\t\t\t\n\t\t\t        <\/div>\n    <\/div>\n<\/div>\n<div class=\"rt-col-md-4 rt-col-sm-6 rt-col-xs-12 img_zoom_in rt-grid-item post-11839 page type-page status-publish has-post-thumbnail hentry\"        data-id=\"11839\">\n    <div class=\"rt-holder tpg-post-holder \">\n        <div class=\"rt-detail rt-el-content-wrapper\">\n\t\t\t                <div class=\"rt-img-holder tpg-el-image-wrap has-thumbnail\">\n\t\t\t\t\t<a data-id=\"11839\" href=\"https:\/\/www.esla.eu\/fr\/secteurs\/secteur-logistique\/\" class=\"tpg-post-link\" target=\"_self\">                        <img loading=\"lazy\" decoding=\"async\" src=\"https:\/\/www.esla.eu\/wp-content\/uploads\/2024\/03\/DestLogistic.png\"\n                             class=\"rt-img-responsive\"\n                             width=\"784\"\n                             height=\"784\"\n                             alt=\"Secteur Logistique\">\n                        \n                            \n        <\/a>\n                <div class=\"overlay grid-hover-content\"><\/div>\n                        <\/div>\n\t\t\t\n\t\t\t<div class=\"entry-title-wrapper\"><h3 class=\"entry-title\"><a data-id=\"11839\" href=\"https:\/\/www.esla.eu\/fr\/secteurs\/secteur-logistique\/\" class=\"tpg-post-link\" target=\"_self\">Secteur Logistique<\/a><\/h3><\/div>\n\t\t\t\n\n\t\t\t\n\t\t\t        <\/div>\n    <\/div>\n<\/div>\n\t\t\t<\/div>\n\t\t\t\n\t\t<\/div>\n\t\t\t\t\t\t<\/div>\n\t\t\t\t<\/div>\n\t\t\t\t\t<\/div>\n\t\t<\/div>\n\t\t\t\t\t<\/div>\n\t\t<\/section>\n\t\t\t\t<section class=\"elementor-section elementor-top-section elementor-element elementor-element-67152c8 elementor-section-boxed elementor-section-height-default elementor-section-height-default\" data-id=\"67152c8\" data-element_type=\"section\" data-e-type=\"section\" data-settings=\"{&quot;background_background&quot;:&quot;classic&quot;}\">\n\t\t\t\t\t\t<div class=\"elementor-container elementor-column-gap-default\">\n\t\t\t\t\t<div class=\"elementor-column elementor-col-100 elementor-top-column elementor-element elementor-element-cbf5265 animated-slow elementor-invisible\" data-id=\"cbf5265\" data-element_type=\"column\" data-e-type=\"column\" data-settings=\"{&quot;animation&quot;:&quot;fadeIn&quot;,&quot;animation_mobile&quot;:&quot;none&quot;}\">\n\t\t\t<div class=\"elementor-widget-wrap elementor-element-populated\">\n\t\t\t\t\t\t<div class=\"elementor-element elementor-element-040cbd5 elementor-widget elementor-widget-heading\" data-id=\"040cbd5\" data-element_type=\"widget\" data-e-type=\"widget\" data-widget_type=\"heading.default\">\n\t\t\t\t<div class=\"elementor-widget-container\">\n\t\t\t\t\t<h2 class=\"elementor-heading-title elementor-size-default\">Projets sur Mesure pour Travaux en Hauteur et Industrie<\/h2>\t\t\t\t<\/div>\n\t\t\t\t<\/div>\n\t\t\t\t<div class=\"elementor-element elementor-element-4d3f130 elementor-widget elementor-widget-text-editor\" data-id=\"4d3f130\" data-element_type=\"widget\" data-e-type=\"widget\" data-widget_type=\"text-editor.default\">\n\t\t\t\t<div class=\"elementor-widget-container\">\n\t\t\t\t\t\t\t\t\t<p>D\u00e9couvrez nos projets personnalis\u00e9s incluant des \u00e9chafaudages roulants, escaliers industriels aluminium, \u00e9chelles \u00e0 crinoline, plateformes \u00e9l\u00e9vatrices mobiles et passerelles industrielles con\u00e7us pour r\u00e9pondre aux besoins sp\u00e9cifiques de chaque chantier.<\/p><p>Que ce soit pour maintenance a\u00e9ronautique, escaliers m\u00e9talliques industriels, quais de chargement mobiles ou plateformes de travail s\u00e9curis\u00e9es, ESLA assure s\u00e9curit\u00e9, conformit\u00e9 aux normes et efficacit\u00e9 op\u00e9rationnelle. Explorez nos r\u00e9alisations pour voir comment nos escabeaux professionnels avec plateforme, \u00e9chelles t\u00e9lescopiques aluminium et stabilisateurs d\u2019\u00e9chafaudage optimisent vos interventions en hauteur.<\/p>\t\t\t\t\t\t\t\t<\/div>\n\t\t\t\t<\/div>\n\t\t\t\t<div class=\"elementor-element elementor-element-d533d13 elementor-widget-divider--view-line elementor-widget elementor-widget-divider\" data-id=\"d533d13\" data-element_type=\"widget\" data-e-type=\"widget\" data-widget_type=\"divider.default\">\n\t\t\t\t<div class=\"elementor-widget-container\">\n\t\t\t\t\t\t\t<div class=\"elementor-divider\">\n\t\t\t<span class=\"elementor-divider-separator\">\n\t\t\t\t\t\t<\/span>\n\t\t<\/div>\n\t\t\t\t\t\t<\/div>\n\t\t\t\t<\/div>\n\t\t\t\t<div class=\"elementor-element elementor-element-55f2c39 title_hover_border_enable title-two-line img_hover_animation_img_zoom_in title-alignment-center title_position_default grid-hover-overlay-type-always tpg-el-box-border-enable tpg-border-bottom-disable elementor-widget elementor-widget-tpg-grid-layout\" data-id=\"55f2c39\" data-element_type=\"widget\" data-e-type=\"widget\" data-widget_type=\"tpg-grid-layout.default\">\n\t\t\t\t<div class=\"elementor-widget-container\">\n\t\t\t\t\t\t\t<div class=\"rt-container-fluid rt-tpg-container tpg-el-main-wrapper clearfix grid-layout1-main \"\n\t\t\t id=\"rt-tpg-container-1746632729\"\n\t\t\t data-layout=\"grid-layout1\"\n\t\t\t data-grid-style=\"tpg-full-height\"\n\t\t\t data-sc-id=\"elementor\"\n\t\t\t data-el-settings=''\n\t\t\t data-el-query=''\n\t\t\t data-el-path=''\n\t\t>\n\t\t\t\t\t\t\t<div id=\"bottom-script-loader\" class=\"bottom-script-loader\">\n\t\t\t\t\t<div class=\"rt-ball-clip-rotate\">\n\t\t\t\t\t\t<div><\/div>\n\t\t\t\t\t<\/div>\n\t\t\t\t<\/div>\n\t\t\t\t\t\t\t<div class='tpg-header-wrapper '>\n\t\t\t\t\t\t\t<\/div>\n\n\t\t\t<div data-title=\"Loading ...\" class=\"rt-row rt-content-loader grid-layout1 grid-behaviour tpg-full-height grid_layout_wrapper\">\n\t\t\t\t<div class=\"rt-col-md-4 rt-col-sm-6 rt-col-xs-12 img_zoom_in rt-grid-item post-11931 post type-post status-publish format-standard has-post-thumbnail hentry category-projets\"        data-id=\"11931\">\n    <div class=\"rt-holder tpg-post-holder \">\n        <div class=\"rt-detail rt-el-content-wrapper\">\n\t\t\t                <div class=\"rt-img-holder tpg-el-image-wrap has-thumbnail\">\n\t\t\t\t\t<a data-id=\"11931\" href=\"https:\/\/www.esla.eu\/fr\/1010006-air-tractor-plateforme-de-travail-mobile\/\" class=\"tpg-post-link\" target=\"_self\">                        <img loading=\"lazy\" decoding=\"async\" src=\"https:\/\/www.esla.eu\/wp-content\/uploads\/2024\/10\/21cf71e9-c2a3-436b-8b14-dc66f7d3b2a2-scaled-e1729093808226.jpg\"\n                             class=\"rt-img-responsive\"\n                             width=\"2560\"\n                             height=\"1619\"\n                             alt=\"1010006 &#8211; Plateforme de travail mobile\">\n                        \n                            \n        <\/a>\n                <div class=\"overlay grid-hover-content\"><\/div>\n                        <\/div>\n\t\t\t\n\t\t\t<div class=\"entry-title-wrapper\"><h3 class=\"entry-title\"><a data-id=\"11931\" href=\"https:\/\/www.esla.eu\/fr\/1010006-air-tractor-plateforme-de-travail-mobile\/\" class=\"tpg-post-link\" target=\"_self\">1010006 &#8211; Plateforme de travail mobile<\/a><\/h3><\/div>\n\t\t\t\n\n\t\t\t\n\t\t\t        <\/div>\n    <\/div>\n<\/div>\n<div class=\"rt-col-md-4 rt-col-sm-6 rt-col-xs-12 img_zoom_in rt-grid-item post-12609 post type-post status-publish format-standard has-post-thumbnail hentry category-projets\"        data-id=\"12609\">\n    <div class=\"rt-holder tpg-post-holder \">\n        <div class=\"rt-detail rt-el-content-wrapper\">\n\t\t\t                <div class=\"rt-img-holder tpg-el-image-wrap has-thumbnail\">\n\t\t\t\t\t<a data-id=\"12609\" href=\"https:\/\/www.esla.eu\/fr\/2001222-plateformes-dacces-aux-emballeuses\/\" class=\"tpg-post-link\" target=\"_self\">                        <img loading=\"lazy\" decoding=\"async\" src=\"https:\/\/www.esla.eu\/wp-content\/uploads\/2025\/09\/PRINCIPAL-scaled-e1756980547291.jpeg\"\n                             class=\"rt-img-responsive\"\n                             width=\"1989\"\n                             height=\"2560\"\n                             alt=\"2001222 \u2013 Plateformes d&#8217;acc\u00e8s aux emballeuses\">\n                        \n                            \n        <\/a>\n                <div class=\"overlay grid-hover-content\"><\/div>\n                        <\/div>\n\t\t\t\n\t\t\t<div class=\"entry-title-wrapper\"><h3 class=\"entry-title\"><a data-id=\"12609\" href=\"https:\/\/www.esla.eu\/fr\/2001222-plateformes-dacces-aux-emballeuses\/\" class=\"tpg-post-link\" target=\"_self\">2001222 \u2013 Plateformes d&#8217;acc\u00e8s aux emballeuses<\/a><\/h3><\/div>\n\t\t\t\n\n\t\t\t\n\t\t\t        <\/div>\n    <\/div>\n<\/div>\n<div class=\"rt-col-md-4 rt-col-sm-6 rt-col-xs-12 img_zoom_in rt-grid-item post-11494 post type-post status-publish format-standard has-post-thumbnail hentry category-projets\"        data-id=\"11494\">\n    <div class=\"rt-holder tpg-post-holder \">\n        <div class=\"rt-detail rt-el-content-wrapper\">\n\t\t\t                <div class=\"rt-img-holder tpg-el-image-wrap has-thumbnail\">\n\t\t\t\t\t<a data-id=\"11494\" href=\"https:\/\/www.esla.eu\/fr\/2001559-plateforme-dacces-au-toit-de-lautobus\/\" class=\"tpg-post-link\" target=\"_self\">                        <img loading=\"lazy\" decoding=\"async\" src=\"https:\/\/www.esla.eu\/wp-content\/uploads\/2024\/08\/2001559-neutre-1-scaled-e1724754542893.jpg\"\n                             class=\"rt-img-responsive\"\n                             width=\"2560\"\n                             height=\"1920\"\n                             alt=\"2001559 &#8211; Plateforme d&#8217;acc\u00e8s au toit de l&#8217;autobus\">\n                        \n                            \n        <\/a>\n                <div class=\"overlay grid-hover-content\"><\/div>\n                        <\/div>\n\t\t\t\n\t\t\t<div class=\"entry-title-wrapper\"><h3 class=\"entry-title\"><a data-id=\"11494\" href=\"https:\/\/www.esla.eu\/fr\/2001559-plateforme-dacces-au-toit-de-lautobus\/\" class=\"tpg-post-link\" target=\"_self\">2001559 &#8211; Plateforme d&#8217;acc\u00e8s au toit de l&#8217;autobus<\/a><\/h3><\/div>\n\t\t\t\n\n\t\t\t\n\t\t\t        <\/div>\n    <\/div>\n<\/div>\n<div class=\"rt-col-md-4 rt-col-sm-6 rt-col-xs-12 img_zoom_in rt-grid-item post-10769 post type-post status-publish format-standard has-post-thumbnail hentry category-projets\"        data-id=\"10769\">\n    <div class=\"rt-holder tpg-post-holder \">\n        <div class=\"rt-detail rt-el-content-wrapper\">\n\t\t\t                <div class=\"rt-img-holder tpg-el-image-wrap has-thumbnail\">\n\t\t\t\t\t<a data-id=\"10769\" href=\"https:\/\/www.esla.eu\/fr\/2001574-plateforme-mobile-en-aluminium-avec-garde-corps-reglables\/\" class=\"tpg-post-link\" target=\"_self\">                        <img loading=\"lazy\" decoding=\"async\" src=\"https:\/\/www.esla.eu\/wp-content\/uploads\/2024\/03\/2001574_01.jpg\"\n                             class=\"rt-img-responsive\"\n                             width=\"1600\"\n                             height=\"1200\"\n                             alt=\"2001574 &#8211; Plateforme mobile en aluminium avec garde-corps r\u00e9glables\">\n                        \n                            \n        <\/a>\n                <div class=\"overlay grid-hover-content\"><\/div>\n                        <\/div>\n\t\t\t\n\t\t\t<div class=\"entry-title-wrapper\"><h3 class=\"entry-title\"><a data-id=\"10769\" href=\"https:\/\/www.esla.eu\/fr\/2001574-plateforme-mobile-en-aluminium-avec-garde-corps-reglables\/\" class=\"tpg-post-link\" target=\"_self\">2001574 &#8211; Plateforme mobile en aluminium avec garde-corps r\u00e9glables<\/a><\/h3><\/div>\n\t\t\t\n\n\t\t\t\n\t\t\t        <\/div>\n    <\/div>\n<\/div>\n<div class=\"rt-col-md-4 rt-col-sm-6 rt-col-xs-12 img_zoom_in rt-grid-item post-10731 post type-post status-publish format-standard has-post-thumbnail hentry category-projets\"        data-id=\"10731\">\n    <div class=\"rt-holder tpg-post-holder \">\n        <div class=\"rt-detail rt-el-content-wrapper\">\n\t\t\t                <div class=\"rt-img-holder tpg-el-image-wrap has-thumbnail\">\n\t\t\t\t\t<a data-id=\"10731\" href=\"https:\/\/www.esla.eu\/fr\/2001579-plateforme-mobile-en-aluminium-reglable-en-hauteur\/\" class=\"tpg-post-link\" target=\"_self\">                        <img loading=\"lazy\" decoding=\"async\" src=\"https:\/\/www.esla.eu\/wp-content\/uploads\/2024\/03\/2001579-01.jpg\"\n                             class=\"rt-img-responsive\"\n                             width=\"1600\"\n                             height=\"1200\"\n                             alt=\"2001579 &#8211; Plateforme mobile en aluminium r\u00e9glable en hauteur\">\n                        \n                            \n        <\/a>\n                <div class=\"overlay grid-hover-content\"><\/div>\n                        <\/div>\n\t\t\t\n\t\t\t<div class=\"entry-title-wrapper\"><h3 class=\"entry-title\"><a data-id=\"10731\" href=\"https:\/\/www.esla.eu\/fr\/2001579-plateforme-mobile-en-aluminium-reglable-en-hauteur\/\" class=\"tpg-post-link\" target=\"_self\">2001579 &#8211; Plateforme mobile en aluminium r\u00e9glable en hauteur<\/a><\/h3><\/div>\n\t\t\t\n\n\t\t\t\n\t\t\t        <\/div>\n    <\/div>\n<\/div>\n<div class=\"rt-col-md-4 rt-col-sm-6 rt-col-xs-12 img_zoom_in rt-grid-item post-10882 post type-post status-publish format-standard has-post-thumbnail hentry category-projets\"        data-id=\"10882\">\n    <div class=\"rt-holder tpg-post-holder \">\n        <div class=\"rt-detail rt-el-content-wrapper\">\n\t\t\t                <div class=\"rt-img-holder tpg-el-image-wrap has-thumbnail\">\n\t\t\t\t\t<a data-id=\"10882\" href=\"https:\/\/www.esla.eu\/fr\/2001660-plate-forme-mobile-elevatrice-en-aluminium-pour-lentretien-des-voies-ferrees\/\" class=\"tpg-post-link\" target=\"_self\">                        <img loading=\"lazy\" decoding=\"async\" src=\"https:\/\/www.esla.eu\/wp-content\/uploads\/2024\/07\/2001660-15-rotated-e1720787503295.jpg\"\n                             class=\"rt-img-responsive\"\n                             width=\"1306\"\n                             height=\"1741\"\n                             alt=\"2001660 &#8211; Plateforme mobile \u00e9l\u00e9vatrice en aluminium pour l&#8217;entretien des voies ferr\u00e9es\">\n                        \n                            \n        <\/a>\n                <div class=\"overlay grid-hover-content\"><\/div>\n                        <\/div>\n\t\t\t\n\t\t\t<div class=\"entry-title-wrapper\"><h3 class=\"entry-title\"><a data-id=\"10882\" href=\"https:\/\/www.esla.eu\/fr\/2001660-plate-forme-mobile-elevatrice-en-aluminium-pour-lentretien-des-voies-ferrees\/\" class=\"tpg-post-link\" target=\"_self\">2001660 &#8211; Plateforme mobile \u00e9l\u00e9vatrice en aluminium pour l&#8217;entretien des voies ferr\u00e9es<\/a><\/h3><\/div>\n\t\t\t\n\n\t\t\t\n\t\t\t        <\/div>\n    <\/div>\n<\/div>\n\t\t\t<\/div>\n\t\t\t\n\t\t<\/div>\n\t\t\t\t\t\t<\/div>\n\t\t\t\t<\/div>\n\t\t\t\t\t<\/div>\n\t\t<\/div>\n\t\t\t\t\t<\/div>\n\t\t<\/section>\n\t\t\t\t<section class=\"elementor-section elementor-top-section elementor-element elementor-element-abfdc4b elementor-section-boxed elementor-section-height-default elementor-section-height-default\" data-id=\"abfdc4b\" data-element_type=\"section\" data-e-type=\"section\" id=\"catalog\" data-settings=\"{&quot;background_background&quot;:&quot;gradient&quot;}\">\n\t\t\t\t\t\t\t<div class=\"elementor-background-overlay\"><\/div>\n\t\t\t\t\t\t\t<div class=\"elementor-container elementor-column-gap-default\">\n\t\t\t\t\t<div class=\"elementor-column elementor-col-100 elementor-top-column elementor-element elementor-element-57ff78e animated-slow elementor-invisible\" data-id=\"57ff78e\" data-element_type=\"column\" data-e-type=\"column\" data-settings=\"{&quot;animation&quot;:&quot;fadeIn&quot;,&quot;animation_mobile&quot;:&quot;none&quot;}\">\n\t\t\t<div class=\"elementor-widget-wrap elementor-element-populated\">\n\t\t\t\t\t\t<section class=\"elementor-section elementor-inner-section elementor-element elementor-element-140c0ad elementor-section-boxed elementor-section-height-default elementor-section-height-default\" data-id=\"140c0ad\" data-element_type=\"section\" data-e-type=\"section\">\n\t\t\t\t\t\t<div class=\"elementor-container elementor-column-gap-default\">\n\t\t\t\t\t<div class=\"elementor-column elementor-col-50 elementor-inner-column elementor-element elementor-element-f139e4a\" data-id=\"f139e4a\" data-element_type=\"column\" data-e-type=\"column\">\n\t\t\t<div class=\"elementor-widget-wrap elementor-element-populated\">\n\t\t\t\t\t\t<div class=\"elementor-element elementor-element-4a08cab elementor-widget elementor-widget-image\" data-id=\"4a08cab\" data-element_type=\"widget\" data-e-type=\"widget\" data-widget_type=\"image.default\">\n\t\t\t\t<div class=\"elementor-widget-container\">\n\t\t\t\t\t\t\t\t\t\t\t\t\t\t\t<img loading=\"lazy\" decoding=\"async\" width=\"724\" height=\"1024\" src=\"https:\/\/www.esla.eu\/wp-content\/uploads\/2026\/02\/CATOLOGO-26-27-724x1024.png\" class=\"attachment-large size-large wp-image-15018\" alt=\"\" srcset=\"https:\/\/www.esla.eu\/wp-content\/uploads\/2026\/02\/CATOLOGO-26-27-724x1024.png 724w, https:\/\/www.esla.eu\/wp-content\/uploads\/2026\/02\/CATOLOGO-26-27-212x300.png 212w, https:\/\/www.esla.eu\/wp-content\/uploads\/2026\/02\/CATOLOGO-26-27-768x1086.png 768w, https:\/\/www.esla.eu\/wp-content\/uploads\/2026\/02\/CATOLOGO-26-27-1086x1536.png 1086w, https:\/\/www.esla.eu\/wp-content\/uploads\/2026\/02\/CATOLOGO-26-27-424x600.png 424w, https:\/\/www.esla.eu\/wp-content\/uploads\/2026\/02\/CATOLOGO-26-27-71x100.png 71w, https:\/\/www.esla.eu\/wp-content\/uploads\/2026\/02\/CATOLOGO-26-27.png 1414w\" sizes=\"(max-width: 724px) 100vw, 724px\" \/>\t\t\t\t\t\t\t\t\t\t\t\t\t\t\t<\/div>\n\t\t\t\t<\/div>\n\t\t\t\t\t<\/div>\n\t\t<\/div>\n\t\t\t\t<div class=\"elementor-column elementor-col-50 elementor-inner-column elementor-element elementor-element-74b83e9 blur\" data-id=\"74b83e9\" data-element_type=\"column\" data-e-type=\"column\">\n\t\t\t<div class=\"elementor-widget-wrap elementor-element-populated\">\n\t\t\t\t\t\t<div class=\"elementor-element elementor-element-5ad2cf4 elementor-widget elementor-widget-heading\" data-id=\"5ad2cf4\" data-element_type=\"widget\" data-e-type=\"widget\" data-widget_type=\"heading.default\">\n\t\t\t\t<div class=\"elementor-widget-container\">\n\t\t\t\t\t<h2 class=\"elementor-heading-title elementor-size-default\">ESLA Catalogue 2026\/27<\/h2>\t\t\t\t<\/div>\n\t\t\t\t<\/div>\n\t\t\t\t<div class=\"elementor-element elementor-element-96b3c23 elementor-widget elementor-widget-heading\" data-id=\"96b3c23\" data-element_type=\"widget\" data-e-type=\"widget\" data-widget_type=\"heading.default\">\n\t\t\t\t<div class=\"elementor-widget-container\">\n\t\t\t\t\t<p class=\"elementor-heading-title elementor-size-default\">D\u00e9couvrez la vari\u00e9t\u00e9 des produits ESLA et trouvez les \u00e9quipements d'acc\u00e8s adapt\u00e9s. \u00c9chelles, \u00e9quipements pour escaliers, \u00e9chafaudages mobiles, plates-formes de travail, marches de pont et tout type de solutions pour le secteur ferroviaire, a\u00e9ronautique, des transports, les constructeurs de machines, les entrep\u00f4ts logistiques et les secteurs industriels en g\u00e9n\u00e9ral.<\/p>\t\t\t\t<\/div>\n\t\t\t\t<\/div>\n\t\t\t\t<div class=\"elementor-element elementor-element-0dfc36f elementor-mobile-align-center elementor-widget elementor-widget-button\" data-id=\"0dfc36f\" data-element_type=\"widget\" data-e-type=\"widget\" data-widget_type=\"button.default\">\n\t\t\t\t<div class=\"elementor-widget-container\">\n\t\t\t\t\t\t\t\t\t<div class=\"elementor-button-wrapper\">\n\t\t\t\t\t<a class=\"elementor-button elementor-button-link elementor-size-sm\" href=\"\/wp-content\/uploads\/2024\/05\/Catalogue-ESLA-FR-Apercu-rapide.pdf\" target=\"_blank\">\n\t\t\t\t\t\t<span class=\"elementor-button-content-wrapper\">\n\t\t\t\t\t\t<span class=\"elementor-button-icon\">\n\t\t\t\t<svg aria-hidden=\"true\" class=\"e-font-icon-svg e-far-file-pdf\" viewBox=\"0 0 384 512\" xmlns=\"http:\/\/www.w3.org\/2000\/svg\"><path d=\"M369.9 97.9L286 14C277 5 264.8-.1 252.1-.1H48C21.5 0 0 21.5 0 48v416c0 26.5 21.5 48 48 48h288c26.5 0 48-21.5 48-48V131.9c0-12.7-5.1-25-14.1-34zM332.1 128H256V51.9l76.1 76.1zM48 464V48h160v104c0 13.3 10.7 24 24 24h104v288H48zm250.2-143.7c-12.2-12-47-8.7-64.4-6.5-17.2-10.5-28.7-25-36.8-46.3 3.9-16.1 10.1-40.6 5.4-56-4.2-26.2-37.8-23.6-42.6-5.9-4.4 16.1-.4 38.5 7 67.1-10 23.9-24.9 56-35.4 74.4-20 10.3-47 26.2-51 46.2-3.3 15.8 26 55.2 76.1-31.2 22.4-7.4 46.8-16.5 68.4-20.1 18.9 10.2 41 17 55.8 17 25.5 0 28-28.2 17.5-38.7zm-198.1 77.8c5.1-13.7 24.5-29.5 30.4-35-19 30.3-30.4 35.7-30.4 35zm81.6-190.6c7.4 0 6.7 32.1 1.8 40.8-4.4-13.9-4.3-40.8-1.8-40.8zm-24.4 136.6c9.7-16.9 18-37 24.7-54.7 8.3 15.1 18.9 27.2 30.1 35.5-20.8 4.3-38.9 13.1-54.8 19.2zm131.6-5s-5 6-37.3-7.8c35.1-2.6 40.9 5.4 37.3 7.8z\"><\/path><\/svg>\t\t\t<\/span>\n\t\t\t\t\t\t\t\t\t<span class=\"elementor-button-text\">T\u00e9l\u00e9charger<\/span>\n\t\t\t\t\t<\/span>\n\t\t\t\t\t<\/a>\n\t\t\t\t<\/div>\n\t\t\t\t\t\t\t\t<\/div>\n\t\t\t\t<\/div>\n\t\t\t\t\t<\/div>\n\t\t<\/div>\n\t\t\t\t\t<\/div>\n\t\t<\/section>\n\t\t\t\t\t<\/div>\n\t\t<\/div>\n\t\t\t\t\t<\/div>\n\t\t<\/section>\n\t\t\t\t<\/div>\n\t\t","protected":false},"excerpt":{"rendered":"<p>ESLAEuropeanSpecial Ladders Engineering at height since 2000 \u00c9chelles, Escaliers et \u00c9chafaudages Industriels sur Mesure Nous concevons et fabriquons des \u00e9chafaudages roulants, escaliers industriels en aluminium, \u00e9chelles \u00e0 crinoline et plateformes \u00e9l\u00e9vatrices mobiles pour tous vos besoins de travail en hauteur s\u00e9curis\u00e9. Nos solutions sur mesure s\u2019adaptent aux secteurs ferroviaire, a\u00e9ronautique, \u00e9nergie renouvelable et construction de [&hellip;]<\/p>\n","protected":false},"author":1,"featured_media":0,"parent":0,"menu_order":0,"comment_status":"closed","ping_status":"closed","template":"page-templates\/pagebuilder.php","meta":{"inline_featured_image":false,"footnotes":""},"class_list":["post-85","page","type-page","status-publish","hentry"],"rttpg_featured_image_url":null,"rttpg_author":{"display_name":"crealogica","author_link":"https:\/\/www.esla.eu\/fr\/author\/crealogica\/"},"rttpg_comment":0,"rttpg_category":"","rttpg_excerpt":"ESLAEuropeanSpecial Ladders Engineering at height since 2000 \u00c9chelles, Escaliers et \u00c9chafaudages Industriels sur Mesure Nous concevons et fabriquons des \u00e9chafaudages roulants, escaliers industriels en aluminium, \u00e9chelles \u00e0 crinoline et plateformes \u00e9l\u00e9vatrices mobiles pour tous vos besoins de travail en hauteur s\u00e9curis\u00e9. Nos solutions sur mesure s\u2019adaptent aux secteurs ferroviaire, a\u00e9ronautique, \u00e9nergie renouvelable et construction de\u2026","_links":{"self":[{"href":"https:\/\/www.esla.eu\/fr\/wp-json\/wp\/v2\/pages\/85","targetHints":{"allow":["GET"]}}],"collection":[{"href":"https:\/\/www.esla.eu\/fr\/wp-json\/wp\/v2\/pages"}],"about":[{"href":"https:\/\/www.esla.eu\/fr\/wp-json\/wp\/v2\/types\/page"}],"author":[{"embeddable":true,"href":"https:\/\/www.esla.eu\/fr\/wp-json\/wp\/v2\/users\/1"}],"replies":[{"embeddable":true,"href":"https:\/\/www.esla.eu\/fr\/wp-json\/wp\/v2\/comments?post=85"}],"version-history":[{"count":41,"href":"https:\/\/www.esla.eu\/fr\/wp-json\/wp\/v2\/pages\/85\/revisions"}],"predecessor-version":[{"id":15036,"href":"https:\/\/www.esla.eu\/fr\/wp-json\/wp\/v2\/pages\/85\/revisions\/15036"}],"wp:attachment":[{"href":"https:\/\/www.esla.eu\/fr\/wp-json\/wp\/v2\/media?parent=85"}],"curies":[{"name":"wp","href":"https:\/\/api.w.org\/{rel}","templated":true}]}}